{"id":7,"date":"2025-09-18T16:25:54","date_gmt":"2025-09-18T14:25:54","guid":{"rendered":"https:\/\/mellycox.de\/leichte-sprache\/?page_id=7"},"modified":"2026-02-17T18:45:09","modified_gmt":"2026-02-17T17:45:09","slug":"datenschutzerklaerung","status":"publish","type":"page","link":"https:\/\/mellycox.de\/leichte-sprache\/datenschutzerklaerung\/","title":{"rendered":"Datenschutzerkl\u00e4rung"},"content":{"rendered":"\n<div class=\"wp-block-group is-layout-constrained wp-block-group-is-layout-constrained\">\n<div style=\"height:200px\" aria-hidden=\"true\" class=\"wp-block-spacer\"><\/div>\n\n\n\n<h1 class=\"wp-block-heading\">Datenschutzerkl\u00e4rung<\/h1>\n\n\n\n<div style=\"height:60px\" aria-hidden=\"true\" class=\"wp-block-spacer\"><\/div>\n\n\n\n<h2 class=\"wp-block-heading\">1. Datenschutz auf einen Blick Allgemeine Hinweise<\/h2>\n\n\n\n<p>Die folgenden Hinweise geben einen einfachen \u00dcberblick dar\u00fcber, was mit Ihren personenbezogenen Daten passiert, wenn Sie diese Website besuchen. Personenbezogene Daten sind alle Daten, mit denen Sie pers\u00f6nlich identifiziert werden k\u00f6nnen. Ausf\u00fchrliche Informationen zum Thema Datenschutz entnehmen Sie unserer unter diesem Text aufgef\u00fchrten Datenschutzerkl\u00e4rung.<\/p>\n\n\n\n<h3 class=\"wp-block-heading\">Datenerfassung auf dieser Website<br>Wer ist verantwortlich f\u00fcr die Datenerfassung auf dieser Website?<\/h3>\n\n\n\n<p>Die Datenverarbeitung auf dieser Website erfolgt durch den Websitebetreiber. Dessen Kontaktdaten k\u00f6nnen Sie dem Abschnitt \u201eHinweis zur Verantwortlichen Stelle\u201c in dieser Datenschutzerkl\u00e4rung entnehmen.<\/p>\n\n\n\n<h3 class=\"wp-block-heading\">Wie erfassen wir Ihre Daten?<\/h3>\n\n\n\n<p>Ihre Daten werden zum einen dadurch erhoben, dass Sie uns diese mitteilen. Hierbei kann es sich z. B. um Daten handeln, die Sie in ein Kontaktformular eingeben.<\/p>\n\n\n\n<p>Andere Daten werden automatisch oder nach Ihrer Einwilligung beim Besuch der Website durch unsere IT- Systeme erfasst. Das sind vor allem technische Daten (z. B. Internetbrowser, Betriebssystem oder Uhrzeit des Seitenaufrufs). Die Erfassung dieser Daten erfolgt automatisch, sobald Sie diese Website betreten.<\/p>\n\n\n\n<h3 class=\"wp-block-heading\">Wof\u00fcr nutzen wir Ihre Daten?<\/h3>\n\n\n\n<p>Ein Teil der Daten wird erhoben, um eine fehlerfreie Bereitstellung der Website zu gew\u00e4hrleisten. Andere Daten k\u00f6nnen zur Analyse Ihres Nutzerverhaltens verwendet werden.<\/p>\n\n\n\n<h3 class=\"wp-block-heading\">Welche Rechte haben Sie bez\u00fcglich Ihrer Daten?<\/h3>\n\n\n\n<p>Sie haben jederzeit das Recht, unentgeltlich Auskunft \u00fcber Herkunft, Empf\u00e4nger und Zweck Ihrer<\/p>\n\n\n\n<p>gespeicherten personenbezogenen Daten zu erhalten. Sie haben au\u00dferdem ein Recht, die Berichtigung oder L\u00f6schung dieser Daten zu verlangen. Wenn Sie eine Einwilligung zur Datenverarbeitung erteilt haben, k\u00f6nnen Sie diese Einwilligung jederzeit f\u00fcr die Zukunft widerrufen. Au\u00dferdem haben Sie das Recht, unter bestimmten Umst\u00e4nden die Einschr\u00e4nkung der Verarbeitung Ihrer personenbezogenen Daten zu verlangen. Des Weiteren steht Ihnen ein Beschwerderecht bei der zust\u00e4ndigen Aufsichtsbeh\u00f6rde zu.<\/p>\n\n\n\n<p>Hierzu sowie zu weiteren Fragen zum Thema Datenschutz k\u00f6nnen Sie sich jederzeit an uns wenden.<\/p>\n\n\n\n<h2 class=\"wp-block-heading\">2. Hosting und Content Delivery Networks (CDN)&nbsp;Externes Hosting<\/h2>\n\n\n\n<p>Anbieter ist die webgo GmbH, Heidenkampsweg 81, 20097, Hamburg (nachfolgend \u201ewebgo\u201c) Wenn Sie unsere Website besuchen, erfasst webgo verschiedene Logfiles inklusive Ihrer IP-Adressen.<\/p>\n\n\n\n<p>Details entnehmen Sie der Datenschutzerkl\u00e4rung von webgo:&nbsp;<a href=\"https:\/\/www.webgo.de\/datenschutz\/\">https:\/\/www.webgo.de\/datenschutz\/<\/a>.<\/p>\n\n\n\n<p>Die Verwendung von webgo erfolgt auf Grundlage von Art. 6 Abs. 1 lit. f DSGVO. Ich haben ein berechtigtes Interesse an einer m\u00f6glichst zuverl\u00e4ssigen Darstellung meiner Website. Sofern eine entsprechende Einwilligung abgefragt wurde, erfolgt die Verarbeitung ausschlie\u00dflich auf Grundlage von Art. 6 Abs. 1 lit. a DSGVO und \u00a7 25 Abs. 1 TTDSG, soweit die Einwilligung die Speicherung von Cookies oder den Zugriff auf Informationen im Endger\u00e4t des Nutzers (z. B. f\u00fcr Device-Fingerprinting) im Sinne des TTDSG umfasst. Die Einwilligung ist jederzeit widerrufbar.<\/p>\n\n\n\n<h3 class=\"wp-block-heading\">Abschluss eines Vertrages \u00fcber Auftragsverarbeitung<\/h3>\n\n\n\n<p>Wir haben einen Vertrag \u00fcber Auftragsverarbeitung (AVV) mit dem oben genannten Anbieter geschlossen. Hierbei handelt es sich um einen datenschutzrechtlich vorgeschriebenen Vertrag, der gew\u00e4hrleistet, dass dieser die personenbezogenen Daten unserer Websitebesucher nur nach unseren Weisungen und unter Einhaltung der DSGVO verarbeitet.<\/p>\n\n\n\n<h2 class=\"wp-block-heading\">3. Allgemeine Hinweise und Pflichtinformationen&nbsp;<strong>Datenschutz<\/strong><\/h2>\n\n\n\n<p>Die Betreiber dieser Seiten nehmen den Schutz Ihrer pers\u00f6nlichen Daten sehr ernst. Wir behandeln Ihre personenbezogenen Daten vertraulich und entsprechend der gesetzlichen Datenschutzvorschriften sowie dieser Datenschutzerkl\u00e4rung.<\/p>\n\n\n\n<p>Wenn Sie diese Website benutzen, werden verschiedene personenbezogene Daten erhoben. Personenbezogene Daten sind Daten, mit denen Sie pers\u00f6nlich identifiziert werden k\u00f6nnen. Die vorliegende Datenschutzerkl\u00e4rung erl\u00e4utert, welche Daten wir erheben und wof\u00fcr wir sie nutzen. Sie erl\u00e4utert auch, wie und zu welchem Zweck das geschieht.<\/p>\n\n\n\n<p>Wir weisen darauf hin, dass die Daten\u00fcbertragung im Internet (z. B. bei der Kommunikation per E-Mail) Sicherheitsl\u00fccken aufweisen kann. Ein l\u00fcckenloser Schutz der Daten vor dem Zugriff durch Dritte ist nicht m\u00f6glich.<\/p>\n\n\n\n<h3 class=\"wp-block-heading\">Hinweis zur verantwortlichen Stelle<\/h3>\n\n\n\n<p>Die verantwortliche Stelle f\u00fcr die Datenverarbeitung auf dieser Website ist:<\/p>\n\n\n\n<p>MellyCox GmbH &amp; Co KG, Engersche Stra\u00dfe 333, 33729 Bielefeld, Telefon: 0521 98832730, E-Mail:&nbsp;<a href=\"mailto:info@mellycox.de\">info@mellycox.de<\/a><\/p>\n\n\n\n<p>Verantwortliche Stelle ist die nat\u00fcrliche oder juristische Person, die allein oder gemeinsam mit anderen \u00fcber die Zwecke und Mittel der Verarbeitung von personenbezogenen Daten (z. B. Namen, E-Mail-Adressen o. \u00c4.) entscheidet.<\/p>\n\n\n\n<h3 class=\"wp-block-heading\">Speicherdauer<\/h3>\n\n\n\n<p>Soweit innerhalb dieser Datenschutzerkl\u00e4rung keine speziellere Speicherdauer genannt wurde, verbleiben Ihre personenbezogenen Daten bei uns, bis der Zweck f\u00fcr die Datenverarbeitung entf\u00e4llt. Wenn Sie ein berechtigtes L\u00f6schersuchen geltend machen oder eine Einwilligung zur Datenverarbeitung widerrufen, werden Ihre Daten gel\u00f6scht, sofern wir keine anderen rechtlich zul\u00e4ssigen Gr\u00fcnde f\u00fcr die Speicherung Ihrer personenbezogenen Daten haben (z.B. steuer- oder handelsrechtliche Aufbewahrungsfristen); im letztgenannten Fall erfolgt die L\u00f6schung nach Fortfall dieser Gr\u00fcnde.<\/p>\n\n\n\n<h3 class=\"wp-block-heading\">Hinweis zur Datenweitergabe in die USA und sonstige Drittstaaten<\/h3>\n\n\n\n<p>Auf unserer Website sind unter anderem Tools von Unternehmen mit Sitz in den USA oder sonstigen datenschutzrechtlich nicht sicheren Drittstaaten eingebunden. Wenn diese Tools aktiv sind, k\u00f6nnen Ihre personenbezogene Daten in diese Drittstaaten \u00fcbertragen und dort verarbeitet werden. Wir weisen darauf hin, dass in diesen L\u00e4ndern kein mit der EU vergleichbares Datenschutzniveau garantiert werden kann. Beispielsweise sind US-Unternehmen dazu verpflichtet, personenbezogene Daten an Sicherheitsbeh\u00f6rden herauszugeben, ohne dass Sie als Betroffener hiergegen gerichtlich vorgehen k\u00f6nnten. Es kann daher nicht ausgeschlossen werden, dass US-Beh\u00f6rden (z.B. Geheimdienste) Ihre auf US-Servern befindlichen Daten zu \u00dcberwachungszwecken verarbeiten, auswerten und dauerhaft speichern. Wir haben auf diese Verarbeitungst\u00e4tigkeiten keinen Einfluss.<\/p>\n\n\n\n<h3 class=\"wp-block-heading\">Widerruf Ihrer Einwilligung zur Datenverarbeitung<\/h3>\n\n\n\n<p>Viele Datenverarbeitungsvorg\u00e4nge sind nur mit Ihrer ausdr\u00fccklichen Einwilligung m\u00f6glich. Sie k\u00f6nnen eine bereits erteilte Einwilligung jederzeit widerrufen. Die Rechtm\u00e4\u00dfigkeit der bis zum Widerruf erfolgten Datenverarbeitung bleibt vom Widerruf unber\u00fchrt.<\/p>\n\n\n\n<h3 class=\"wp-block-heading\">Widerspruchsrecht gegen die Datenerhebung in besonderen F\u00e4llen sowie gegen Direktwerbung (Art. 21 DSGVO)<\/h3>\n\n\n\n<p>WENN DIE DATENVERARBEITUNG AUF GRUNDLAGE VON ART. 6 ABS. 1 LIT. E ODER F DSGVO ERFOLGT, HABEN SIE JEDERZEIT DAS RECHT, AUS GR\u00dcNDEN, DIE SICH AUS IHRER BESONDEREN SITUATION ERGEBEN, GEGEN DIE VERARBEITUNG IHRER PERSONENBEZOGENEN DATEN WIDERSPRUCH EINZULEGEN; DIES GILT AUCH F\u00dcR EIN AUF DIESE BESTIMMUNGEN GEST\u00dcTZTES PROFILING. DIE JEWEILIGE RECHTSGRUNDLAGE, AUF DENEN EINE VERARBEITUNG BERUHT,<\/p>\n\n\n\n<p>ENTNEHMEN SIE DIESER DATENSCHUTZERKL\u00c4RUNG. WENN SIE WIDERSPRUCH EINLEGEN, WERDEN WIR IHRE BETROFFENEN PERSONENBEZOGENEN DATEN NICHT MEHR VERARBEITEN, ES SEI DENN, WIR K\u00d6NNEN ZWINGENDE SCHUTZW\u00dcRDIGE GR\u00dcNDE F\u00dcR DIE VERARBEITUNG NACHWEISEN, DIE IHRE INTERESSEN, RECHTE UND FREIHEITEN \u00dcBERWIEGEN ODER DIE VERARBEITUNG DIENT DER GELTENDMACHUNG, AUS\u00dcBUNG ODER VERTEIDIGUNG VON RECHTSANSPR\u00dcCHEN (WIDERSPRUCH NACH ART. 21 ABS. 1 DSGVO).<\/p>\n\n\n\n<p>WERDEN IHRE PERSONENBEZOGENEN DATEN VERARBEITET, UM DIREKTWERBUNG ZU BETREIBEN, SO HABEN SIE DAS RECHT, JEDERZEIT WIDERSPRUCH GEGEN DIE VERARBEITUNG SIE BETREFFENDER PERSONENBEZOGENER DATEN ZUM ZWECKE DERARTIGER WERBUNG EINZULEGEN; DIES GILT AUCH F\u00dcR DAS PROFILING, SOWEIT ES MIT SOLCHER DIREKTWERBUNG IN VERBINDUNG STEHT. WENN SIE WIDERSPRECHEN, WERDEN IHRE PERSONENBEZOGENEN DATEN ANSCHLIESSEND NICHT MEHR ZUM ZWECKE DER DIREKTWERBUNG VERWENDET (WIDERSPRUCH NACH ART. 21 ABS. 2 DSGVO).<\/p>\n\n\n\n<h3 class=\"wp-block-heading\">Beschwerderecht bei der zust\u00e4ndigen Aufsichtsbeh\u00f6rde<\/h3>\n\n\n\n<p>Im Falle von Verst\u00f6\u00dfen gegen die DSGVO steht den Betroffenen ein Beschwerderecht bei einer Aufsichtsbeh\u00f6rde, insbesondere in dem Mitgliedstaat ihres gew\u00f6hnlichen Aufenthalts, ihres Arbeitsplatzes oder des Orts des mutma\u00dflichen Versto\u00dfes zu. Das Beschwerderecht besteht unbeschadet anderweitiger verwaltungsrechtlicher oder gerichtlicher Rechtsbehelfe.<\/p>\n\n\n\n<h3 class=\"wp-block-heading\">Recht auf Daten\u00fcbertragbarkeit<\/h3>\n\n\n\n<p>Sie haben das Recht, Daten, die wir auf Grundlage Ihrer Einwilligung oder in Erf\u00fcllung eines Vertrags automatisiert verarbeiten, an sich oder an einen Dritten in einem g\u00e4ngigen, maschinenlesbaren Format aush\u00e4ndigen zu lassen. Sofern Sie die direkte \u00dcbertragung der Daten an einen anderen Verantwortlichen verlangen, erfolgt dies nur, soweit es technisch machbar ist.<\/p>\n\n\n\n<h3 class=\"wp-block-heading\">SSL- bzw. TLS-Verschl\u00fcsselung<\/h3>\n\n\n\n<p>Diese Seite nutzt aus Sicherheitsgr\u00fcnden und zum Schutz der \u00dcbertragung vertraulicher Inhalte, wie zum Beispiel Bestellungen oder Anfragen, die Sie an uns als Seitenbetreiber senden, eine SSL- bzw. TLS- Verschl\u00fcsselung. Eine verschl\u00fcsselte Verbindung erkennen Sie daran, dass die Adresszeile des Browsers von \u201ehttp:\/\/\u201c auf \u201ehttps:\/\/\u201c wechselt und an dem Schloss-Symbol in Ihrer Browserzeile.<\/p>\n\n\n\n<p>Wenn die SSL- bzw. TLS-Verschl\u00fcsselung aktiviert ist, k\u00f6nnen die Daten, die Sie an uns \u00fcbermitteln, nicht von Dritten mitgelesen werden.<\/p>\n\n\n\n<h3 class=\"wp-block-heading\">Auskunft, L\u00f6schung und Berichtigung<\/h3>\n\n\n\n<p>Sie haben im Rahmen der geltenden gesetzlichen Bestimmungen jederzeit das Recht auf unentgeltliche Auskunft \u00fcber Ihre gespeicherten personenbezogenen Daten, deren Herkunft und Empf\u00e4nger und den Zweck der Datenverarbeitung und ggf. ein Recht auf Berichtigung oder L\u00f6schung dieser Daten. Hierzu sowie zu weiteren Fragen zum Thema personenbezogene Daten k\u00f6nnen Sie sich jederzeit an uns wenden.<\/p>\n\n\n\n<h3 class=\"wp-block-heading\">Recht auf Einschr\u00e4nkung der Verarbeitung<\/h3>\n\n\n\n<p>Sie haben das Recht, die Einschr\u00e4nkung der Verarbeitung Ihrer personenbezogenen Daten zu verlangen. Hierzu k\u00f6nnen Sie sich jederzeit an uns wenden. Das Recht auf Einschr\u00e4nkung der Verarbeitung besteht in folgenden F\u00e4llen:<\/p>\n\n\n\n<p>Wenn Sie die Richtigkeit Ihrer bei uns gespeicherten personenbezogenen Daten bestreiten, ben\u00f6tigen wir in der Regel Zeit, um dies zu \u00fcberpr\u00fcfen. F\u00fcr die Dauer der Pr\u00fcfung haben Sie das Recht, die<\/p>\n\n\n\n<p>Einschr\u00e4nkung der Verarbeitung Ihrer personenbezogenen Daten zu verlangen.<br>Wenn die Verarbeitung Ihrer personenbezogenen Daten unrechtm\u00e4\u00dfig geschah\/geschieht, k\u00f6nnen Sie statt der L\u00f6schung die Einschr\u00e4nkung der Datenverarbeitung verlangen.<br>Wenn wir Ihre personenbezogenen Daten nicht mehr ben\u00f6tigen, Sie sie jedoch zur Aus\u00fcbung, Verteidigung oder Geltendmachung von Rechtsanspr\u00fcchen ben\u00f6tigen, haben Sie das Recht, statt der L\u00f6schung die Einschr\u00e4nkung der Verarbeitung Ihrer personenbezogenen Daten zu verlangen.<br>Wenn Sie einen Widerspruch nach Art. 21 Abs. 1 DSGVO eingelegt haben, muss eine Abw\u00e4gung zwischen Ihren und unseren Interessen vorgenommen werden. Solange noch nicht feststeht, wessen Interessen \u00fcberwiegen, haben Sie das Recht, die Einschr\u00e4nkung der Verarbeitung Ihrer personenbezogenen Daten zu verlangen.<\/p>\n\n\n\n<p>Wenn Sie die Verarbeitung Ihrer personenbezogenen Daten eingeschr\u00e4nkt haben, d\u00fcrfen diese Daten \u2013 von ihrer Speicherung abgesehen \u2013 nur mit Ihrer Einwilligung oder zur Geltendmachung, Aus\u00fcbung oder Verteidigung von Rechtsanspr\u00fcchen oder zum Schutz der Rechte einer anderen nat\u00fcrlichen oder juristischen Person oder aus Gr\u00fcnden eines wichtigen \u00f6ffentlichen Interesses der Europ\u00e4ischen Union oder eines Mitgliedstaats verarbeitet werden.<\/p>\n\n\n\n<h3 class=\"wp-block-heading\">4. Datenerfassung auf dieser Website Kontaktformular<\/h3>\n\n\n\n<p>Wenn Sie uns per Kontaktformular Anfragen zukommen lassen, werden Ihre Angaben aus dem Anfrageformular inklusive der von Ihnen dort angegebenen Kontaktdaten zwecks Bearbeitung der Anfrage und f\u00fcr den Fall von Anschlussfragen bei uns gespeichert. Diese Daten geben wir nicht ohne Ihre Einwilligung weiter.<\/p>\n\n\n\n<p>Die Verarbeitung dieser Daten erfolgt auf Grundlage von Art. 6 Abs. 1 lit. b DSGVO, sofern Ihre Anfrage mit der Erf\u00fcllung eines Vertrags zusammenh\u00e4ngt oder zur Durchf\u00fchrung vorvertraglicher Ma\u00dfnahmen erforderlich ist. In allen \u00fcbrigen F\u00e4llen beruht die Verarbeitung auf unserem berechtigten Interesse an der effektiven Bearbeitung der an uns gerichteten Anfragen (Art. 6 Abs. 1 lit. f DSGVO) oder auf Ihrer Einwilligung (Art. 6 Abs. 1 lit. a DSGVO) sofern diese abgefragt wurde.<\/p>\n\n\n\n<p>Die von Ihnen im Kontaktformular eingegebenen Daten verbleiben bei uns, bis Sie uns zur L\u00f6schung auffordern, Ihre Einwilligung zur Speicherung widerrufen oder der Zweck f\u00fcr die Datenspeicherung entf\u00e4llt (z. B. nach abgeschlossener Bearbeitung Ihrer Anfrage). Zwingende gesetzliche Bestimmungen \u2013 insbesondere Aufbewahrungsfristen \u2013 bleiben unber\u00fchrt.<\/p>\n\n\n\n<h3 class=\"wp-block-heading\">Anfrage per E-Mail, Telefon oder Telefax<\/h3>\n\n\n\n<p>Wenn Sie uns per E-Mail, Telefon oder Telefax kontaktieren, wird Ihre Anfrage inklusive aller daraus hervorgehenden personenbezogenen Daten (Name, Anfrage) zum Zwecke der Bearbeitung Ihres Anliegens bei uns gespeichert und verarbeitet. Diese Daten geben wir nicht ohne Ihre Einwilligung weiter.<\/p>\n\n\n\n<p>Die Verarbeitung dieser Daten erfolgt auf Grundlage von Art. 6 Abs. 1 lit. b DSGVO, sofern Ihre Anfrage mit der Erf\u00fcllung eines Vertrags zusammenh\u00e4ngt oder zur Durchf\u00fchrung vorvertraglicher Ma\u00dfnahmen erforderlich ist. In allen \u00fcbrigen F\u00e4llen beruht die Verarbeitung auf unserem berechtigten Interesse an der effektiven Bearbeitung der an uns gerichteten Anfragen (Art. 6 Abs. 1 lit. f DSGVO) oder auf Ihrer Einwilligung (Art. 6 Abs. 1 lit. a DSGVO) sofern diese abgefragt wurde.<\/p>\n\n\n\n<p>Die von Ihnen an uns per Kontaktanfragen \u00fcbersandten Daten verbleiben bei uns, bis Sie uns zur L\u00f6schung auffordern, Ihre Einwilligung zur Speicherung widerrufen oder der Zweck f\u00fcr die Datenspeicherung entf\u00e4llt (z. B. nach abgeschlossener Bearbeitung Ihres Anliegens). Zwingende gesetzliche Bestimmungen \u2013 insbesondere gesetzliche Aufbewahrungsfristen \u2013 bleiben unber\u00fchrt.<\/p>\n\n\n\n<h2 class=\"wp-block-heading\">Information zur Verarbeitung von personenbezogenen Daten im Bewerbermanagement<\/h2>\n\n\n\n<p>Informationen zum Umgang mit Ihren Daten und Rechten nach Art. 13, 14 und 16-21 der Europ\u00e4ischen Datenschutz-Grundverordnung (DS-GVO).<\/p>\n\n\n\n<p>Hiermit informieren wir Sie \u00fcber die Verarbeitung Ihrer personenbezogenen Daten durch uns und die Ihnen nach der Europ\u00e4ischen Datenschutz-Grundverordnung (DS-GVO), dem Bundesdatenschutzgesetz (BDSG), den ggf. einschl\u00e4gigen landesrechtlichen sowie sonstigen datenschutzrechtlichen Regelungen zustehenden Rechte.<\/p>\n\n\n\n<h4 class=\"wp-block-heading\">Wer ist der Verantwortliche f\u00fcr die Verarbeitung und wie kann ich diesen erreichen?<\/h4>\n\n\n\n<p>MellyCox GmbH &amp; Co KG<br>Engersche Stra\u00dfe 333<br>33729 Bielefeld<\/p>\n\n\n\n<p>Telefon: 0521 98832730<br>E-Mail:&nbsp;<a href=\"mailto:info@mellycox.de\">personal@mellycox.de<\/a><\/p>\n\n\n\n<h4 class=\"wp-block-heading\">Welche personenbezogenen Daten werden verarbeitet, f\u00fcr welche Zwecke und nach welcher Rechtsgrundlage findet die Verarbeitung statt?<\/h4>\n\n\n\n<p>Zu den verarbeiteten Kategorien personenbezogener Daten geh\u00f6ren insbesondere Geschlecht, Vorname, Nachname, Namenszus\u00e4tze, Geburtsdatum, Staatsangeh\u00f6rigkeit, Kontaktdaten (etwa private Anschrift, (Mobil-)Telefonnummer, E-Mail-Adresse), die bei der Nutzung der IT-Systeme anfallenden Protokolldaten sowie weitere Daten aus dem Bewerbermanagement (z. B. Lebenslauf, Daten zur Ausbildung, Daten zur Schwerbehinderung, F\u00e4higkeiten und Kompetenzen).<br>Die von Ihnen \u00fcbermittelten personenbezogenen Daten werden zum Zweck der Entscheidung \u00fcber die Begr\u00fcndung eines Besch\u00e4ftigungsverh\u00e4ltnisses gem\u00e4\u00df Art. 88 Abs. 1 DSGVO i. V. m. \u00a7 26 Abs. 1 Bundesdatenschutzgesetz und \u00a7 6 Abs. 1 lit. b erhoben, verarbeitet und genutzt. Die Bereitstellung Ihrer personenbezogenen Daten ist f\u00fcr die Abwicklung des Bewerbungsprozesses und zur Entscheidung \u00fcber eine Begr\u00fcndung eines Besch\u00e4ftigungsverh\u00e4ltnisses notwendig.<br>Zum anderen verarbeiten wir personenbezogene Daten nur, soweit wie diese zul\u00e4ssigerweise<\/p>\n\n\n\n<ul class=\"wp-block-list\">\n<li>Von Dritten (z.B. Personalvermittlern) erhalten oder<\/li>\n\n\n\n<li>aus \u00f6ffentlichen zug\u00e4nglichen Quellen (z.B. beruflichen sozialen Netzwerken oder Suchmaschinen) gewonnen haben.<\/li>\n<\/ul>\n\n\n\n<h4 class=\"wp-block-heading\">Dauer der Speicherung der personenbezogenen Daten<\/h4>\n\n\n\n<p>Ihre Bewerbungsunterlagen werden bei uns f\u00fcr die Dauer des Bewerberverfahrens gespeichert und dar\u00fcber hinaus f\u00fcr 3 Monate aufbewahrt, um eventuelle Fragen durch Sie beantworten zu k\u00f6nnen. Nach Ablauf dieser Zeit werden die Unterlagen gel\u00f6scht. Bei postalisch eingesandten Unterlagen werden diese nach Ablauf der 3 Monate zur\u00fcckgesendet oder vernichtet. Die Aufbewahrungszeit richtet sich nach der Klagem\u00f6glichkeit nach \u00a715 Allgemeines Gleichstellungsgesetz (AGG) und den damit verbundenen Einspruchsfristen. Eine l\u00e4ngere Aufbewahrung Ihrer Daten ist nur mit Ihrer ausdr\u00fccklichen Zustimmung m\u00f6glich.<\/p>\n\n\n\n<h4 class=\"wp-block-heading\">Berechtigte Interessen<\/h4>\n\n\n\n<p>F\u00fcr die Bereitstellung und Wartung unserer Hard- und Software sowie die Datentr\u00e4gervernichtung sind wir auf den Einsatz von Dienstleistern angewiesen, die wir \u00fcber eine Auftragsverarbeitung auf die Einhaltung der gesetzlichen Vorgaben verpflichten.<\/p>\n\n\n\n<h4 class=\"wp-block-heading\">Pflicht der Bereitstellung der Daten<\/h4>\n\n\n\n<p>Ob die Bereitstellung der personenbezogenen Daten gesetzlich oder vertraglich vorgeschrieben oder f\u00fcr einen Vertragsabschluss erforderlich ist, ob die betroffene Person verpflichtet ist, die personenbezogenen Daten bereitzustellen, und welche m\u00f6glichen Folgen die Nichtbereitstellung h\u00e4tte?<br>Bei Nichtbereitstellung ist es uns leider nicht m\u00f6glich, Sie bei der Auswahl zur Besetzung der ausgeschriebenen Stelle zu ber\u00fccksichtigen. Eine automatisierte Entscheidungsfindung wird nicht vorgenommen.<\/p>\n\n\n\n<h4 class=\"wp-block-heading\">Werden die Daten \u00fcbermittelt und wer sind Empf\u00e4nger oder Kategorien von Empf\u00e4ngern?<\/h4>\n\n\n\n<p>Eine Weitergabe Ihrer personenbezogenen Daten ohne Einwilligung an externe Dritte erfolgt grunds\u00e4tzlich nicht. Zur Beurteilung Ihrer Unterlagen werden diese an die zust\u00e4ndigen Ansprechpartner der jeweiligen Fachabteilung weitergeleitet, f\u00fcr welche die Bewerbung bestimmt ist.<\/p>\n\n\n\n<h4 class=\"wp-block-heading\">Werden die an ein Drittland oder eine internationale Organisation \u00fcbermittelt, gibt es geeignete Garantien f\u00fcr die \u00dcbermittlung und wo kann ich angemessene Garantie einsehen bzw. eine Kopie erhalten?<\/h4>\n\n\n\n<p>Es werden keine Daten \u00fcbermittelt.<\/p>\n\n\n\n<h4 class=\"wp-block-heading\">Was sind meine Rechte, die ich als betroffene Person habe?<\/h4>\n\n\n\n<p>Auskunftsanspruch, Berichtigung, L\u00f6schung, Einschr\u00e4nkung der Verarbeitung (Sperrung), Widerspruchsrecht und Daten\u00fcbertragbarkeit, Widerruf der Einwilligung<\/p>\n\n\n\n<p>Sie haben das Recht auf Auskunft \u00fcber die Verarbeitung der Sie betreffenden Daten beim Verantwortlichen.<\/p>\n\n\n\n<p>Sie haben das Recht auf Berichtigung oder L\u00f6schung Ihrer personenbezogenen Daten oder auf eine Einschr\u00e4nkung der Verarbeitung.<\/p>\n\n\n\n<p>Wenn eine Verarbeitung auf Grundlage eines berechtigten Interesses erfolgt, k\u00f6nnen Sie aus Gr\u00fcnden, die sich aus ihrer besonderen Situation ergeben, jederzeit Widerspruch einlegen.<\/p>\n\n\n\n<p>Sie haben das Recht auf Daten\u00fcbertragbarkeit der von Ihnen zur Verf\u00fcgung gestellten Daten.<\/p>\n\n\n\n<p>Bei einer Einwilligung haben Sie das Recht, diese jederzeit zu widerrufen. Bis zum Widerruf bleibt die Rechtm\u00e4\u00dfigkeit der Verarbeitung aufgrund der Einwilligung unber\u00fchrt.<\/p>\n\n\n\n<p>Falls Sie Fragen zu Verarbeitung haben oder weitere Informationen ben\u00f6tigen, k\u00f6nnen Sie sich jederzeit an Pflegeteam 4 You GmbH, Apfelstra\u00dfe 75A, 33613 Bielefeld, Telefon: 0521 \u2013 120 100-0, E-Mail: personal@pflegeteam4you.de wenden.<\/p>\n\n\n\n<h4 class=\"wp-block-heading\">Beschwerderecht<\/h4>\n\n\n\n<p>Zudem haben Sie auch ein Beschwerderecht bei einer Aufsichtsbeh\u00f6rde f\u00fcr den Datenschutz.<\/p>\n\n\n\n<h2 class=\"wp-block-heading\">Einsatz von Cookies<\/h2>\n\n\n\n<p>Unsere Internetseiten verwenden so genannte \u201eCookies\u201c. Cookies sind kleine Datenpakete und richten auf Ihrem Endger\u00e4t keinen Schaden an. Sie werden entweder vor\u00fcbergehend f\u00fcr die Dauer einer Sitzung (Session-Cookies) oder dauerhaft (permanente Cookies) auf Ihrem Endger\u00e4t gespeichert. Session-Cookies werden nach Ende Ihres Besuchs automatisch gel\u00f6scht. Permanente Cookies bleiben auf Ihrem Endger\u00e4t gespeichert, bis Sie diese selbst l\u00f6schen oder eine automatische L\u00f6schung durch Ihren Webbrowser erfolgt.<\/p>\n\n\n\n<p>Cookies k\u00f6nnen von uns (First-Party-Cookies) oder von Drittunternehmen stammen (sog. Third-Party- Cookies). Third-Party-Cookies erm\u00f6glichen die Einbindung bestimmter Dienstleistungen von Drittunternehmen innerhalb von Webseiten (z. B. Cookies zur Abwicklung von Zahlungsdienstleistungen).<\/p>\n\n\n\n<p>Cookies haben verschiedene Funktionen. Zahlreiche Cookies sind technisch notwendig, da bestimmte Webseitenfunktionen ohne diese nicht funktionieren w\u00fcrden (z. B. die Warenkorbfunktion oder die Anzeige von Videos). Andere Cookies k\u00f6nnen zur Auswertung des Nutzerverhaltens oder zu Werbezwecken verwendet werden.<\/p>\n\n\n\n<p>Cookies, die zur Durchf\u00fchrung des elektronischen Kommunikationsvorgangs, zur Bereitstellung bestimmter, von Ihnen erw\u00fcnschter Funktionen (z. B. f\u00fcr die Warenkorbfunktion) oder zur Optimierung der Website (z. B. Cookies zur Messung des Webpublikums) erforderlich sind (notwendige Cookies), werden auf Grundlage von Art. 6 Abs. 1 lit. f DSGVO gespeichert, sofern keine andere Rechtsgrundlage angegeben wird. Der Websitebetreiber hat ein berechtigtes Interesse an der Speicherung von notwendigen Cookies zur technisch fehlerfreien und optimierten Bereitstellung seiner Dienste. Sofern eine Einwilligung zur Speicherung von Cookies und vergleichbaren Wiedererkennungstechnologien abgefragt wurde, erfolgt die Verarbeitung ausschlie\u00dflich auf Grundlage dieser Einwilligung (Art. 6 Abs. 1 lit. a DSGVO und \u00a7 25 Abs. 1 TTDSG); die Einwilligung ist jederzeit widerrufbar.<\/p>\n\n\n\n<p>Sie k\u00f6nnen Ihren Browser so einstellen, dass Sie \u00fcber das Setzen von Cookies informiert werden und Cookies nur im Einzelfall erlauben, die Annahme von Cookies f\u00fcr bestimmte F\u00e4lle oder generell ausschlie\u00dfen sowie das automatische L\u00f6schen der Cookies beim Schlie\u00dfen des Browsers aktivieren. Bei der Deaktivierung von Cookies kann die Funktionalit\u00e4t dieser Website eingeschr\u00e4nkt sein.<br>Welche Cookies und Dienste auf dieser Website eingesetzt werden, k\u00f6nnen Sie dieser Datenschutzerkl\u00e4rung entnehmen.<\/p>\n\n\n\n<h3 class=\"wp-block-heading\">Borlabs Cookie<\/h3>\n\n\n\n<p>Diese Website verwendet Borlabs Cookie, das ein technisch notwendiges Cookie (borlabs-cookie) setzt, um Ihre Cookie-Einwilligungen zu speichern.<br>Borlabs Cookie verarbeitet keinerlei personenbezogenen Daten.<br>Im Cookie&nbsp;borlabs-cookie werden Ihre Einwilligungen gespeichert, die Sie beim Betreten der Website gegeben haben. M\u00f6chten Sie diese Einwilligungen widerrufen, l\u00f6schen Sie einfach das Cookie in Ihrem Browser. Wenn Sie die Website neu betreten\/neu laden, werden Sie erneut nach Ihrer Cookie-Einwilligung gefragt.<\/p>\n\n\n\n<h2 class=\"wp-block-heading\">Kinder<\/h2>\n\n\n\n<p>Unser Angebot richtet sich grunds\u00e4tzlich an Erwachsene. Personen unter 18 Jahren sollten ohne Zustimmung der Eltern oder Erziehungsberechtigten keine personenbezogenen Daten an uns \u00fcbermitteln.<\/p>\n\n\n\n<h2 class=\"wp-block-heading\">Rechte der betroffenen Person<\/h2>\n\n\n\n<h3 class=\"wp-block-heading\">(1) Widerruf der Einwilligung<\/h3>\n\n\n\n<p>Sofern die Verarbeitung der personenbezogenen Daten auf einer erteilten Einwilligung beruht, haben Sie jederzeit das Recht, die Einwilligung zu widerrufen. Durch den Widerruf der Einwilligung wird die Rechtm\u00e4\u00dfigkeit der aufgrund der Einwilligung bis zum Widerruf erfolgten Verarbeitung nicht ber\u00fchrt. F\u00fcr die Aus\u00fcbung des Widerrufsrechts k\u00f6nnen Sie sich jederzeit an uns wenden.<\/p>\n\n\n\n<h3 class=\"wp-block-heading\">(2) Recht auf Best\u00e4tigung<\/h3>\n\n\n\n<p>Sie haben das Recht, von dem Verantwortlichen eine Best\u00e4tigung dar\u00fcber zu verlangen, ob wir sie betreffende personenbezogene Daten verarbeiten. Die Best\u00e4tigung k\u00f6nnen Sie jederzeit unter den oben genannten Kontaktdaten verlangen.<\/p>\n\n\n\n<h3 class=\"wp-block-heading\">(3) Auskunftsrecht<\/h3>\n\n\n\n<p>Sofern personenbezogene Daten verarbeitet werden, k\u00f6nnen Sie jederzeit Auskunft \u00fcber diese personenbezogenen Daten und \u00fcber folgenden Informationen verlangen:<\/p>\n\n\n\n<ul class=\"wp-block-list\">\n<li>die Verarbeitungszwecke;<\/li>\n\n\n\n<li>den Kategorien personenbezogener Daten, die verarbeitet werden;<\/li>\n\n\n\n<li>die Empf\u00e4nger oder Kategorien von Empf\u00e4ngern, gegen\u00fcber denen die personenbezogenen Daten offengelegt worden sind oder noch offengelegt werden, insbesondere bei Empf\u00e4ngern in Drittl\u00e4ndern oder bei internationalen Organisationen;<\/li>\n\n\n\n<li>falls m\u00f6glich, die geplante Dauer, f\u00fcr die die personenbezogenen Daten gespeichert werden, oder, falls dies nicht m\u00f6glich ist, die Kriterien f\u00fcr die Festlegung dieser Dauer;<\/li>\n\n\n\n<li>das Bestehen eines Rechts auf Berichtigung oder L\u00f6schung der Sie betreffenden personenbezogenen Daten oder auf Einschr\u00e4nkung der Verarbeitung durch den Verantwortlichen oder eines Widerspruchsrechts gegen diese Verarbeitung;<\/li>\n\n\n\n<li>das Bestehen eines Beschwerderechts bei einer Aufsichtsbeh\u00f6rde;<\/li>\n\n\n\n<li>wenn die personenbezogenen Daten nicht bei der betroffenen Person erhoben werden, alle verf\u00fcgbaren Informationen \u00fcber die Herkunft der Daten;<\/li>\n\n\n\n<li>das Bestehen einer automatisierten Entscheidungsfindung einschlie\u00dflich Profiling gem\u00e4\u00df Artikel 22 Abs\u00e4tze 1 und 4 DSGVO und \u2013 zumindest in diesen F\u00e4llen \u2013 aussagekr\u00e4ftige Informationen \u00fcber die involvierte Logik sowie die Tragweite und die angestrebten Auswirkungen einer derartigen Verarbeitung f\u00fcr die betroffene Person<\/li>\n<\/ul>\n\n\n\n<p>Werden personenbezogene Daten an ein Drittland oder an eine internationale Organisation \u00fcbermittelt, so haben Sie das Recht, \u00fcber die geeigneten Garantien gem\u00e4\u00df Artikel 46 DSGVO im Zusammenhang mit der \u00dcbermittlung unterrichtet zu werden. Wir stellen eine Kopie der personenbezogenen Daten, die Gegenstand der Verarbeitung sind, zur Verf\u00fcgung. F\u00fcr alle weiteren Kopien, die Sie Person beantragen, k\u00f6nnen wir ein angemessenes Entgelt auf der Grundlage der Verwaltungskosten verlangen. Stellen Sie den Antrag elektronisch, so sind die Informationen in einem g\u00e4ngigen elektronischen Format zur Verf\u00fcgung zu stellen, sofern er nichts anderes angibt. Das Recht auf Erhalt einer Kopie gem\u00e4\u00df Absatz 3 darf die Rechte und Freiheiten anderer Personen nicht beeintr\u00e4chtigen.<\/p>\n\n\n\n<h3 class=\"wp-block-heading\">(4) Recht auf Berichtigung<\/h3>\n\n\n\n<p>Sie haben das Recht, von uns unverz\u00fcglich die Berichtigung Sie betreffender unrichtiger personenbezogener Daten zu verlangen. Unter Ber\u00fccksichtigung der Zwecke der Verarbeitung haben Sie das Recht, die Vervollst\u00e4ndigung unvollst\u00e4ndiger personenbezogener Daten \u2013 auch mittels einer erg\u00e4nzenden Erkl\u00e4rung \u2013 zu verlangen.<\/p>\n\n\n\n<h3 class=\"wp-block-heading\">(5) Recht auf L\u00f6schung (\u201eRecht auf vergessen werden\u201c)<\/h3>\n\n\n\n<p>Sie haben das Recht, von dem Verantwortlichen zu verlangen, dass Sie betreffende personenbezogene Daten unverz\u00fcglich gel\u00f6scht werden, und wir sind verpflichtet, personenbezogene Daten unverz\u00fcglich zu l\u00f6schen, sofern einer der folgenden Gr\u00fcnde zutrifft:<\/p>\n\n\n\n<ul class=\"wp-block-list\">\n<li>Die personenbezogenen Daten sind f\u00fcr die Zwecke, f\u00fcr die sie erhoben oder auf sonstige Weise verarbeitet wurden, nicht mehr notwendig.<\/li>\n\n\n\n<li>Die betroffene Person widerruft ihre Einwilligung, auf die sich die Verarbeitung gem\u00e4\u00df Artikel 6 Absatz 1 Buchstabe a oder Artikel 9 Absatz 2 Buchstabe a DSGVO st\u00fctzte, und es fehlt an einer anderweitigen Rechtsgrundlage f\u00fcr die Verarbeitung.<\/li>\n\n\n\n<li>Die betroffene Person legt gem\u00e4\u00df Artikel 21 Absatz 1 DSGVO Widerspruch gegen die Verarbeitung ein und es liegen keine vorrangigen berechtigten Gr\u00fcnde f\u00fcr die Verarbeitung vor, oder die betroffene Person legt gem\u00e4\u00df Artikel 21 Absatz 2 DSGVO Widerspruch gegen die Verarbeitung ein.<\/li>\n\n\n\n<li>Die personenbezogenen Daten wurden unrechtm\u00e4\u00dfig verarbeitet.<\/li>\n\n\n\n<li>Die L\u00f6schung der personenbezogenen Daten ist zur Erf\u00fcllung einer rechtlichen Verpflichtung nach dem Unionsrecht oder dem Recht der Mitgliedstaaten erforderlich, dem der Verantwortliche unterliegt.<\/li>\n\n\n\n<li>Die personenbezogenen Daten wurden in Bezug auf angebotene Dienste der Informationsgesellschaft gem\u00e4\u00df Artikel 8 Absatz 1 DSGVO erhoben.<\/li>\n<\/ul>\n\n\n\n<p>Hat der Verantwortliche die personenbezogenen Daten \u00f6ffentlich gemacht und ist er gem\u00e4\u00df Absatz 1 zu deren L\u00f6schung verpflichtet, so trifft er unter Ber\u00fccksichtigung der verf\u00fcgbaren Technologie und der Implementierungskosten angemessene Ma\u00dfnahmen, auch technischer Art, um f\u00fcr die Datenverarbeitung Verantwortliche, die die personenbezogenen Daten verarbeiten, dar\u00fcber zu informieren, dass eine betroffene Person von ihnen die L\u00f6schung aller Links zu diesen personenbezogenen Daten oder von Kopien oder Replikationen dieser personenbezogenen Daten verlangt hat.<\/p>\n\n\n\n<p>Das Recht auf L\u00f6schung (\u201eRecht auf vergessen werden\u201c) besteht nicht, soweit die Verarbeitung erforderlich ist:<\/p>\n\n\n\n<ul class=\"wp-block-list\">\n<li>zur Aus\u00fcbung des Rechts auf freie Meinungs\u00e4u\u00dferung und Information;<\/li>\n\n\n\n<li>zur Erf\u00fcllung einer rechtlichen Verpflichtung, die die Verarbeitung nach dem Recht der Union oder der Mitgliedstaaten, dem der Verantwortliche unterliegt, erfordert, oder zur Wahrnehmung einer Aufgabe, die im \u00f6ffentlichen Interesse liegt oder in Aus\u00fcbung \u00f6ffentlicher Gewalt erfolgt, die dem Verantwortlichen \u00fcbertragen wurde;<\/li>\n\n\n\n<li>aus Gr\u00fcnden des \u00f6ffentlichen Interesses im Bereich der \u00f6ffentlichen Gesundheit gem\u00e4\u00df Artikel 9 Absatz 2 Buchstaben h und i sowie Artikel 9 Absatz 3 DSGVO;<\/li>\n\n\n\n<li>f\u00fcr im \u00f6ffentlichen Interesse liegende Archivzwecke, wissenschaftliche oder historische Forschungszwecke oder f\u00fcr statistische Zwecke gem\u00e4\u00df Artikel 89 Absatz 1 DSGVO, soweit das in Absatz 1 genannte Recht voraussichtlich die Verwirklichung der Ziele dieser Verarbeitung unm\u00f6glich macht oder ernsthaft beeintr\u00e4chtigt, oder<\/li>\n\n\n\n<li>zur Geltendmachung, Aus\u00fcbung oder Verteidigung von Rechtsanspr\u00fcchen<\/li>\n<\/ul>\n\n\n\n<h3 class=\"wp-block-heading\">(6) Recht auf Einschr\u00e4nkung der Verarbeitung<\/h3>\n\n\n\n<p>Sie haben das Recht, von uns die Einschr\u00e4nkung der Verarbeitung ihrer personenbezogenen Daten zu verlangen, wenn eine der folgenden Voraussetzungen gegeben ist:<\/p>\n\n\n\n<ul class=\"wp-block-list\">\n<li>die Richtigkeit der personenbezogenen Daten von der betroffenen Person bestritten wird, und zwar f\u00fcr eine Dauer, die es dem Verantwortlichen erm\u00f6glicht, die Richtigkeit der personenbezogenen Daten zu \u00fcberpr\u00fcfen,<\/li>\n\n\n\n<li>die Verarbeitung unrechtm\u00e4\u00dfig ist und die betroffene Person die L\u00f6schung der personenbezogenen Daten ablehnt und stattdessen die Einschr\u00e4nkung der Nutzung der personenbezogenen Daten verlangt;<\/li>\n\n\n\n<li>der Verantwortliche die personenbezogenen Daten f\u00fcr die Zwecke der Verarbeitung nicht l\u00e4nger ben\u00f6tigt, die betroffene Person sie jedoch zur Geltendmachung, Aus\u00fcbung oder Verteidigung von Rechtsanspr\u00fcchen ben\u00f6tigt, oder<\/li>\n\n\n\n<li>die betroffene Person Widerspruch gegen die Verarbeitung gem\u00e4\u00df Artikel 21 Absatz 1 DSGVO eingelegt hat, solange noch nicht feststeht, ob die berechtigten Gr\u00fcnde des Verantwortlichen gegen\u00fcber denen der betroffenen Person \u00fcberwiegen<\/li>\n<\/ul>\n\n\n\n<p>Wurde die Verarbeitung gem\u00e4\u00df den oben genannten Voraussetzungen eingeschr\u00e4nkt, so werden diese personenbezogenen Daten \u2013 von ihrer Speicherung abgesehen \u2013 nur mit Einwilligung der betroffenen Person oder zur Geltendmachung, Aus\u00fcbung oder Verteidigung von Rechtsanspr\u00fcchen oder zum Schutz der Rechte einer anderen nat\u00fcrlichen oder juristischen Person oder aus Gr\u00fcnden eines wichtigen \u00f6ffentlichen Interesses der Union oder eines Mitgliedstaats verarbeitet.<\/p>\n\n\n\n<p>Um das Recht auf Einschr\u00e4nkung der Verarbeitung geltend zu machen, kann sich die betroffene Person jederzeit an uns unter den oben angegebenen Kontaktdaten wenden.<\/p>\n\n\n\n<h3 class=\"wp-block-heading\">(7) Recht auf Daten\u00fcbertragbarkeit<\/h3>\n\n\n\n<p>Sie haben das Recht, die Sie betreffenden personenbezogenen Daten, die Sie uns bereitgestellt haben, in einem strukturierten, g\u00e4ngigen und maschinenlesbaren Format zu erhalten, und Sie haben das Recht, diese Daten einem anderen Verantwortlichen ohne Behinderung durch den Verantwortlichen, dem die personenbezogenen Daten bereitgestellt wurden, zu \u00fcbermitteln, sofern:<\/p>\n\n\n\n<ul class=\"wp-block-list\">\n<li>die Verarbeitung auf einer Einwilligung gem\u00e4\u00df Artikel 6 Absatz 1 Buchstabe a oder Artikel 9 Absatz 2 Buchstabe a oder auf einem Vertrag gem\u00e4\u00df Artikel 6 Absatz 1 Buchstabe b DSGVO beruht und<\/li>\n\n\n\n<li>die Verarbeitung mithilfe automatisierter Verfahren erfolgt<\/li>\n<\/ul>\n\n\n\n<p>Bei der Aus\u00fcbung des Rechts auf Daten\u00fcbertragbarkeit gem\u00e4\u00df Absatz 1 haben Sie das Recht, zu erwirken, dass die personenbezogenen Daten direkt von einem Verantwortlichen zu einem anderen Verantwortlichen \u00fcbermittelt werden, soweit dies technisch machbar ist. Die Aus\u00fcbung des Rechts auf Daten\u00fcbertragbarkeit l\u00e4sst das Recht auf L\u00f6schung (\u201eRecht auf Vergessen werden\u201c) unber\u00fchrt. Dieses Recht gilt nicht f\u00fcr eine Verarbeitung, die f\u00fcr die Wahrnehmung einer Aufgabe erforderlich ist, die im \u00f6ffentlichen Interesse liegt oder in Aus\u00fcbung \u00f6ffentlicher Gewalt erfolgt, die dem Verantwortlichen \u00fcbertragen wurde.<\/p>\n\n\n\n<h3 class=\"wp-block-heading\">(8) Widerspruchsrecht<\/h3>\n\n\n\n<p>Sie haben das Recht, aus Gr\u00fcnden, die sich aus Ihrer besonderen Situation ergeben, jederzeit gegen die Verarbeitung Sie betreffender personenbezogener Daten, die aufgrund von Artikel 6 Absatz 1 Buchstaben e oder f DSGVO erfolgt, Widerspruch einzulegen; dies gilt auch f\u00fcr ein auf diese Bestimmungen gest\u00fctztes Profiling. Der Verantwortliche verarbeitet die personenbezogenen Daten nicht mehr, es sei denn, er kann zwingende schutzw\u00fcrdige Gr\u00fcnde f\u00fcr die Verarbeitung nachweisen, die die Interessen, Rechte und Freiheiten der betroffenen Person \u00fcberwiegen, oder die Verarbeitung dient der Geltendmachung, Aus\u00fcbung oder Verteidigung von Rechtsanspr\u00fcchen.<\/p>\n\n\n\n<p>Werden personenbezogene Daten verarbeitet, um Direktwerbung zu betreiben, so haben SIe das Recht, jederzeit Widerspruch gegen die Verarbeitung Sie betreffender personenbezogener Daten zum Zwecke derartiger Werbung einzulegen; dies gilt auch f\u00fcr das Profiling, soweit es mit solcher Direktwerbung in Verbindung steht. Widersprechen Sie der Verarbeitung f\u00fcr Zwecke der Direktwerbung, so werden die personenbezogenen Daten nicht mehr f\u00fcr diese Zwecke verarbeitet.<\/p>\n\n\n\n<p>Im Zusammenhang mit der Nutzung von Diensten der Informationsgesellschaft k\u00f6nne Sie ungeachtet der Richtlinie 2002\/58\/EG Ihr Widerspruchsrecht mittels automatisierter Verfahren aus\u00fcben, bei denen technische Spezifikationen verwendet werden.<\/p>\n\n\n\n<p>Sie haben das Recht, aus Gr\u00fcnden, die sich aus Ihrer besonderen Situation ergeben, gegen die Sie betreffende Verarbeitung Sie betreffender personenbezogener Daten, die zu wissenschaftlichen oder historischen Forschungszwecken oder zu statistischen Zwecken gem\u00e4\u00df Artikel 89 Absatz 1 erfolgt, Widerspruch einzulegen, es sei denn, die Verarbeitung ist zur Erf\u00fcllung einer im \u00f6ffentlichen Interesse liegenden Aufgabe erforderlich.<\/p>\n\n\n\n<p>Das Widerspruchsrecht k\u00f6nnen Sie jederzeit aus\u00fcben, indem Sie sich an den jeweiligen Verantwortlichen wenden.<\/p>\n\n\n\n<p>Sie haben das Recht, nicht einer ausschlie\u00dflich auf einer automatisierten Verarbeitung \u2013 einschlie\u00dflich Profiling \u2013 beruhenden Entscheidung unterworfen zu werden, die Ihnen gegen\u00fcber rechtliche Wirkung entfaltet oder Sie in \u00e4hnlicher Weise erheblich beeintr\u00e4chtigt. Dies gilt nicht, wenn die Entscheidung:<\/p>\n\n\n\n<ul class=\"wp-block-list\">\n<li>f\u00fcr den Abschluss oder die Erf\u00fcllung eines Vertrags zwischen der betroffenen Person und dem Verantwortlichen erforderlich ist,<\/li>\n\n\n\n<li>aufgrund von Rechtsvorschriften der Union oder der Mitgliedstaaten, denen der Verantwortliche unterliegt, zul\u00e4ssig ist und diese Rechtsvorschriften angemessene Ma\u00dfnahmen zur Wahrung der Rechte und Freiheiten sowie der berechtigten Interessen der betroffenen Person enthalten oder<\/li>\n\n\n\n<li>mit ausdr\u00fccklicher Einwilligung der betroffenen Person erfolgt<\/li>\n<\/ul>\n\n\n\n<p>Der Verantwortliche trifft angemessene Ma\u00dfnahmen, um die Rechte und Freiheiten sowie die berechtigten Interessen der betroffenen Person zu wahren, wozu mindestens das Recht auf Erwirkung des Eingreifens einer Person seitens des Verantwortlichen, auf Darlegung des eigenen Standpunkts und auf Anfechtung der Entscheidung geh\u00f6rt.<\/p>\n\n\n\n<p>Dieses Recht kann die betroffene Person jederzeit aus\u00fcben, indem sie sich an den jeweiligen Verantwortlichen wendet.<\/p>\n\n\n\n<h3 class=\"wp-block-heading\">(10) Recht auf Beschwerde bei einer Aufsichtsbeh\u00f6rde<\/h3>\n\n\n\n<p>Sie haben zudem, unbeschadet eines anderweitigen verwaltungsrechtlichen oder gerichtlichen Rechtsbehelfs, das Recht auf Beschwerde bei einer Aufsichtsbeh\u00f6rde, insbesondere in dem Mitgliedstaat ihres Aufenthaltsorts, ihres Arbeitsplatzes oder des Orts des mutma\u00dflichen Versto\u00dfes, wenn die betroffene Person der Ansicht ist, dass die Verarbeitung der sie betreffenden personenbezogenen Daten gegen diese Verordnung verst\u00f6\u00dft.<\/p>\n\n\n\n<h3 class=\"wp-block-heading\">(11) Recht auf wirksamen gerichtlichen Rechtsbehelf<\/h3>\n\n\n\n<p>Sie haben unbeschadet eines verf\u00fcgbaren verwaltungsrechtlichen oder au\u00dfergerichtlichen Rechtsbehelfs einschlie\u00dflich des Rechts auf Beschwerde bei einer Aufsichtsbeh\u00f6rde gem\u00e4\u00df Artikel 77 DSGVO das Recht auf einen wirksamen gerichtlichen Rechtsbehelf, wenn sie der Ansicht ist, dass die ihr aufgrund dieser Verordnung zustehenden Rechte infolge einer nicht im Einklang mit dieser Verordnung stehenden Verarbeitung ihrer personenbezogenen Daten verletzt wurden.<\/p>\n\n\n\n<h3 class=\"wp-block-heading\">Einsatz von Google Analytics<\/h3>\n\n\n\n<p>(1) Diese Website benutzt Google Analytics, einen Webanalysedienst der Google Inc. (\u201eGoogle\u201c). Google Analytics verwendet sog. \u201eCookies\u201c, Textdateien, die auf Ihrem Computer gespeichert werden und die eine Analyse der Benutzung der Website durch Sie erm\u00f6glichen. Die durch den Cookie erzeugten Informationen \u00fcber Ihre Benutzung dieser Website werden in der Regel an einen Server von Google in den USA \u00fcbertragen und dort gespeichert. Im Falle der Aktivierung der IP-Anonymisierung auf dieser Website, wird Ihre IP-Adresse von Google jedoch innerhalb von Mitgliedstaaten der Europ\u00e4ischen Union oder in anderen Vertragsstaaten des Abkommens \u00fcber den Europ\u00e4ischen Wirtschaftsraum zuvor gek\u00fcrzt. Nur in Ausnahmef\u00e4llen wird die volle IP-Adresse an einen Server von Google in den USA \u00fcbertragen und dort gek\u00fcrzt. Im Auftrag des Betreibers dieser Website wird Google diese Informationen benutzen, um Ihre Nutzung der Website auszuwerten, um Reports \u00fcber die Website-Aktivit\u00e4ten zusammenzustellen und um weitere mit der Website-Nutzung und der Internetnutzung verbundene Dienstleistungen gegen\u00fcber dem Website-Betreiber zu erbringen.<\/p>\n\n\n\n<p>(2) Die im Rahmen von Google Analytics von Ihrem Browser \u00fcbermittelte IP-Adresse wird nicht mit anderen Daten von Google zusammengef\u00fchrt.<\/p>\n\n\n\n<p>(3) Sie k\u00f6nnen die Speicherung der Cookies durch eine entsprechende Einstellung Ihrer Browser-Software verhindern; wir weisen Sie jedoch darauf hin, dass Sie in diesem Fall gegebenenfalls nicht s\u00e4mtliche Funktionen dieser Website vollumf\u00e4nglich werden nutzen k\u00f6nnen. Sie k\u00f6nnen dar\u00fcber hinaus die Erfassung der durch das Cookie erzeugten und auf Ihre Nutzung der Website bezogenen Daten (inkl. Ihrer IP-Adresse) an Google sowie die Verarbeitung dieser Daten durch Google verhindern, indem sie das unter dem folgenden Link verf\u00fcgbare Browser-Plug-in herunterladen und installieren:&nbsp;<a href=\"http:\/\/tools.google.com\/dlpage\/gaoptout?hl=de\" target=\"_blank\" rel=\"noreferrer noopener\">http:\/\/tools.google.com\/dlpage\/gaoptout?hl=de<\/a>.<\/p>\n\n\n\n<p>(4) Diese Website verwendet Google Analytics mit der Erweiterung \u201e_anonymizeIp()\u201c. Dadurch werden IP-Adressen gek\u00fcrzt weiterverarbeitet, eine Personenbeziehbarkeit kann damit ausgeschlossen werden. Soweit den \u00fcber Sie erhobenen Daten ein Personenbezug zukommt, wird dieser also sofort ausgeschlossen und die personenbezogenen Daten damit umgehend gel\u00f6scht.<\/p>\n\n\n\n<p>(5) Wir nutzen Google Analytics, um die Nutzung unserer Website analysieren und regelm\u00e4\u00dfig verbessern zu k\u00f6nnen. \u00dcber die gewonnenen Statistiken k\u00f6nnen wir unser Angebot verbessern und f\u00fcr Sie als Nutzer interessanter ausgestalten. F\u00fcr die Ausnahmef\u00e4lle, in denen personenbezogene Daten in die USA \u00fcbertragen werden, hat sich Google dem EU-US Privacy Shield unterworfen,&nbsp;<a href=\"https:\/\/www.privacyshield.gov\/EU-US-Framework\" target=\"_blank\" rel=\"noreferrer noopener\">https:\/\/www.privacyshield.gov\/EU-US-Framework<\/a>. Rechtsgrundlage f\u00fcr die Nutzung von Google Analytics ist Art. 6 Abs. 1 S. 1 lit. f DSGVO.<\/p>\n\n\n\n<p>(6) Informationen des Drittanbieters: Google Dublin, Google Ireland Ltd., Gordon House, Barrow Street, Dublin 4, Ireland, Fax: +353 (1) 436\u20091001.<br>Nutzerbedingungen:&nbsp;<a href=\"http:\/\/www.google.com\/analytics\/terms\/de.html\" target=\"_blank\" rel=\"noreferrer noopener\">http:\/\/www.google.com\/analytics\/terms\/de.html<\/a><br>\u00dcbersicht zum Datenschutz:&nbsp;<a href=\"http:\/\/www.google.com\/intl\/de\/analytics\/learn\/privacy.html\" target=\"_blank\" rel=\"noreferrer noopener\">http:\/\/www.google.com\/intl\/de\/analytics\/learn\/privacy.html<\/a><br>sowie die Datenschutzerkl\u00e4rung:&nbsp;<a href=\"http:\/\/www.google.de\/intl\/de\/policies\/privacy\" target=\"_blank\" rel=\"noreferrer noopener\">http:\/\/www.google.de\/intl\/de\/policies\/privacy<\/a><\/p>\n\n\n\n<p>(7) Diese Website verwendet Google Analytics zudem f\u00fcr eine ger\u00e4te\u00fcbergreifende Analyse von Besucherstr\u00f6men, die \u00fcber eine User-ID durchgef\u00fchrt wird. Sie k\u00f6nnen in Ihrem Kundenkonto unter \u201eMeine Daten\u201c, \u201epers\u00f6nliche Daten\u201c die ger\u00e4te\u00fcbergreifende Analyse Ihrer Nutzung deaktivieren.<\/p>\n\n\n\n<h2 class=\"wp-block-heading\">Verwendung von Scriptbibliotheken (Google Webfonts)<\/h2>\n\n\n\n<p>Um unsere Inhalte browser\u00fcbergreifend korrekt und grafisch ansprechend darzustellen, verwenden wir auf dieser Website Scriptbibliotheken und Schriftbibliotheken wie z. B. Google Webfonts (<a href=\"http:\/\/www.google.com\/webfonts\/\" target=\"_blank\" rel=\"noreferrer noopener\">https:\/\/www.google.com\/webfonts\/<\/a>). Google Webfonts werden zur Vermeidung mehrfachen Ladens in den Cache Ihres Browsers \u00fcbertragen. Falls der Browser die Google Webfonts nicht unterst\u00fctzt oder den Zugriff unterbindet, werden Inhalte in einer Standardschrift angezeigt.<\/p>\n\n\n\n<p>Die hierf\u00fcr verwendeten Schriftdateien sind lokal auf unseren Webserver gespeichert, sodass keine Verbindung zum Betreiber der Bibliotheken hergestellt wird.<\/p>\n\n\n\n<p>Die Datenschutzrichtlinie des Bibliothekbetreibers Google finden Sie hier:&nbsp;<a href=\"https:\/\/www.google.com\/policies\/privacy\/\" target=\"_blank\" rel=\"noreferrer noopener\">https:\/\/www.google.com\/policies\/privacy\/<\/a><\/p>\n\n\n\n<h2 class=\"wp-block-heading\">Datenverarbeitung durch soziale Netzwerke<\/h2>\n\n\n\n<p>Wir unterhalten \u00f6ffentlich zug\u00e4ngliche Profile in sozialen Netzwerken. Die im Einzelnen von uns genutzten sozialen Netzwerke finden Sie weiter unten.<\/p>\n\n\n\n<p>Soziale Netzwerke wie Facebook, Instagram etc. k\u00f6nnen Ihr Nutzerverhalten in der Regel umfassend analysieren, wenn Sie deren Website oder eine Website mit integrierten Social-Media-Inhalten (z.&nbsp;B. Like-Buttons oder Werbebannern) besuchen. Durch den Besuch unserer Social-Media-Pr\u00e4senzen werden zahlreiche datenschutzrelevante Verarbeitungsvorg\u00e4nge ausgel\u00f6st. Im Einzelnen:<\/p>\n\n\n\n<p>Wenn Sie in Ihrem Social-Media-Account eingeloggt sind und unsere Social-Media-Pr\u00e4senz besuchen, kann der Betreiber des Social-Media-Portals diesen Besuch Ihrem Benutzerkonto zuordnen. Ihre personenbezogenen Daten k\u00f6nnen unter Umst\u00e4nden aber auch dann erfasst werden, wenn Sie nicht eingeloggt sind oder keinen Account beim jeweiligen Social-Media-Portal besitzen. Diese Datenerfassung erfolgt in diesem Fall beispielsweise \u00fcber Cookies, die auf Ihrem Endger\u00e4t gespeichert werden oder durch Erfassung Ihrer IP-Adresse.<\/p>\n\n\n\n<p>Mit Hilfe der so erfassten Daten k\u00f6nnen die Betreiber der Social-Media-Portale Nutzerprofile erstellen, in denen Ihre Pr\u00e4ferenzen und Interessen hinterlegt sind. Auf diese Weise kann Ihnen interessenbezogene Werbung in- und au\u00dferhalb der jeweiligen Social-Media-Pr\u00e4senz angezeigt werden. Sofern Sie \u00fcber einen Account beim jeweiligen sozialen Netzwerk verf\u00fcgen, kann die interessenbezogene Werbung auf allen Ger\u00e4ten angezeigt werden, auf denen Sie eingeloggt sind oder eingeloggt waren.<\/p>\n\n\n\n<p>Bitte beachten Sie au\u00dferdem, dass wir nicht alle Verarbeitungsprozesse auf den Social-Media-Portalen nachvollziehen k\u00f6nnen. Je nach Anbieter k\u00f6nnen daher ggf. weitere Verarbeitungsvorg\u00e4nge von den Betreibern der Social-Media-Portale durchgef\u00fchrt werden. Details hierzu entnehmen Sie den Nutzungsbedingungen und Datenschutzbestimmungen der jeweiligen Social-Media-Portale.<\/p>\n\n\n\n<h3 class=\"wp-block-heading\">Rechtsgrundlage<\/h3>\n\n\n\n<p>Unsere Social-Media-Auftritte sollen eine m\u00f6glichst umfassende Pr\u00e4senz im Internet gew\u00e4hrleisten. Hierbei handelt es sich um ein berechtigtes Interesse im Sinne von Art. 6 Abs. 1 lit. f DSGVO. Die von den sozialen Netzwerken initiierten Analyseprozesse beruhen ggf. auf abweichenden Rechtsgrundlagen, die von den Betreibern der sozialen Netzwerke anzugeben sind (z.&nbsp;B. Einwilligung im Sinne des Art. 6 Abs. 1 lit. a DSGVO).<\/p>\n\n\n\n<h3 class=\"wp-block-heading\">Verantwortlicher und Geltendmachung von Rechten<\/h3>\n\n\n\n<p>Wenn Sie einen unserer Social-Media-Auftritte (z.&nbsp;B. Facebook) besuchen, sind wir gemeinsam mit dem Betreiber der Social-Media-Plattform f\u00fcr die bei diesem Besuch ausgel\u00f6sten Datenverarbeitungsvorg\u00e4nge verantwortlich. Sie k\u00f6nnen Ihre Rechte (Auskunft, Berichtigung, L\u00f6schung, Einschr\u00e4nkung der Verarbeitung, Daten\u00fcbertragbarkeit und Beschwerde) grunds\u00e4tzlich sowohl gg\u00fc. uns als auch gg\u00fc. dem Betreiber des jeweiligen Social-Media-Portals (z.&nbsp;B. gg\u00fc. Facebook) geltend machen.<\/p>\n\n\n\n<p>Bitte beachten Sie, dass wir trotz der gemeinsamen Verantwortlichkeit mit den Social-Media-Portal-Betreibern nicht vollumf\u00e4nglich Einfluss auf die Datenverarbeitungsvorg\u00e4nge der Social-Media-Portale haben. Unsere M\u00f6glichkeiten richten sich ma\u00dfgeblich nach der Unternehmenspolitik des jeweiligen Anbieters.<\/p>\n\n\n\n<h3 class=\"wp-block-heading\">Speicherdauer<\/h3>\n\n\n\n<p>Die unmittelbar von uns \u00fcber die Social-Media-Pr\u00e4senz erfassten Daten werden von unseren Systemen gel\u00f6scht, sobald Sie uns zur L\u00f6schung auffordern, Ihre Einwilligung zur Speicherung widerrufen oder der Zweck f\u00fcr die Datenspeicherung entf\u00e4llt. Gespeicherte Cookies verbleiben auf Ihrem Endger\u00e4t, bis Sie sie l\u00f6schen. Zwingende gesetzliche Bestimmungen \u2013 insb. Aufbewahrungsfristen \u2013 bleiben unber\u00fchrt.<\/p>\n\n\n\n<p>Auf die Speicherdauer Ihrer Daten, die von den Betreibern der sozialen Netzwerke zu eigenen Zwecken gespeichert werden, haben wir keinen Einfluss. F\u00fcr Einzelheiten dazu informieren Sie sich bitte direkt bei den Betreibern der sozialen Netzwerke (z.&nbsp;B. in deren Datenschutzerkl\u00e4rung, siehe unten).<\/p>\n\n\n\n<h3 class=\"wp-block-heading\">Ihre Rechte<\/h3>\n\n\n\n<p>Sie haben jederzeit das Recht, unentgeltlich Auskunft \u00fcber Herkunft, Empf\u00e4nger und Zweck Ihrer gespeicherten personenbezogenen Daten zu erhalten. Ihnen steht au\u00dferdem ein Recht auf Widerspruch, auf Daten\u00fcbertragbarkeit und ein Beschwerderecht bei der zust\u00e4ndigen Aufsichtsbeh\u00f6rde zu. Ferner k\u00f6nnen Sie die Berichtigung, Sperrung, L\u00f6schung und unter bestimmten Umst\u00e4nden die Einschr\u00e4nkung der Verarbeitung Ihrer personenbezogenen Daten verlangen.<\/p>\n\n\n\n<h2 class=\"wp-block-heading\">Soziale Netzwerke im Einzelnen<\/h2>\n\n\n\n<h3 class=\"wp-block-heading\">Facebook<\/h3>\n\n\n\n<p>Wir verf\u00fcgen \u00fcber ein Profil bei Facebook. Anbieter dieses Dienstes ist die Meta Platforms Ireland Limited, 4 Grand Canal Square, Grand Canal Harbour, Dublin 2, Irland (nachfolgend Meta). Die erfassten Daten werden nach Aussage von Meta auch in die USA und in andere Drittl\u00e4nder \u00fcbertragen.<\/p>\n\n\n\n<p><strong>Sie k\u00f6nnen Ihre Werbeeinstellungen selbstst\u00e4ndig in Ihrem Nutzer-Account anpassen. Klicken Sie hierzu auf folgenden Link und loggen Sie sich ein:<\/strong>&nbsp;<a href=\"https:\/\/www.facebook.com\/settings?tab=ads\" rel=\"noreferrer noopener\" target=\"_blank\">https:\/\/www.facebook.com\/settings?tab=ads<\/a>.<\/p>\n\n\n\n<p>Die Daten\u00fcbertragung in die USA wird auf die Standardvertragsklauseln der EU-Kommission gest\u00fctzt. Details finden Sie hier:&nbsp;<a href=\"https:\/\/www.facebook.com\/legal\/EU_data_transfer_addendum\" rel=\"noreferrer noopener\" target=\"_blank\">https:\/\/www.facebook.com\/legal\/EU_data_transfer_addendum<\/a>&nbsp;und&nbsp;<a href=\"https:\/\/de-de.facebook.com\/help\/566994660333381\" rel=\"noreferrer noopener\" target=\"_blank\">https:\/\/de-de.facebook.com\/help\/566994660333381<\/a>.<\/p>\n\n\n\n<p>Details entnehmen Sie der Datenschutzerkl\u00e4rung von Facebook:&nbsp;<a href=\"https:\/\/www.facebook.com\/about\/privacy\/\" rel=\"noreferrer noopener\" target=\"_blank\">https:\/\/www.facebook.com\/about\/privacy\/<\/a>.<\/p>\n\n\n\n<p>Das Unternehmen verf\u00fcgt \u00fcber eine Zertifizierung nach dem \u201eEU-US Data Privacy Framework\u201c (DPF). Der DPF ist ein \u00dcbereinkommen zwischen der Europ\u00e4ischen Union und den USA, der die Einhaltung europ\u00e4ischer Datenschutzstandards bei Datenverarbeitungen in den USA gew\u00e4hrleisten soll. Jedes nach dem DPF zertifizierte Unternehmen verpflichtet sich, diese Datenschutzstandards einzuhalten. Weitere Informationen hierzu erhalten Sie vom Anbieter unter folgendem Link:&nbsp;<a href=\"https:\/\/www.dataprivacyframework.gov\/s\/participant-search\/participant-detail?contact=true&amp;id=a2zt0000000GnywAAC&amp;status=Active\" rel=\"noreferrer noopener\" target=\"_blank\">https:\/\/www.dataprivacyframework.gov\/s\/participant-search\/participant-detail?contact=true&amp;id=a2zt0000000GnywAAC&amp;status=Active<\/a><\/p>\n\n\n\n<h3 class=\"wp-block-heading\">Instagram<\/h3>\n\n\n\n<p>Wir verf\u00fcgen \u00fcber ein Profil bei Instagram. Anbieter dieses Dienstes ist die Meta Platforms Ireland Limited, 4 Grand Canal Square, Grand Canal Harbour, Dublin 2, Irland.<\/p>\n\n\n\n<p>Die Daten\u00fcbertragung in die USA wird auf die Standardvertragsklauseln der EU-Kommission gest\u00fctzt. Details finden Sie hier:&nbsp;<a href=\"https:\/\/www.facebook.com\/legal\/EU_data_transfer_addendum\" rel=\"noreferrer noopener\" target=\"_blank\">https:\/\/www.facebook.com\/legal\/EU_data_transfer_addendum<\/a>,&nbsp;<a href=\"https:\/\/privacycenter.instagram.com\/policy\/\" rel=\"noreferrer noopener\" target=\"_blank\">https:\/\/privacycenter.instagram.com\/policy\/<\/a>&nbsp;und&nbsp;<a href=\"https:\/\/de-de.facebook.com\/help\/566994660333381\" rel=\"noreferrer noopener\" target=\"_blank\">https:\/\/de-de.facebook.com\/help\/566994660333381<\/a>.<\/p>\n\n\n\n<p>Details zu deren Umgang mit Ihren personenbezogenen Daten entnehmen Sie der Datenschutzerkl\u00e4rung von Instagram:&nbsp;<a href=\"https:\/\/privacycenter.instagram.com\/policy\/\" rel=\"noreferrer noopener\" target=\"_blank\">https:\/\/privacycenter.instagram.com\/policy\/<\/a>.<\/p>\n\n\n\n<p>Das Unternehmen verf\u00fcgt \u00fcber eine Zertifizierung nach dem \u201eEU-US Data Privacy Framework\u201c (DPF). Der DPF ist ein \u00dcbereinkommen zwischen der Europ\u00e4ischen Union und den USA, der die Einhaltung europ\u00e4ischer Datenschutzstandards bei Datenverarbeitungen in den USA gew\u00e4hrleisten soll. Jedes nach dem DPF zertifizierte Unternehmen verpflichtet sich, diese Datenschutzstandards einzuhalten. Weitere Informationen hierzu erhalten Sie vom Anbieter unter folgendem Link:&nbsp;<a href=\"https:\/\/www.dataprivacyframework.gov\/s\/participant-search\/participant-detail?contact=true&amp;id=a2zt0000000GnywAAC&amp;status=Active\" rel=\"noreferrer noopener\" target=\"_blank\">https:\/\/www.dataprivacyframework.gov\/s\/participant-search\/participant-detail?contact=true&amp;id=a2zt0000000GnywAAC&amp;status=Active<\/a><\/p>\n\n\n\n<h3 class=\"wp-block-heading\">LinkedIn<\/h3>\n\n\n\n<p>Wir verf\u00fcgen \u00fcber ein Profil bei LinkedIn. Anbieter ist die LinkedIn Ireland Unlimited Company, Wilton Plaza, Wilton Place, Dublin 2,&nbsp;Irland. LinkedIn verwendet Werbecookies.<\/p>\n\n\n\n<p><strong>Wenn Sie LinkedIn-Werbe-Cookies deaktivieren m\u00f6chten, nutzen Sie bitte folgenden Link:<\/strong>&nbsp;<a href=\"https:\/\/www.linkedin.com\/psettings\/guest-controls\/retargeting-opt-out\" rel=\"noreferrer noopener\" target=\"_blank\">https:\/\/www.linkedin.com\/psettings\/guest-controls\/retargeting-opt-out<\/a>.<\/p>\n\n\n\n<p>Die Daten\u00fcbertragung in die USA wird auf die Standardvertragsklauseln der EU-Kommission gest\u00fctzt. Details finden Sie hier:&nbsp;<a href=\"https:\/\/www.linkedin.com\/legal\/l\/dpa\" rel=\"noreferrer noopener\" target=\"_blank\">https:\/\/www.linkedin.com\/legal\/l\/dpa<\/a>&nbsp;und&nbsp;<a href=\"https:\/\/www.linkedin.com\/legal\/l\/eu-sccs\" rel=\"noreferrer noopener\" target=\"_blank\">https:\/\/www.linkedin.com\/legal\/l\/eu-sccs<\/a>.<\/p>\n\n\n\n<p>Details zu deren Umgang mit Ihren personenbezogenen Daten entnehmen Sie der Datenschutzerkl\u00e4rung von LinkedIn:&nbsp;<a href=\"https:\/\/www.linkedin.com\/legal\/privacy-policy\" rel=\"noreferrer noopener\" target=\"_blank\">https:\/\/www.linkedin.com\/legal\/privacy-policy<\/a>.<strong>Cookies<\/strong><\/p>\n\n\n\n<p>Unsere Internetseiten verwenden so genannte \u201eCookies\u201c. Cookies sind kleine Datenpakete und richten auf Ihrem Endger\u00e4t keinen Schaden an. Sie werden entweder vor\u00fcbergehend f\u00fcr die Dauer einer Sitzung (Session-Cookies) oder dauerhaft (permanente Cookies) auf Ihrem Endger\u00e4t gespeichert. Session-Cookies werden nach Ende Ihres Besuchs automatisch gel\u00f6scht. Permanente Cookies bleiben auf Ihrem Endger\u00e4t gespeichert, bis Sie diese selbst l\u00f6schen oder eine automatische L\u00f6schung durch Ihren Webbrowser erfolgt.<\/p>\n\n\n\n<p>Cookies k\u00f6nnen von uns (First-Party-Cookies) oder von Drittunternehmen stammen (sog. Third-Party- Cookies). Third-Party-Cookies erm\u00f6glichen die Einbindung bestimmter Dienstleistungen von Drittunternehmen innerhalb von Webseiten (z. B. Cookies zur Abwicklung von Zahlungsdienstleistungen).<\/p>\n\n\n\n<p>Cookies haben verschiedene Funktionen. Zahlreiche Cookies sind technisch notwendig, da bestimmte Webseitenfunktionen ohne diese nicht funktionieren w\u00fcrden (z. B. die Warenkorbfunktion oder die Anzeige von Videos). Andere Cookies k\u00f6nnen zur Auswertung des Nutzerverhaltens oder zu Werbezwecken verwendet werden.<\/p>\n\n\n\n<p>Cookies, die zur Durchf\u00fchrung des elektronischen Kommunikationsvorgangs, zur Bereitstellung bestimmter, von Ihnen erw\u00fcnschter Funktionen (z. B. f\u00fcr die Warenkorbfunktion) oder zur Optimierung der Website (z. B. Cookies zur Messung des Webpublikums) erforderlich sind (notwendige Cookies), werden auf Grundlage von Art. 6 Abs. 1 lit. f DSGVO gespeichert, sofern keine andere Rechtsgrundlage angegeben wird. Der Websitebetreiber hat ein berechtigtes Interesse an der Speicherung von notwendigen Cookies zur technisch fehlerfreien und optimierten Bereitstellung seiner Dienste. Sofern eine Einwilligung zur Speicherung von Cookies und vergleichbaren Wiedererkennungstechnologien abgefragt wurde, erfolgt die Verarbeitung ausschlie\u00dflich auf Grundlage dieser Einwilligung (Art. 6 Abs. 1 lit. a DSGVO und \u00a7 25 Abs. 1 TTDSG); die Einwilligung ist jederzeit widerrufbar.<\/p>\n\n\n\n<p>Sie k\u00f6nnen Ihren Browser so einstellen, dass Sie \u00fcber das Setzen von Cookies informiert werden und Cookies nur im Einzelfall erlauben, die Annahme von Cookies f\u00fcr bestimmte F\u00e4lle oder generell ausschlie\u00dfen sowie das automatische L\u00f6schen der Cookies beim Schlie\u00dfen des Browsers aktivieren. Bei der Deaktivierung von Cookies kann die Funktionalit\u00e4t dieser Website eingeschr\u00e4nkt sein.<\/p>\n\n\n\n<p>Welche Cookies und Dienste auf dieser Website eingesetzt werden, k\u00f6nnen Sie dieser Datenschutzerkl\u00e4rung entnehmen.<\/p>\n\n\n\n<h2 class=\"wp-block-heading\"><strong>Unsere Social-Media-Auftritte<\/strong><\/h2>\n\n\n\n<h3 class=\"wp-block-heading\"><strong>Diese Datenschutzerkl\u00e4rung gilt f\u00fcr folgende Social-Media-Auftritte<\/strong><\/h3>\n\n\n\n<ul class=\"wp-block-list\">\n<li>https:\/\/www.facebook.com\/<\/li>\n\n\n\n<li>https:\/\/www.instagram.com\/<\/li>\n<\/ul>\n\n\n\n<h3 class=\"wp-block-heading\"><strong>Datenverarbeitung durch soziale Netzwerke<\/strong><\/h3>\n\n\n\n<p>Wir unterhalten \u00f6ffentlich zug\u00e4ngliche Profile in sozialen Netzwerken. Die im Einzelnen von mit genutzten sozialen Netzwerke finden Sie weiter unten.<\/p>\n\n\n\n<p>Soziale Netzwerke wie Facebook, Twitter etc. k\u00f6nnen Ihr Nutzerverhalten in der Regel umfassend analysieren, wenn Sie deren Website oder eine Website mit integrierten Social-Media-Inhalten (z.&nbsp;B. Like-Buttons oder Werbebannern) besuchen. Durch den Besuch unserer Social-Media-Pr\u00e4senzen werden zahlreiche datenschutzrelevante Verarbeitungsvorg\u00e4nge ausgel\u00f6st. Im Einzelnen:<\/p>\n\n\n\n<p>Wenn Sie in Ihrem Social-Media-Account eingeloggt sind und unsere Social-Media-Pr\u00e4senz besuchen, kann der Betreiber des Social-Media-Portals diesen Besuch Ihrem Benutzerkonto zuordnen. Ihre personenbezogenen Daten k\u00f6nnen unter Umst\u00e4nden aber auch dann erfasst werden, wenn Sie nicht eingeloggt sind oder keinen Account beim jeweiligen Social-Media-Portal besitzen. Diese Datenerfassung erfolgt in diesem Fall beispielsweise \u00fcber Cookies, die auf Ihrem Endger\u00e4t gespeichert werden oder durch Erfassung Ihrer IP-Adresse.<\/p>\n\n\n\n<p>Mit Hilfe der so erfassten Daten k\u00f6nnen die Betreiber der Social-Media-Portale Nutzerprofile erstellen, in denen Ihre Pr\u00e4ferenzen und Interessen hinterlegt sind. Auf diese Weise kann Ihnen interessenbezogene Werbung in- und au\u00dferhalb der jeweiligen Social-Media-Pr\u00e4senz angezeigt werden. Sofern Sie \u00fcber einen Account beim jeweiligen sozialen Netzwerk verf\u00fcgen, kann die interessenbezogene Werbung auf allen Ger\u00e4ten angezeigt werden, auf denen Sie eingeloggt sind oder eingeloggt waren.<\/p>\n\n\n\n<p>Bitte beachten Sie au\u00dferdem, dass ich nicht alle Verarbeitungsprozesse auf den Social-Media-Portalen nachvollziehen kann. Je nach Anbieter k\u00f6nnen daher ggf. weitere Verarbeitungsvorg\u00e4nge von den Betreibern der Social-Media-Portale durchgef\u00fchrt werden. Details hierzu entnehmen Sie den Nutzungsbedingungen und Datenschutzbestimmungen der jeweiligen Social-Media-Portale.<\/p>\n\n\n\n<h3 class=\"wp-block-heading\"><strong>Rechtsgrundlage<\/strong><\/h3>\n\n\n\n<p>Unsere Social-Media-Auftritte sollen eine m\u00f6glichst umfassende Pr\u00e4senz im Internet gew\u00e4hrleisten. Hierbei handelt es sich um ein berechtigtes Interesse im Sinne von Art. 6 Abs. 1 lit. f DSGVO. Die von den sozialen Netzwerken initiierten Analyseprozesse beruhen ggf. auf abweichenden Rechtsgrundlagen, die von den Betreibern der sozialen Netzwerke anzugeben sind (z.&nbsp;B. Einwilligung im Sinne des Art. 6 Abs. 1 lit. a DSGVO).<\/p>\n\n\n\n<h3 class=\"wp-block-heading\"><strong>Verantwortlicher und Geltendmachung von Rechten<\/strong><\/h3>\n\n\n\n<p>Wenn Sie einen unserer Social-Media-Auftritte (z.&nbsp;B. Facebook) besuchen, sind wir gemeinsam mit dem Betreiber der Social-Media-Plattform f\u00fcr die bei diesem Besuch ausgel\u00f6sten Datenverarbeitungsvorg\u00e4nge verantwortlich. Sie k\u00f6nnen Ihre Rechte (Auskunft, Berichtigung, L\u00f6schung, Einschr\u00e4nkung der Verarbeitung, Daten\u00fcbertragbarkeit und Beschwerde) grunds\u00e4tzlich sowohl gg\u00fc. uns als auch gg\u00fc. dem Betreiber des jeweiligen Social-Media-Portals (z.&nbsp;B. gg\u00fc. Facebook) geltend machen.<\/p>\n\n\n\n<p>Bitte beachten Sie, dass wir trotz der gemeinsamen Verantwortlichkeit mit den Social-Media-Portal-Betreibern nicht vollumf\u00e4nglich Einfluss auf die Datenverarbeitungsvorg\u00e4nge der Social-Media-Portale haben. Unsere M\u00f6glichkeiten richten sich ma\u00dfgeblich nach der Unternehmenspolitik des jeweiligen Anbieters.<\/p>\n\n\n\n<h3 class=\"wp-block-heading\"><strong>Speicherdauer<\/strong><\/h3>\n\n\n\n<p>Die unmittelbar von uns \u00fcber die Social-Media-Pr\u00e4senz erfassten Daten werden von unserem Systemen gel\u00f6scht, sobald Sie uns zur L\u00f6schung auffordern, Ihre Einwilligung zur Speicherung widerrufen oder der Zweck f\u00fcr die Datenspeicherung entf\u00e4llt. Gespeicherte Cookies verbleiben auf Ihrem Endger\u00e4t, bis Sie sie l\u00f6schen. Zwingende gesetzliche Bestimmungen \u2013 insb. Aufbewahrungsfristen \u2013 bleiben unber\u00fchrt.<\/p>\n\n\n\n<p>Auf die Speicherdauer Ihrer Daten, die von den Betreibern der sozialen Netzwerke zu eigenen Zwecken gespeichert werden, habe wir keinen Einfluss. F\u00fcr Einzelheiten dazu informieren Sie sich bitte direkt bei den Betreibern der sozialen Netzwerke (z.&nbsp;B. in deren Datenschutzerkl\u00e4rung, siehe unten).<\/p>\n\n\n\n<h3 class=\"wp-block-heading\"><strong>Ihre Rechte<\/strong><\/h3>\n\n\n\n<p>Sie haben jederzeit das Recht, unentgeltlich Auskunft \u00fcber Herkunft, Empf\u00e4nger und Zweck Ihrer gespeicherten personenbezogenen Daten zu erhalten. Ihnen steht au\u00dferdem ein Recht auf Widerspruch, auf Daten\u00fcbertragbarkeit und ein Beschwerderecht bei der zust\u00e4ndigen Aufsichtsbeh\u00f6rde zu. Ferner k\u00f6nnen Sie die Berichtigung, Sperrung, L\u00f6schung und unter bestimmten Umst\u00e4nden die Einschr\u00e4nkung der Verarbeitung Ihrer personenbezogenen Daten verlangen.<\/p>\n\n\n\n<h2 class=\"wp-block-heading\"><strong>Soziale Netzwerke im Einzelnen<\/strong><\/h2>\n\n\n\n<h3 class=\"wp-block-heading\"><strong>Facebook<\/strong><\/h3>\n\n\n\n<p>Wir verf\u00fcgen \u00fcber ein Profil bei Facebook. Anbieter dieses Dienstes ist die Meta Platforms Ireland Limited, 4 Grand Canal Square, Grand Canal Harbour, Dublin 2, Irland (nachfolgend Meta). Die erfassten Daten werden nach Aussage von Meta auch in die USA und in andere Drittl\u00e4nder \u00fcbertragen.<\/p>\n\n\n\n<p>Wir haben mit Meta eine Vereinbarung \u00fcber gemeinsame Verarbeitung (Controller Addendum) geschlossen. In dieser Vereinbarung wird festgelegt, f\u00fcr welche Datenverarbeitungsvorg\u00e4nge wir bzw. Meta verantwortlich ist, wenn Sie unserer Facebook-Page besuchen. Diese Vereinbarung k\u00f6nnen Sie unter folgendem Link einsehen:&nbsp;<a href=\"https:\/\/www.facebook.com\/legal\/terms\/page_controller_addendum\" target=\"_blank\" rel=\"noreferrer noopener\">https:\/\/www.facebook.com\/legal\/terms\/page_controller_addendum<\/a>.<\/p>\n\n\n\n<p><strong>Sie k\u00f6nnen Ihre Werbeeinstellungen selbstst\u00e4ndig in Ihrem Nutzer-Account anpassen. Klicken Sie hierzu auf folgenden Link und loggen Sie sich ein:<\/strong>&nbsp;<a href=\"https:\/\/www.facebook.com\/settings?tab=ads\" target=\"_blank\" rel=\"noreferrer noopener\">https:\/\/www.facebook.com\/settings?tab=ads<\/a>.<\/p>\n\n\n\n<p>Die Daten\u00fcbertragung in die USA wird auf die Standardvertragsklauseln der EU-Kommission gest\u00fctzt. Details finden Sie hier:&nbsp;<a href=\"https:\/\/www.facebook.com\/legal\/EU_data_transfer_addendum\" target=\"_blank\" rel=\"noreferrer noopener\">https:\/\/www.facebook.com\/legal\/EU_data_transfer_addendum<\/a>&nbsp;und&nbsp;<a href=\"https:\/\/de-de.facebook.com\/help\/566994660333381\" target=\"_blank\" rel=\"noreferrer noopener\">https:\/\/de-de.facebook.com\/help\/566994660333381<\/a>.<\/p>\n\n\n\n<p>Details entnehmen Sie der Datenschutzerkl\u00e4rung von Facebook:&nbsp;<a href=\"https:\/\/www.facebook.com\/about\/privacy\/\" target=\"_blank\" rel=\"noreferrer noopener\">https:\/\/www.facebook.com\/about\/privacy\/<\/a>.<\/p>\n\n\n\n<h3 class=\"wp-block-heading\"><strong>Instagram<\/strong><\/h3>\n\n\n\n<p>Wir verf\u00fcgen \u00fcber ein Profil bei Instagram. Anbieter dieses Dienstes ist die Meta Platforms Ireland Limited, 4 Grand Canal Square, Grand Canal Harbour, Dublin 2, Irland.<\/p>\n\n\n\n<p>Die Daten\u00fcbertragung in die USA wird auf die Standardvertragsklauseln der EU-Kommission gest\u00fctzt. Details finden Sie hier:&nbsp;<a href=\"https:\/\/www.facebook.com\/legal\/EU_data_transfer_addendum\" target=\"_blank\" rel=\"noreferrer noopener\">https:\/\/www.facebook.com\/legal\/EU_data_transfer_addendum<\/a>,&nbsp;<a href=\"https:\/\/help.instagram.com\/519522125107875\" target=\"_blank\" rel=\"noreferrer noopener\">https:\/\/help.instagram.com\/519522125107875<\/a>&nbsp;und&nbsp;<a href=\"https:\/\/de-de.facebook.com\/help\/566994660333381\" target=\"_blank\" rel=\"noreferrer noopener\">https:\/\/de-de.facebook.com\/help\/566994660333381<\/a>.<\/p>\n\n\n\n<p>Details zu deren Umgang mit Ihren personenbezogenen Daten entnehmen Sie der Datenschutzerkl\u00e4rung von Instagram:&nbsp;<a href=\"https:\/\/help.instagram.com\/519522125107875\" target=\"_blank\" rel=\"noreferrer noopener\">https:\/\/help.instagram.com\/519522125107875<\/a>.<\/p>\n\n\n\n<div style=\"height:100px\" aria-hidden=\"true\" class=\"wp-block-spacer\"><\/div>\n<\/div>\n","protected":false},"excerpt":{"rendered":"<p>Datenschutzerkl\u00e4rung 1. Datenschutz auf einen Blick Allgemeine Hinweise Die folgenden Hinweise geben einen einfachen \u00dcberblick dar\u00fcber, was mit Ihren personenbezogenen Daten passiert, wenn Sie diese Website besuchen. Personenbezogene Daten sind alle Daten, mit denen Sie pers\u00f6nlich identifiziert werden k\u00f6nnen. Ausf\u00fchrliche Informationen zum Thema Datenschutz entnehmen Sie unserer unter diesem Text aufgef\u00fchrten Datenschutzerkl\u00e4rung. Datenerfassung auf dieser [&hellip;]<\/p>\n","protected":false},"author":1,"featured_media":0,"parent":0,"menu_order":0,"comment_status":"closed","ping_status":"closed","template":"","meta":{"footnotes":""},"class_list":["post-7","page","type-page","status-publish","hentry"],"yoast_head":"<!-- This site is optimized with the Yoast SEO plugin v27.3 - https:\/\/yoast.com\/product\/yoast-seo-wordpress\/ -->\n<title>Datenschutzerkl\u00e4rung - MellyCox - Leichte Sprache<\/title>\n<meta name=\"robots\" content=\"index, follow, max-snippet:-1, max-image-preview:large, max-video-preview:-1\" \/>\n<link rel=\"canonical\" href=\"https:\/\/mellycox.de\/leichte-sprache\/datenschutzerklaerung\/\" \/>\n<meta property=\"og:locale\" content=\"de_DE\" \/>\n<meta property=\"og:type\" content=\"article\" \/>\n<meta property=\"og:title\" content=\"Datenschutzerkl\u00e4rung - MellyCox - Leichte Sprache\" \/>\n<meta property=\"og:description\" content=\"Datenschutzerkl\u00e4rung 1. Datenschutz auf einen Blick Allgemeine Hinweise Die folgenden Hinweise geben einen einfachen \u00dcberblick dar\u00fcber, was mit Ihren personenbezogenen Daten passiert, wenn Sie diese Website besuchen. Personenbezogene Daten sind alle Daten, mit denen Sie pers\u00f6nlich identifiziert werden k\u00f6nnen. Ausf\u00fchrliche Informationen zum Thema Datenschutz entnehmen Sie unserer unter diesem Text aufgef\u00fchrten Datenschutzerkl\u00e4rung. Datenerfassung auf dieser [&hellip;]\" \/>\n<meta property=\"og:url\" content=\"https:\/\/mellycox.de\/leichte-sprache\/datenschutzerklaerung\/\" \/>\n<meta property=\"og:site_name\" content=\"MellyCox - Leichte Sprache\" \/>\n<meta property=\"article:modified_time\" content=\"2026-02-17T17:45:09+00:00\" \/>\n<meta name=\"twitter:card\" content=\"summary_large_image\" \/>\n<meta name=\"twitter:label1\" content=\"Gesch\u00e4tzte Lesezeit\" \/>\n\t<meta name=\"twitter:data1\" content=\"39\u00a0Minuten\" \/>\n<script type=\"application\/ld+json\" class=\"yoast-schema-graph\">{\"@context\":\"https:\\\/\\\/schema.org\",\"@graph\":[{\"@type\":\"WebPage\",\"@id\":\"https:\\\/\\\/mellycox.de\\\/leichte-sprache\\\/datenschutzerklaerung\\\/\",\"url\":\"https:\\\/\\\/mellycox.de\\\/leichte-sprache\\\/datenschutzerklaerung\\\/\",\"name\":\"Datenschutzerkl\u00e4rung - MellyCox - Leichte Sprache\",\"isPartOf\":{\"@id\":\"https:\\\/\\\/mellycox.de\\\/leichte-sprache\\\/#website\"},\"datePublished\":\"2025-09-18T14:25:54+00:00\",\"dateModified\":\"2026-02-17T17:45:09+00:00\",\"breadcrumb\":{\"@id\":\"https:\\\/\\\/mellycox.de\\\/leichte-sprache\\\/datenschutzerklaerung\\\/#breadcrumb\"},\"inLanguage\":\"de\",\"potentialAction\":[{\"@type\":\"ReadAction\",\"target\":[\"https:\\\/\\\/mellycox.de\\\/leichte-sprache\\\/datenschutzerklaerung\\\/\"]}]},{\"@type\":\"BreadcrumbList\",\"@id\":\"https:\\\/\\\/mellycox.de\\\/leichte-sprache\\\/datenschutzerklaerung\\\/#breadcrumb\",\"itemListElement\":[{\"@type\":\"ListItem\",\"position\":1,\"name\":\"Start\",\"item\":\"https:\\\/\\\/mellycox.de\\\/leichte-sprache\\\/\"},{\"@type\":\"ListItem\",\"position\":2,\"name\":\"Datenschutzerkl\u00e4rung\"}]},{\"@type\":\"WebSite\",\"@id\":\"https:\\\/\\\/mellycox.de\\\/leichte-sprache\\\/#website\",\"url\":\"https:\\\/\\\/mellycox.de\\\/leichte-sprache\\\/\",\"name\":\"MellyCox - Leichte Sprache\",\"description\":\"\",\"publisher\":{\"@id\":\"https:\\\/\\\/mellycox.de\\\/leichte-sprache\\\/#organization\"},\"potentialAction\":[{\"@type\":\"SearchAction\",\"target\":{\"@type\":\"EntryPoint\",\"urlTemplate\":\"https:\\\/\\\/mellycox.de\\\/leichte-sprache\\\/?s={search_term_string}\"},\"query-input\":{\"@type\":\"PropertyValueSpecification\",\"valueRequired\":true,\"valueName\":\"search_term_string\"}}],\"inLanguage\":\"de\"},{\"@type\":\"Organization\",\"@id\":\"https:\\\/\\\/mellycox.de\\\/leichte-sprache\\\/#organization\",\"name\":\"MellyCox - Leichte Sprache\",\"url\":\"https:\\\/\\\/mellycox.de\\\/leichte-sprache\\\/\",\"logo\":{\"@type\":\"ImageObject\",\"inLanguage\":\"de\",\"@id\":\"https:\\\/\\\/mellycox.de\\\/leichte-sprache\\\/#\\\/schema\\\/logo\\\/image\\\/\",\"url\":\"https:\\\/\\\/mellycox.de\\\/leichte-sprache\\\/wp-content\\\/uploads\\\/sites\\\/2\\\/2025\\\/09\\\/mellycox_Logo_2025_quer-scaled.png\",\"contentUrl\":\"https:\\\/\\\/mellycox.de\\\/leichte-sprache\\\/wp-content\\\/uploads\\\/sites\\\/2\\\/2025\\\/09\\\/mellycox_Logo_2025_quer-scaled.png\",\"width\":2560,\"height\":729,\"caption\":\"MellyCox - Leichte Sprache\"},\"image\":{\"@id\":\"https:\\\/\\\/mellycox.de\\\/leichte-sprache\\\/#\\\/schema\\\/logo\\\/image\\\/\"}}]}<\/script>\n<!-- \/ Yoast SEO plugin. -->","yoast_head_json":{"title":"Datenschutzerkl\u00e4rung - MellyCox - Leichte Sprache","robots":{"index":"index","follow":"follow","max-snippet":"max-snippet:-1","max-image-preview":"max-image-preview:large","max-video-preview":"max-video-preview:-1"},"canonical":"https:\/\/mellycox.de\/leichte-sprache\/datenschutzerklaerung\/","og_locale":"de_DE","og_type":"article","og_title":"Datenschutzerkl\u00e4rung - MellyCox - Leichte Sprache","og_description":"Datenschutzerkl\u00e4rung 1. Datenschutz auf einen Blick Allgemeine Hinweise Die folgenden Hinweise geben einen einfachen \u00dcberblick dar\u00fcber, was mit Ihren personenbezogenen Daten passiert, wenn Sie diese Website besuchen. Personenbezogene Daten sind alle Daten, mit denen Sie pers\u00f6nlich identifiziert werden k\u00f6nnen. Ausf\u00fchrliche Informationen zum Thema Datenschutz entnehmen Sie unserer unter diesem Text aufgef\u00fchrten Datenschutzerkl\u00e4rung. Datenerfassung auf dieser [&hellip;]","og_url":"https:\/\/mellycox.de\/leichte-sprache\/datenschutzerklaerung\/","og_site_name":"MellyCox - Leichte Sprache","article_modified_time":"2026-02-17T17:45:09+00:00","twitter_card":"summary_large_image","twitter_misc":{"Gesch\u00e4tzte Lesezeit":"39\u00a0Minuten"},"schema":{"@context":"https:\/\/schema.org","@graph":[{"@type":"WebPage","@id":"https:\/\/mellycox.de\/leichte-sprache\/datenschutzerklaerung\/","url":"https:\/\/mellycox.de\/leichte-sprache\/datenschutzerklaerung\/","name":"Datenschutzerkl\u00e4rung - MellyCox - Leichte Sprache","isPartOf":{"@id":"https:\/\/mellycox.de\/leichte-sprache\/#website"},"datePublished":"2025-09-18T14:25:54+00:00","dateModified":"2026-02-17T17:45:09+00:00","breadcrumb":{"@id":"https:\/\/mellycox.de\/leichte-sprache\/datenschutzerklaerung\/#breadcrumb"},"inLanguage":"de","potentialAction":[{"@type":"ReadAction","target":["https:\/\/mellycox.de\/leichte-sprache\/datenschutzerklaerung\/"]}]},{"@type":"BreadcrumbList","@id":"https:\/\/mellycox.de\/leichte-sprache\/datenschutzerklaerung\/#breadcrumb","itemListElement":[{"@type":"ListItem","position":1,"name":"Start","item":"https:\/\/mellycox.de\/leichte-sprache\/"},{"@type":"ListItem","position":2,"name":"Datenschutzerkl\u00e4rung"}]},{"@type":"WebSite","@id":"https:\/\/mellycox.de\/leichte-sprache\/#website","url":"https:\/\/mellycox.de\/leichte-sprache\/","name":"MellyCox - Leichte Sprache","description":"","publisher":{"@id":"https:\/\/mellycox.de\/leichte-sprache\/#organization"},"potentialAction":[{"@type":"SearchAction","target":{"@type":"EntryPoint","urlTemplate":"https:\/\/mellycox.de\/leichte-sprache\/?s={search_term_string}"},"query-input":{"@type":"PropertyValueSpecification","valueRequired":true,"valueName":"search_term_string"}}],"inLanguage":"de"},{"@type":"Organization","@id":"https:\/\/mellycox.de\/leichte-sprache\/#organization","name":"MellyCox - Leichte Sprache","url":"https:\/\/mellycox.de\/leichte-sprache\/","logo":{"@type":"ImageObject","inLanguage":"de","@id":"https:\/\/mellycox.de\/leichte-sprache\/#\/schema\/logo\/image\/","url":"https:\/\/mellycox.de\/leichte-sprache\/wp-content\/uploads\/sites\/2\/2025\/09\/mellycox_Logo_2025_quer-scaled.png","contentUrl":"https:\/\/mellycox.de\/leichte-sprache\/wp-content\/uploads\/sites\/2\/2025\/09\/mellycox_Logo_2025_quer-scaled.png","width":2560,"height":729,"caption":"MellyCox - Leichte Sprache"},"image":{"@id":"https:\/\/mellycox.de\/leichte-sprache\/#\/schema\/logo\/image\/"}}]}},"_links":{"self":[{"href":"https:\/\/mellycox.de\/leichte-sprache\/wp-json\/wp\/v2\/pages\/7","targetHints":{"allow":["GET"]}}],"collection":[{"href":"https:\/\/mellycox.de\/leichte-sprache\/wp-json\/wp\/v2\/pages"}],"about":[{"href":"https:\/\/mellycox.de\/leichte-sprache\/wp-json\/wp\/v2\/types\/page"}],"author":[{"embeddable":true,"href":"https:\/\/mellycox.de\/leichte-sprache\/wp-json\/wp\/v2\/users\/1"}],"replies":[{"embeddable":true,"href":"https:\/\/mellycox.de\/leichte-sprache\/wp-json\/wp\/v2\/comments?post=7"}],"version-history":[{"count":2,"href":"https:\/\/mellycox.de\/leichte-sprache\/wp-json\/wp\/v2\/pages\/7\/revisions"}],"predecessor-version":[{"id":175,"href":"https:\/\/mellycox.de\/leichte-sprache\/wp-json\/wp\/v2\/pages\/7\/revisions\/175"}],"wp:attachment":[{"href":"https:\/\/mellycox.de\/leichte-sprache\/wp-json\/wp\/v2\/media?parent=7"}],"curies":[{"name":"wp","href":"https:\/\/api.w.org\/{rel}","templated":true}]}}