{"id":21,"date":"2025-09-18T16:42:51","date_gmt":"2025-09-18T14:42:51","guid":{"rendered":"https:\/\/mellycox.de\/leichte-sprache\/?page_id=21"},"modified":"2026-03-22T14:00:28","modified_gmt":"2026-03-22T13:00:28","slug":"startseite","status":"publish","type":"page","link":"https:\/\/mellycox.de\/leichte-sprache\/","title":{"rendered":"Startseite"},"content":{"rendered":"\n<div class=\"wp-block-cover is-light has-custom-content-position is-position-bottom-left\" style=\"min-height:100vh;aspect-ratio:unset;\"><img loading=\"lazy\" decoding=\"async\" width=\"2560\" height=\"1435\" class=\"wp-block-cover__image-background wp-image-183 size-full\" alt=\"\" src=\"https:\/\/mellycox.de\/leichte-sprache\/wp-content\/uploads\/sites\/2\/2026\/02\/u6412368242_httpss.mj_.rungfcTaETN8Hk_elderly_woman_knitting_wit_3e0477fb-5dcc-4f6e-9184-1c0535af0e67-scaled.webp\" data-object-fit=\"cover\" srcset=\"https:\/\/mellycox.de\/leichte-sprache\/wp-content\/uploads\/sites\/2\/2026\/02\/u6412368242_httpss.mj_.rungfcTaETN8Hk_elderly_woman_knitting_wit_3e0477fb-5dcc-4f6e-9184-1c0535af0e67-scaled.webp 2560w, https:\/\/mellycox.de\/leichte-sprache\/wp-content\/uploads\/sites\/2\/2026\/02\/u6412368242_httpss.mj_.rungfcTaETN8Hk_elderly_woman_knitting_wit_3e0477fb-5dcc-4f6e-9184-1c0535af0e67-300x168.webp 300w, https:\/\/mellycox.de\/leichte-sprache\/wp-content\/uploads\/sites\/2\/2026\/02\/u6412368242_httpss.mj_.rungfcTaETN8Hk_elderly_woman_knitting_wit_3e0477fb-5dcc-4f6e-9184-1c0535af0e67-1024x574.webp 1024w, https:\/\/mellycox.de\/leichte-sprache\/wp-content\/uploads\/sites\/2\/2026\/02\/u6412368242_httpss.mj_.rungfcTaETN8Hk_elderly_woman_knitting_wit_3e0477fb-5dcc-4f6e-9184-1c0535af0e67-768x430.webp 768w, https:\/\/mellycox.de\/leichte-sprache\/wp-content\/uploads\/sites\/2\/2026\/02\/u6412368242_httpss.mj_.rungfcTaETN8Hk_elderly_woman_knitting_wit_3e0477fb-5dcc-4f6e-9184-1c0535af0e67-1536x861.webp 1536w, https:\/\/mellycox.de\/leichte-sprache\/wp-content\/uploads\/sites\/2\/2026\/02\/u6412368242_httpss.mj_.rungfcTaETN8Hk_elderly_woman_knitting_wit_3e0477fb-5dcc-4f6e-9184-1c0535af0e67-2048x1148.webp 2048w\" sizes=\"auto, (max-width: 2560px) 100vw, 2560px\" \/><span aria-hidden=\"true\" class=\"wp-block-cover__background has-background-dim-30 has-background-dim\" style=\"background-color:#968f88\"><\/span><div class=\"wp-block-cover__inner-container is-layout-constrained wp-block-cover-is-layout-constrained\">\n<div class=\"wp-block-group has-background is-layout-constrained wp-block-group-is-layout-constrained\" style=\"background-color:#ffffff6e\">\n<h1 class=\"wp-block-heading has-wpfse-grey-color has-text-color has-link-color has-x-large-font-size wp-elements-dd7f63e2be756d1a9228f84ca2e7c1ef\">MellyCox \u2013 Die Pflege<\/h1>\n\n\n\n<h2 class=\"wp-block-heading has-wpfse-grey-color has-text-color has-link-color has-large-font-size wp-elements-4927b1c2713023adf549825f11188ea1\">Nah, professionell, zuverl\u00e4ssig<\/h2>\n<\/div>\n\n\n\n<p class=\"has-wpfse-grey-color has-text-color has-link-color wp-elements-f858a0f07b662f981dbc77d1b0e9baf0\"><br><\/p>\n<\/div><\/div>\n\n\n\n<div style=\"height:100px\" aria-hidden=\"true\" class=\"wp-block-spacer\"><\/div>\n\n\n\n<div class=\"wp-block-group alignfull ineinanderversetzt is-layout-constrained wp-container-core-group-is-layout-41939438 wp-block-group-is-layout-constrained\" id=\"philos\">\n<div class=\"wp-block-columns is-layout-flex wp-container-core-columns-is-layout-9d6595d7 wp-block-columns-is-layout-flex\">\n<div class=\"wp-block-column box versetztnachrechts has-wpfse-blau-logo-background-color has-background is-layout-flow wp-block-column-is-layout-flow\">\n<h2 class=\"wp-block-heading has-wpfse-grey-color has-text-color has-link-color wp-elements-479af0c56b0397d27f0c86e343807360\">Pflege mit Herz<\/h2>\n\n\n\n<p class=\"has-wpfse-grey-color has-text-color has-link-color wp-elements-77ab3760f14b8ece0d60d8992f790624\">Wir helfen Ihnen zuhause, damit Sie sich wohlf\u00fchlen. <\/p>\n\n\n\n<p class=\"has-wpfse-grey-color has-text-color has-link-color wp-elements-64a74ae424ff7502e0e90ff531b28703\">Unser Team unterst\u00fctzt Sie im Alltag.<br>Freundlich, zuverl\u00e4ssig und genau so, <br>wie Sie es brauchen. <\/p>\n\n\n\n<p class=\"has-wpfse-grey-color has-text-color has-link-color wp-elements-bed43b5e0ad3820138423d673f2abc27\">Wir m\u00f6chten, dass Sie selbstst\u00e4ndig <br>bleiben und sich sicher f\u00fchlen. \u200b <br>Auch Ihre Familie soll wissen, <br>dass Sie gut versorgt sind. \u200b<br><\/p>\n\n\n\n<div class=\"wp-block-buttons is-layout-flex wp-block-buttons-is-layout-flex\">\n<div class=\"wp-block-button\"><a class=\"wp-block-button__link has-wpfse-grey-background-color has-background wp-element-button\" href=\"https:\/\/mellycox.de\/leichte-sprache\/ueber-uns\/\">\u00dcber uns<\/a><\/div>\n<\/div>\n<\/div>\n\n\n\n<div class=\"wp-block-column is-layout-flow wp-block-column-is-layout-flow\">\n<figure class=\"wp-block-image size-full box versetztnachlinks\"><img decoding=\"async\" src=\"https:\/\/mellycox.de\/wp-content\/uploads\/9S9A6538.webp\" alt=\"\" class=\"wp-image-579\"\/><\/figure>\n\n\n\n<div class=\"wp-block-group box versetztnachoben has-wpfse-grey-background-color has-background is-layout-constrained wp-block-group-is-layout-constrained\" style=\"box-shadow:var(--wp--preset--shadow--deep)\">\n<h3 class=\"wp-block-heading has-wpfse-schwarz-color has-text-color has-link-color wp-elements-9308311bde3e9367de2cae29a3498f66\"><em>\u201eGute Pflege entlastet nicht nur, sie gibt Familien die Gewissheit, dass ihre Liebsten in besten H\u00e4nden sind.&#8220;<\/em><\/h3>\n<\/div>\n<\/div>\n<\/div>\n<\/div>\n\n\n\n<div style=\"height:100px\" aria-hidden=\"true\" class=\"wp-block-spacer\"><\/div>\n\n\n\n<div id=\"leistungen\" class=\"wp-block-group has-background is-layout-constrained wp-block-group-is-layout-constrained\" style=\"background:linear-gradient(57deg,rgb(191,179,155) 0%,rgb(242,229,212) 100%)\">\n<div style=\"height:50px\" aria-hidden=\"true\" class=\"wp-block-spacer\"><\/div>\n\n\n\n<h2 class=\"wp-block-heading has-text-align-left has-wpfse-grey-color has-text-color has-link-color wp-elements-446b3ebf43c6c201b8389e7285890f70\">Unsere Leistungen<\/h2>\n\n\n\n<div style=\"height:50px\" aria-hidden=\"true\" class=\"wp-block-spacer\"><\/div>\n\n\n\n<div class=\"wp-block-group is-layout-grid wp-container-core-group-is-layout-baef362d wp-block-group-is-layout-grid\">\n<div class=\"wp-block-group has-wpfse-grey-background-color has-background is-layout-constrained wp-block-group-is-layout-constrained\">\n<h3 class=\"wp-block-heading has-wpfse-schwarz-color has-text-color has-link-color wp-elements-17720875af8889018096104f0355e703\">Ambulante Pflege<\/h3>\n\n\n\n<p class=\"has-wpfse-schwarz-color has-text-color has-link-color wp-elements-84b0d00c71b94a15d038530ff6fd62f5\">Unser Personal hilft, wenn Sie es w\u00fcnschen.<\/p>\n\n\n\n<p class=\"has-wpfse-schwarz-color has-text-color has-link-color wp-elements-411db85cb4fd43450a7ca39bd26cda6f\">Wir \u00fcbernehmen Grundpflege und Behandlungspflege.<\/p>\n\n\n\n<p class=\"has-wpfse-schwarz-color has-text-color has-link-color wp-elements-65506680d8c39c3fb9265b534eaa3c7b\">Wir unterst\u00fctzen Sie auch im Alltag.<\/p>\n\n\n\n<div class=\"wp-block-buttons is-content-justification-left is-layout-flex wp-container-core-buttons-is-layout-ab31b1cb wp-block-buttons-is-layout-flex\">\n<div class=\"wp-block-button\"><a class=\"wp-block-button__link has-wpfse-schwarz-color has-wpfse-blau-logo-background-color has-text-color has-background has-link-color wp-element-button\" href=\"https:\/\/mellycox.de\/leichte-sprache\/ambulante-alten-und-krankenpflege\/\">mehr<\/a><\/div>\n<\/div>\n<\/div>\n\n\n\n<div class=\"wp-block-group has-wpfse-grey-background-color has-background is-layout-constrained wp-block-group-is-layout-constrained\">\n<h3 class=\"wp-block-heading has-wpfse-schwarz-color has-text-color has-link-color wp-elements-d26fefd30d1870979041b943ba1f9bd4\">Quartiersnahe Versorgung<\/h3>\n\n\n\n<p class=\"has-wpfse-schwarz-color has-text-color has-link-color wp-elements-00ceceb5ea273ce13caf5cc7017719ea\">Unsere Kooperationspartner bieten gemeinschaftliches Wohnen. Wir sind als Pflegedienst 24\/7 vor Ort.<\/p>\n\n\n\n<p class=\"has-wpfse-schwarz-color has-text-color has-link-color wp-elements-9d8917bc6caf2956fc97dd4d83156751\">Mieter bekommen bei Bedarf Hilfe im Alltag. Das gibt Sicherheit, Gemeinschaft und professionelle Pflege.<\/p>\n\n\n\n<div class=\"wp-block-buttons is-content-justification-left is-layout-flex wp-container-core-buttons-is-layout-ab31b1cb wp-block-buttons-is-layout-flex\">\n<div class=\"wp-block-button\"><a class=\"wp-block-button__link has-wpfse-schwarz-color has-wpfse-blau-logo-background-color has-text-color has-background has-link-color wp-element-button\" href=\"https:\/\/mellycox.de\/leichte-sprache\/quartiersnahe-versorgung\/\">mehr<\/a><\/div>\n<\/div>\n<\/div>\n\n\n\n<div class=\"wp-block-group has-wpfse-grey-background-color has-background is-layout-constrained wp-block-group-is-layout-constrained\">\n<h3 class=\"wp-block-heading has-wpfse-schwarz-color has-text-color has-link-color wp-elements-d20098d15880c3b3574cec29974f5133\">Verhindungspflege<\/h3>\n\n\n\n<p class=\"has-wpfse-schwarz-color has-text-color has-link-color wp-elements-39a16d43daf051998df10e3a05c7fac2\">Wenn Ihre Angeh\u00f6rigen, die Sie pflegen, mal nicht da sind \u00fcbernehmen wir die Pflege f\u00fcr Sie. <\/p>\n\n\n\n<p class=\"has-wpfse-schwarz-color has-text-color has-link-color wp-elements-d313dbb4557996097bae5268b13277e6\">Zum Beispiel wegen Urlaub oder Krankheit. \u200b<br><\/p>\n\n\n\n<div class=\"wp-block-buttons is-content-justification-left is-layout-flex wp-container-core-buttons-is-layout-ab31b1cb wp-block-buttons-is-layout-flex\">\n<div class=\"wp-block-button\"><a class=\"wp-block-button__link has-wpfse-schwarz-color has-wpfse-blau-logo-background-color has-text-color has-background has-link-color wp-element-button\" href=\"https:\/\/mellycox.de\/leichte-sprache\/verhinderungspflege\/\">mehr<\/a><\/div>\n<\/div>\n<\/div>\n\n\n\n<div class=\"wp-block-group has-wpfse-grey-background-color has-background is-layout-constrained wp-block-group-is-layout-constrained\">\n<h3 class=\"wp-block-heading has-wpfse-schwarz-color has-text-color has-link-color wp-elements-b3aec3ca21d04c17aca07bc45cfbda1c\">Pflegeberatung<\/h3>\n\n\n\n<p class=\"has-wpfse-schwarz-color has-text-color has-link-color wp-elements-16f2584ecd44d8fc3cfca465a63f38cf\">Wir beraten Sie und Ihre Familie, damit Sie sich im Pflegealltag besser zurechtfinden. <\/p>\n\n\n\n<p class=\"has-wpfse-schwarz-color has-text-color has-link-color wp-elements-9180c05d5979744b53a269bd892618b6\">Wir erkl\u00e4ren Ihnen, welche Hilfen es gibt und wie Sie diese bezahlen k\u00f6nnen. <\/p>\n\n\n\n<p class=\"has-wpfse-schwarz-color has-text-color has-link-color wp-elements-e7ffa7945e6b038e19209ca79dab1280\">Gemeinsam finden wir die beste L\u00f6sung f\u00fcr Sie. \u200b<\/p>\n\n\n\n<div class=\"wp-block-buttons is-content-justification-left is-layout-flex wp-container-core-buttons-is-layout-ab31b1cb wp-block-buttons-is-layout-flex\">\n<div class=\"wp-block-button\"><a class=\"wp-block-button__link has-wpfse-schwarz-color has-wpfse-blau-logo-background-color has-text-color has-background has-link-color wp-element-button\" href=\"https:\/\/mellycox.de\/leichte-sprache\/kostenfreie-pflegeberatung\/\">mehr<\/a><\/div>\n<\/div>\n<\/div>\n<\/div>\n\n\n\n<div style=\"height:30px\" aria-hidden=\"true\" class=\"wp-block-spacer\"><\/div>\n\n\n\n<div style=\"height:30px\" aria-hidden=\"true\" class=\"wp-block-spacer\"><\/div>\n<\/div>\n\n\n\n<div style=\"height:100px\" aria-hidden=\"true\" class=\"wp-block-spacer\"><\/div>\n\n\n\n<div id=\"standortslider\" class=\"wp-block-group sliderbackground has-wpfse-grey-background-color has-background is-content-justification-left is-layout-constrained wp-container-core-group-is-layout-a6d47664 wp-block-group-is-layout-constrained\">\n<div style=\"height:50px\" aria-hidden=\"true\" class=\"wp-block-spacer\"><\/div>\n\n\n\n<h2 class=\"wp-block-heading has-wpfse-schwarz-color has-text-color has-link-color wp-elements-8f3ac7c02b79338d7d9846c1e228f5c2\"><br>Unsere Pflegestandorte in Bielefeld<\/h2>\n\n\n\n<div style=\"height:100px\" aria-hidden=\"true\" class=\"wp-block-spacer\"><\/div>\n\n\n\n<div class=\"wp-block-cb-carousel\" data-slick=\"{&quot;slidesToShow&quot;:3,&quot;slidesToScroll&quot;:1,&quot;speed&quot;:300,&quot;arrows&quot;:true,&quot;dots&quot;:true,&quot;autoplay&quot;:false,&quot;autoplaySpeed&quot;:3000,&quot;infinite&quot;:true,&quot;rtl&quot;:false,&quot;responsive&quot;:[{&quot;breakpoint&quot;:769,&quot;settings&quot;:{&quot;slidesToShow&quot;:1,&quot;slidesToScroll&quot;:1}}]}\">\n<div class=\"wp-block-cb-slide\">\n<figure class=\"wp-block-image size-full\"><a href=\"https:\/\/mellycox.de\/leichte-sprache\/am-sudholz\/\"><img decoding=\"async\" src=\"https:\/\/mellycox.de\/wp-content\/uploads\/MC_Standort-16.webp\" alt=\"\" class=\"wp-image-548\"\/><\/a><\/figure>\n\n\n\n<div class=\"wp-block-group is-layout-constrained wp-block-group-is-layout-constrained\">\n<h4 class=\"wp-block-heading nachoben has-wpfse-schwarz-color has-wpfse-blau-logo-background-color has-text-color has-background has-link-color wp-elements-ea6d2496efa451f710b6437a00613577\"><a href=\"https:\/\/mellycox.de\/leichte-sprache\/am-sudholz\/\" data-type=\"page\" data-id=\"246\">Bielefeld-Gellershagen<\/a><\/h4>\n\n\n\n<p class=\"has-wpfse-schwarz-color has-text-color has-link-color wp-elements-904ebe9a56e7fb7608a1dc4b39a58738\">Am Sudholz 3<br>33613 Bielefeld<\/p>\n<\/div>\n<\/div>\n\n\n\n<div class=\"wp-block-cb-slide\">\n<figure class=\"wp-block-image size-full\"><a href=\"https:\/\/mellycox.de\/leichte-sprache\/braker-strasse\/\"><img decoding=\"async\" src=\"https:\/\/mellycox.de\/wp-content\/uploads\/MC_Standort.webp\" alt=\"\" class=\"wp-image-551\"\/><\/a><\/figure>\n\n\n\n<div class=\"wp-block-group is-layout-constrained wp-block-group-is-layout-constrained\">\n<h4 class=\"wp-block-heading nachoben has-wpfse-schwarz-color has-wpfse-blau-logo-background-color has-text-color has-background has-link-color wp-elements-9d1ef35b17123afce9c427cce5532bbf\"><a href=\"https:\/\/mellycox.de\/leichte-sprache\/braker-strasse\/\" data-type=\"page\" data-id=\"248\">Bielefeld-Brake<\/a><\/h4>\n\n\n\n<p class=\"has-wpfse-schwarz-color has-text-color has-link-color wp-elements-e97c0609d15363d9c46c16b4820e8ce1\">Braker Stra\u00dfe 111<br>33729 Bielefeld<\/p>\n<\/div>\n<\/div>\n\n\n\n<div class=\"wp-block-cb-slide\">\n<figure class=\"wp-block-image size-full\"><a href=\"https:\/\/mellycox.de\/leichte-sprache\/brakhofstrasse\/\"><img decoding=\"async\" src=\"https:\/\/mellycox.de\/wp-content\/uploads\/MC_Standort-13.webp\" alt=\"\" class=\"wp-image-545\"\/><\/a><\/figure>\n\n\n\n<div class=\"wp-block-group is-layout-constrained wp-block-group-is-layout-constrained\">\n<h4 class=\"wp-block-heading nachoben has-wpfse-schwarz-color has-wpfse-blau-logo-background-color has-text-color has-background has-link-color wp-elements-d7205a79a26bb788a320b11c2a662f14\"><a href=\"https:\/\/mellycox.de\/leichte-sprache\/brakhofstrasse\/\" data-type=\"page\" data-id=\"250\">Bielefeld-Brake<\/a><\/h4>\n\n\n\n<p class=\"has-wpfse-schwarz-color has-text-color has-link-color wp-elements-acdf74234f695fa5bb18caacc242fa07\">Brakhofstra\u00dfe 16<br>33729 Bielefeld<\/p>\n<\/div>\n<\/div>\n\n\n\n<div class=\"wp-block-cb-slide\">\n<figure class=\"wp-block-image size-full\"><a href=\"https:\/\/mellycox.de\/leichte-sprache\/heinrichstrasse\/\"><img loading=\"lazy\" decoding=\"async\" width=\"2048\" height=\"1365\" src=\"https:\/\/mellycox.de\/leichte-sprache\/wp-content\/uploads\/sites\/2\/2026\/02\/MC_Standort-15.webp\" alt=\"\" class=\"wp-image-133\" srcset=\"https:\/\/mellycox.de\/leichte-sprache\/wp-content\/uploads\/sites\/2\/2026\/02\/MC_Standort-15.webp 2048w, https:\/\/mellycox.de\/leichte-sprache\/wp-content\/uploads\/sites\/2\/2026\/02\/MC_Standort-15-300x200.webp 300w, https:\/\/mellycox.de\/leichte-sprache\/wp-content\/uploads\/sites\/2\/2026\/02\/MC_Standort-15-1024x683.webp 1024w, https:\/\/mellycox.de\/leichte-sprache\/wp-content\/uploads\/sites\/2\/2026\/02\/MC_Standort-15-768x512.webp 768w, https:\/\/mellycox.de\/leichte-sprache\/wp-content\/uploads\/sites\/2\/2026\/02\/MC_Standort-15-1536x1024.webp 1536w\" sizes=\"auto, (max-width: 2048px) 100vw, 2048px\" \/><\/a><\/figure>\n\n\n\n<div class=\"wp-block-group is-layout-constrained wp-block-group-is-layout-constrained\">\n<h4 class=\"wp-block-heading nachoben has-wpfse-schwarz-color has-wpfse-blau-logo-background-color has-text-color has-background has-link-color wp-elements-b2f647cceb2504655c4fc42f03ac1bbd\"><a href=\"https:\/\/mellycox.de\/leichte-sprache\/heinrichstrasse\/\" data-type=\"page\" data-id=\"252\">Bielefeld-Mitte<\/a><\/h4>\n\n\n\n<p class=\"has-wpfse-schwarz-color has-text-color has-link-color wp-elements-2b41a3326a10876709ac0eea0ed05d5c\">Heinrichstra\u00dfe 24<br>33602 Bielefeld<\/p>\n<\/div>\n<\/div>\n\n\n\n<div class=\"wp-block-cb-slide\">\n<figure class=\"wp-block-image size-full\"><a href=\"https:\/\/mellycox.de\/leichte-sprache\/kammermuehlenweg\/\"><img decoding=\"async\" src=\"https:\/\/mellycox.de\/wp-content\/uploads\/MC_Standort-14.webp\" alt=\"\" class=\"wp-image-546\"\/><\/a><\/figure>\n\n\n\n<div class=\"wp-block-group is-layout-constrained wp-block-group-is-layout-constrained\">\n<h4 class=\"wp-block-heading nachoben has-wpfse-schwarz-color has-wpfse-blau-logo-background-color has-text-color has-background has-link-color wp-elements-4234c45bf5ef2f83ed31e3ce8a415249\"><a href=\"https:\/\/mellycox.de\/leichte-sprache\/kammermuehlenweg\/\" data-type=\"page\" data-id=\"254\">Bielefeld-Heepen<\/a><\/h4>\n\n\n\n<p class=\"has-wpfse-schwarz-color has-text-color has-link-color wp-elements-fff88322924a4c07c6c8f1491c9cddc8\">Kammerm\u00fchlenweg 12<br>33607 Bielefeld<\/p>\n<\/div>\n<\/div>\n\n\n\n<div class=\"wp-block-cb-slide\">\n<figure class=\"wp-block-image size-full\"><a href=\"https:\/\/mellycox.de\/leichte-sprache\/westerfeldstrasse\/\"><img decoding=\"async\" src=\"https:\/\/mellycox.de\/wp-content\/uploads\/MC_Standort-21.webp\" alt=\"\" class=\"wp-image-554\"\/><\/a><\/figure>\n\n\n\n<div class=\"wp-block-group is-layout-constrained wp-block-group-is-layout-constrained\">\n<h4 class=\"wp-block-heading nachoben has-wpfse-schwarz-color has-wpfse-blau-logo-background-color has-text-color has-background has-link-color wp-elements-6dab831b6e021e21ccfa3fbd6b12d8bf\"><a href=\"https:\/\/mellycox.de\/leichte-sprache\/westerfeldstrasse\/\" data-type=\"page\" data-id=\"256\">Bielefeld-Schildesche<\/a><\/h4>\n\n\n\n<p class=\"has-wpfse-schwarz-color has-text-color has-link-color wp-elements-aea05e55a0d0680afd976e798a02ee6d\">Westerfeldstra\u00dfe 152a<br>33613 Bielefeld<\/p>\n<\/div>\n<\/div>\n<\/div>\n\n\n\n<div style=\"height:50px\" aria-hidden=\"true\" class=\"wp-block-spacer\"><\/div>\n\n\n\n<div class=\"wp-block-buttons is-content-justification-right is-layout-flex wp-container-core-buttons-is-layout-765c4724 wp-block-buttons-is-layout-flex\">\n<div class=\"wp-block-button is-style-fill\"><a class=\"wp-block-button__link has-wpfse-schwarz-color has-wpfse-blau-logo-background-color has-text-color has-background has-link-color wp-element-button\" href=\"https:\/\/mellycox.de\/leichte-sprache\/standorte\/\">Alle Standorte anzeigen<\/a><\/div>\n<\/div>\n<\/div>\n\n\n\n<div style=\"height:100px\" aria-hidden=\"true\" class=\"wp-block-spacer\"><\/div>\n\n\n\n<div class=\"wp-block-group achtigprozentrechts has-background is-content-justification-right is-layout-constrained wp-container-core-group-is-layout-4bbbed8d wp-block-group-is-layout-constrained\" style=\"background:linear-gradient(57deg,rgb(191,179,155) 1%,rgb(242,229,212) 99%)\">\n<div class=\"wp-block-group is-layout-constrained wp-container-core-group-is-layout-06ee857a wp-block-group-is-layout-constrained\">\n<div style=\"height:50px\" aria-hidden=\"true\" class=\"wp-block-spacer\"><\/div>\n\n\n\n<h2 class=\"wp-block-heading has-text-align-left has-wpfse-grey-color has-text-color has-link-color wp-elements-2558ffe2737f30978ccad70e5b91e861\">Arbeiten bei MellyCox<\/h2>\n\n\n\n<p class=\"has-text-align-left has-wpfse-grey-color has-text-color has-link-color wp-elements-12a135c999261926e15763c4c07a55d6\">M\u00f6chten Sie in der Pflege arbeiten?<\/p>\n\n\n\n<p class=\"has-text-align-left has-wpfse-grey-color has-text-color has-link-color wp-elements-6c31d9cd28fe274397fc1b0faf8ac3b8\">Bei uns gibt es viele M\u00f6glichkeiten!<\/p>\n\n\n\n<p class=\"has-text-align-left has-wpfse-grey-color has-text-color has-link-color wp-elements-1cec6a2b15657b8a0bf1076fd5693317\">Egal, ob Sie neu anfangen oder schon Erfahrung haben \u2013 wir finden die richtige Stelle f\u00fcr Sie. \u200bSie k\u00f6nnen bei uns eine Ausbildung machen oder sich weiterentwickeln. \u200bAuch ehrenamtliche Arbeit ist m\u00f6glich, wenn Sie anderen helfen m\u00f6chten. \u200b<\/p>\n\n\n\n<p class=\"has-text-align-left has-wpfse-grey-color has-text-color has-link-color wp-elements-1c6f684b48a536dd11ff324e71e81005\">Wir glauben, dass jeder einen Platz verdient, an dem er sich wohlf\u00fchlt. \u200b Kommen Sie zu uns und werden Sie Teil unseres Teams!<\/p>\n\n\n\n<div class=\"wp-block-buttons is-content-justification-left is-layout-flex wp-container-core-buttons-is-layout-fdcfc74e wp-block-buttons-is-layout-flex\">\n<div class=\"wp-block-button\"><a class=\"wp-block-button__link has-wpfse-blau-logo-color has-wpfse-grey-background-color has-text-color has-background has-link-color wp-element-button\" href=\"https:\/\/mellycox.de\/leichte-sprache\/karriere\/\">Jobangebote anzeigen<\/a><\/div>\n<\/div>\n\n\n\n<div style=\"height:50px\" aria-hidden=\"true\" class=\"wp-block-spacer\"><\/div>\n<\/div>\n<\/div>\n","protected":false},"excerpt":{"rendered":"<p>Pflege mit Herz Wir helfen Ihnen zuhause, damit Sie sich wohlf\u00fchlen. Unser Team unterst\u00fctzt Sie im Alltag.Freundlich, zuverl\u00e4ssig und genau so, wie Sie es brauchen. Wir m\u00f6chten, dass Sie selbstst\u00e4ndig bleiben und sich sicher f\u00fchlen. \u200b Auch Ihre Familie soll wissen, dass Sie gut versorgt sind. \u200b \u201eGute Pflege entlastet nicht nur, sie gibt Familien [&hellip;]<\/p>\n","protected":false},"author":1,"featured_media":0,"parent":0,"menu_order":0,"comment_status":"closed","ping_status":"closed","template":"","meta":{"footnotes":""},"class_list":["post-21","page","type-page","status-publish","hentry"],"yoast_head":"<!-- This site is optimized with the Yoast SEO plugin v27.3 - https:\/\/yoast.com\/product\/yoast-seo-wordpress\/ -->\n<title>Startseite - MellyCox - Leichte Sprache<\/title>\n<meta name=\"robots\" content=\"index, follow, max-snippet:-1, max-image-preview:large, max-video-preview:-1\" \/>\n<link rel=\"canonical\" href=\"https:\/\/mellycox.de\/leichte-sprache\/\" \/>\n<meta property=\"og:locale\" content=\"de_DE\" \/>\n<meta property=\"og:type\" content=\"article\" \/>\n<meta property=\"og:title\" content=\"Startseite - MellyCox - Leichte Sprache\" \/>\n<meta property=\"og:description\" content=\"Pflege mit Herz Wir helfen Ihnen zuhause, damit Sie sich wohlf\u00fchlen. Unser Team unterst\u00fctzt Sie im Alltag.Freundlich, zuverl\u00e4ssig und genau so, wie Sie es brauchen. Wir m\u00f6chten, dass Sie selbstst\u00e4ndig bleiben und sich sicher f\u00fchlen. \u200b Auch Ihre Familie soll wissen, dass Sie gut versorgt sind. \u200b \u201eGute Pflege entlastet nicht nur, sie gibt Familien [&hellip;]\" \/>\n<meta property=\"og:url\" content=\"https:\/\/mellycox.de\/leichte-sprache\/\" \/>\n<meta property=\"og:site_name\" content=\"MellyCox - Leichte Sprache\" \/>\n<meta property=\"article:modified_time\" content=\"2026-03-22T13:00:28+00:00\" \/>\n<meta property=\"og:image\" content=\"https:\/\/mellycox.de\/leichte-sprache\/wp-content\/uploads\/sites\/2\/2026\/02\/u6412368242_httpss.mj_.rungfcTaETN8Hk_elderly_woman_knitting_wit_3e0477fb-5dcc-4f6e-9184-1c0535af0e67-scaled.webp\" \/>\n\t<meta property=\"og:image:width\" content=\"2560\" \/>\n\t<meta property=\"og:image:height\" content=\"1435\" \/>\n\t<meta property=\"og:image:type\" content=\"image\/webp\" \/>\n<meta name=\"twitter:card\" content=\"summary_large_image\" \/>\n<meta name=\"twitter:label1\" content=\"Gesch\u00e4tzte Lesezeit\" \/>\n\t<meta name=\"twitter:data1\" content=\"4\u00a0Minuten\" \/>\n<script type=\"application\/ld+json\" class=\"yoast-schema-graph\">{\"@context\":\"https:\\\/\\\/schema.org\",\"@graph\":[{\"@type\":\"WebPage\",\"@id\":\"https:\\\/\\\/mellycox.de\\\/leichte-sprache\\\/\",\"url\":\"https:\\\/\\\/mellycox.de\\\/leichte-sprache\\\/\",\"name\":\"Startseite - MellyCox - Leichte Sprache\",\"isPartOf\":{\"@id\":\"https:\\\/\\\/mellycox.de\\\/leichte-sprache\\\/#website\"},\"primaryImageOfPage\":{\"@id\":\"https:\\\/\\\/mellycox.de\\\/leichte-sprache\\\/#primaryimage\"},\"image\":{\"@id\":\"https:\\\/\\\/mellycox.de\\\/leichte-sprache\\\/#primaryimage\"},\"thumbnailUrl\":\"https:\\\/\\\/mellycox.de\\\/leichte-sprache\\\/wp-content\\\/uploads\\\/sites\\\/2\\\/2026\\\/02\\\/u6412368242_httpss.mj_.rungfcTaETN8Hk_elderly_woman_knitting_wit_3e0477fb-5dcc-4f6e-9184-1c0535af0e67-scaled.webp\",\"datePublished\":\"2025-09-18T14:42:51+00:00\",\"dateModified\":\"2026-03-22T13:00:28+00:00\",\"breadcrumb\":{\"@id\":\"https:\\\/\\\/mellycox.de\\\/leichte-sprache\\\/#breadcrumb\"},\"inLanguage\":\"de\",\"potentialAction\":[{\"@type\":\"ReadAction\",\"target\":[\"https:\\\/\\\/mellycox.de\\\/leichte-sprache\\\/\"]}]},{\"@type\":\"ImageObject\",\"inLanguage\":\"de\",\"@id\":\"https:\\\/\\\/mellycox.de\\\/leichte-sprache\\\/#primaryimage\",\"url\":\"https:\\\/\\\/mellycox.de\\\/leichte-sprache\\\/wp-content\\\/uploads\\\/sites\\\/2\\\/2026\\\/02\\\/u6412368242_httpss.mj_.rungfcTaETN8Hk_elderly_woman_knitting_wit_3e0477fb-5dcc-4f6e-9184-1c0535af0e67-scaled.webp\",\"contentUrl\":\"https:\\\/\\\/mellycox.de\\\/leichte-sprache\\\/wp-content\\\/uploads\\\/sites\\\/2\\\/2026\\\/02\\\/u6412368242_httpss.mj_.rungfcTaETN8Hk_elderly_woman_knitting_wit_3e0477fb-5dcc-4f6e-9184-1c0535af0e67-scaled.webp\",\"width\":2560,\"height\":1435},{\"@type\":\"BreadcrumbList\",\"@id\":\"https:\\\/\\\/mellycox.de\\\/leichte-sprache\\\/#breadcrumb\",\"itemListElement\":[{\"@type\":\"ListItem\",\"position\":1,\"name\":\"Start\",\"item\":\"https:\\\/\\\/mellycox.de\\\/leichte-sprache\\\/\"},{\"@type\":\"ListItem\",\"position\":2,\"name\":\"Startseite\"}]},{\"@type\":\"WebSite\",\"@id\":\"https:\\\/\\\/mellycox.de\\\/leichte-sprache\\\/#website\",\"url\":\"https:\\\/\\\/mellycox.de\\\/leichte-sprache\\\/\",\"name\":\"MellyCox - Leichte Sprache\",\"description\":\"\",\"publisher\":{\"@id\":\"https:\\\/\\\/mellycox.de\\\/leichte-sprache\\\/#organization\"},\"potentialAction\":[{\"@type\":\"SearchAction\",\"target\":{\"@type\":\"EntryPoint\",\"urlTemplate\":\"https:\\\/\\\/mellycox.de\\\/leichte-sprache\\\/?s={search_term_string}\"},\"query-input\":{\"@type\":\"PropertyValueSpecification\",\"valueRequired\":true,\"valueName\":\"search_term_string\"}}],\"inLanguage\":\"de\"},{\"@type\":\"Organization\",\"@id\":\"https:\\\/\\\/mellycox.de\\\/leichte-sprache\\\/#organization\",\"name\":\"MellyCox - Leichte Sprache\",\"url\":\"https:\\\/\\\/mellycox.de\\\/leichte-sprache\\\/\",\"logo\":{\"@type\":\"ImageObject\",\"inLanguage\":\"de\",\"@id\":\"https:\\\/\\\/mellycox.de\\\/leichte-sprache\\\/#\\\/schema\\\/logo\\\/image\\\/\",\"url\":\"https:\\\/\\\/mellycox.de\\\/leichte-sprache\\\/wp-content\\\/uploads\\\/sites\\\/2\\\/2025\\\/09\\\/mellycox_Logo_2025_quer-scaled.png\",\"contentUrl\":\"https:\\\/\\\/mellycox.de\\\/leichte-sprache\\\/wp-content\\\/uploads\\\/sites\\\/2\\\/2025\\\/09\\\/mellycox_Logo_2025_quer-scaled.png\",\"width\":2560,\"height\":729,\"caption\":\"MellyCox - Leichte Sprache\"},\"image\":{\"@id\":\"https:\\\/\\\/mellycox.de\\\/leichte-sprache\\\/#\\\/schema\\\/logo\\\/image\\\/\"}}]}<\/script>\n<!-- \/ Yoast SEO plugin. -->","yoast_head_json":{"title":"Startseite - MellyCox - Leichte Sprache","robots":{"index":"index","follow":"follow","max-snippet":"max-snippet:-1","max-image-preview":"max-image-preview:large","max-video-preview":"max-video-preview:-1"},"canonical":"https:\/\/mellycox.de\/leichte-sprache\/","og_locale":"de_DE","og_type":"article","og_title":"Startseite - MellyCox - Leichte Sprache","og_description":"Pflege mit Herz Wir helfen Ihnen zuhause, damit Sie sich wohlf\u00fchlen. Unser Team unterst\u00fctzt Sie im Alltag.Freundlich, zuverl\u00e4ssig und genau so, wie Sie es brauchen. Wir m\u00f6chten, dass Sie selbstst\u00e4ndig bleiben und sich sicher f\u00fchlen. \u200b Auch Ihre Familie soll wissen, dass Sie gut versorgt sind. \u200b \u201eGute Pflege entlastet nicht nur, sie gibt Familien [&hellip;]","og_url":"https:\/\/mellycox.de\/leichte-sprache\/","og_site_name":"MellyCox - Leichte Sprache","article_modified_time":"2026-03-22T13:00:28+00:00","og_image":[{"width":2560,"height":1435,"url":"https:\/\/mellycox.de\/leichte-sprache\/wp-content\/uploads\/sites\/2\/2026\/02\/u6412368242_httpss.mj_.rungfcTaETN8Hk_elderly_woman_knitting_wit_3e0477fb-5dcc-4f6e-9184-1c0535af0e67-scaled.webp","type":"image\/webp"}],"twitter_card":"summary_large_image","twitter_misc":{"Gesch\u00e4tzte Lesezeit":"4\u00a0Minuten"},"schema":{"@context":"https:\/\/schema.org","@graph":[{"@type":"WebPage","@id":"https:\/\/mellycox.de\/leichte-sprache\/","url":"https:\/\/mellycox.de\/leichte-sprache\/","name":"Startseite - MellyCox - Leichte Sprache","isPartOf":{"@id":"https:\/\/mellycox.de\/leichte-sprache\/#website"},"primaryImageOfPage":{"@id":"https:\/\/mellycox.de\/leichte-sprache\/#primaryimage"},"image":{"@id":"https:\/\/mellycox.de\/leichte-sprache\/#primaryimage"},"thumbnailUrl":"https:\/\/mellycox.de\/leichte-sprache\/wp-content\/uploads\/sites\/2\/2026\/02\/u6412368242_httpss.mj_.rungfcTaETN8Hk_elderly_woman_knitting_wit_3e0477fb-5dcc-4f6e-9184-1c0535af0e67-scaled.webp","datePublished":"2025-09-18T14:42:51+00:00","dateModified":"2026-03-22T13:00:28+00:00","breadcrumb":{"@id":"https:\/\/mellycox.de\/leichte-sprache\/#breadcrumb"},"inLanguage":"de","potentialAction":[{"@type":"ReadAction","target":["https:\/\/mellycox.de\/leichte-sprache\/"]}]},{"@type":"ImageObject","inLanguage":"de","@id":"https:\/\/mellycox.de\/leichte-sprache\/#primaryimage","url":"https:\/\/mellycox.de\/leichte-sprache\/wp-content\/uploads\/sites\/2\/2026\/02\/u6412368242_httpss.mj_.rungfcTaETN8Hk_elderly_woman_knitting_wit_3e0477fb-5dcc-4f6e-9184-1c0535af0e67-scaled.webp","contentUrl":"https:\/\/mellycox.de\/leichte-sprache\/wp-content\/uploads\/sites\/2\/2026\/02\/u6412368242_httpss.mj_.rungfcTaETN8Hk_elderly_woman_knitting_wit_3e0477fb-5dcc-4f6e-9184-1c0535af0e67-scaled.webp","width":2560,"height":1435},{"@type":"BreadcrumbList","@id":"https:\/\/mellycox.de\/leichte-sprache\/#breadcrumb","itemListElement":[{"@type":"ListItem","position":1,"name":"Start","item":"https:\/\/mellycox.de\/leichte-sprache\/"},{"@type":"ListItem","position":2,"name":"Startseite"}]},{"@type":"WebSite","@id":"https:\/\/mellycox.de\/leichte-sprache\/#website","url":"https:\/\/mellycox.de\/leichte-sprache\/","name":"MellyCox - Leichte Sprache","description":"","publisher":{"@id":"https:\/\/mellycox.de\/leichte-sprache\/#organization"},"potentialAction":[{"@type":"SearchAction","target":{"@type":"EntryPoint","urlTemplate":"https:\/\/mellycox.de\/leichte-sprache\/?s={search_term_string}"},"query-input":{"@type":"PropertyValueSpecification","valueRequired":true,"valueName":"search_term_string"}}],"inLanguage":"de"},{"@type":"Organization","@id":"https:\/\/mellycox.de\/leichte-sprache\/#organization","name":"MellyCox - Leichte Sprache","url":"https:\/\/mellycox.de\/leichte-sprache\/","logo":{"@type":"ImageObject","inLanguage":"de","@id":"https:\/\/mellycox.de\/leichte-sprache\/#\/schema\/logo\/image\/","url":"https:\/\/mellycox.de\/leichte-sprache\/wp-content\/uploads\/sites\/2\/2025\/09\/mellycox_Logo_2025_quer-scaled.png","contentUrl":"https:\/\/mellycox.de\/leichte-sprache\/wp-content\/uploads\/sites\/2\/2025\/09\/mellycox_Logo_2025_quer-scaled.png","width":2560,"height":729,"caption":"MellyCox - Leichte Sprache"},"image":{"@id":"https:\/\/mellycox.de\/leichte-sprache\/#\/schema\/logo\/image\/"}}]}},"_links":{"self":[{"href":"https:\/\/mellycox.de\/leichte-sprache\/wp-json\/wp\/v2\/pages\/21","targetHints":{"allow":["GET"]}}],"collection":[{"href":"https:\/\/mellycox.de\/leichte-sprache\/wp-json\/wp\/v2\/pages"}],"about":[{"href":"https:\/\/mellycox.de\/leichte-sprache\/wp-json\/wp\/v2\/types\/page"}],"author":[{"embeddable":true,"href":"https:\/\/mellycox.de\/leichte-sprache\/wp-json\/wp\/v2\/users\/1"}],"replies":[{"embeddable":true,"href":"https:\/\/mellycox.de\/leichte-sprache\/wp-json\/wp\/v2\/comments?post=21"}],"version-history":[{"count":20,"href":"https:\/\/mellycox.de\/leichte-sprache\/wp-json\/wp\/v2\/pages\/21\/revisions"}],"predecessor-version":[{"id":230,"href":"https:\/\/mellycox.de\/leichte-sprache\/wp-json\/wp\/v2\/pages\/21\/revisions\/230"}],"wp:attachment":[{"href":"https:\/\/mellycox.de\/leichte-sprache\/wp-json\/wp\/v2\/media?parent=21"}],"curies":[{"name":"wp","href":"https:\/\/api.w.org\/{rel}","templated":true}]}}