{"id":19,"date":"2025-09-18T16:27:06","date_gmt":"2025-09-18T14:27:06","guid":{"rendered":"https:\/\/mellycox.de\/leichte-sprache\/?page_id=19"},"modified":"2026-03-22T13:58:16","modified_gmt":"2026-03-22T12:58:16","slug":"standorte","status":"publish","type":"page","link":"https:\/\/mellycox.de\/leichte-sprache\/standorte\/","title":{"rendered":"Standorte"},"content":{"rendered":"\n<div style=\"height:200px\" aria-hidden=\"true\" class=\"wp-block-spacer\"><\/div>\n\n\n\n<div class=\"wp-block-group is-layout-constrained wp-block-group-is-layout-constrained\">\n<h1 class=\"wp-block-heading\">Unsere Pflegestandorte in Bielefeld<\/h1>\n\n\n\n<p>Wir arbeiten in Teams mit verschiedenen Berufen.<br>Wir sind direkt in Ihrem Stadtteil vor Ort.<br>Wir arbeiten in Bielefelder Modellen und in Wohngemeinschaften.<\/p>\n\n\n\n<p>Sie bekommen Hilfe so, wie Sie es w\u00fcnschen.<br>Wir verlangen keine Betreuungspauschale.<br>Wir rechnen nur Leistungen ab, die wir wirklich erbracht haben.<\/p>\n\n\n\n<p>MellyCox ist in Bielefeld f\u00fcr Sie da.<br>In diesen Stadtteilen sind wir aktiv: Dornberg, Schildesche, Gellershagen, Sudbrack, Mitte, Ost, Brake und Baumheide.<br>So sind wir immer in Ihrer N\u00e4he.<\/p>\n\n\n\n<p>Unsere Wohncaf\u00e9s sind liebevoll gestaltet.<br>Sie sind Orte zum Treffen und Zusammensein.<br>Zum Beispiel beim Mittagessen, bei Spielen oder bei Nachbarschaftstreffen.<br>Hier k\u00f6nnen Menschen sich wohlf\u00fchlen und Kontakte kn\u00fcpfen.<\/p>\n\n\n\n<p>Wir arbeiten zusammen mit der BGW, der Freien Scholle, Becker Immobilien, Gepflegt Wohnen und der Stadt Bielefeld.<br>So k\u00f6nnen wir auch in barrierearmen R\u00e4umen gut unterst\u00fctzen.<\/p>\n\n\n\n<p>Wir unterst\u00fctzen Sie dort, wo Sie sich sicher und geborgen f\u00fchlen:<br>bei Ihnen zu Hause.<\/p>\n\n\n\n<div class=\"wp-block-group is-layout-grid wp-container-core-group-is-layout-baef362d wp-block-group-is-layout-grid\">\n<div class=\"wp-block-group has-wpfse-grey-background-color has-background is-layout-constrained wp-block-group-is-layout-constrained\">\n<figure class=\"wp-block-image\"><a href=\"https:\/\/mellycox.de\/leichte-sprache\/am-sudholz\/\"><img loading=\"lazy\" decoding=\"async\" width=\"1024\" height=\"683\" src=\"https:\/\/mellycox.de\/leichte-sprache\/wp-content\/uploads\/sites\/2\/2026\/02\/MC_Standort-16-1024x683.webp\" alt=\"\" class=\"wp-image-127\" srcset=\"https:\/\/mellycox.de\/leichte-sprache\/wp-content\/uploads\/sites\/2\/2026\/02\/MC_Standort-16-1024x683.webp 1024w, https:\/\/mellycox.de\/leichte-sprache\/wp-content\/uploads\/sites\/2\/2026\/02\/MC_Standort-16-300x200.webp 300w, https:\/\/mellycox.de\/leichte-sprache\/wp-content\/uploads\/sites\/2\/2026\/02\/MC_Standort-16-768x512.webp 768w, https:\/\/mellycox.de\/leichte-sprache\/wp-content\/uploads\/sites\/2\/2026\/02\/MC_Standort-16-1536x1024.webp 1536w, https:\/\/mellycox.de\/leichte-sprache\/wp-content\/uploads\/sites\/2\/2026\/02\/MC_Standort-16.webp 2048w\" sizes=\"auto, (max-width: 1024px) 100vw, 1024px\" \/><\/a><\/figure>\n\n\n\n<h2 class=\"wp-block-heading has-wpfse-schwarz-color has-text-color has-link-color wp-elements-8988a914f77038dfd3de4747ad9ee979\"><a href=\"https:\/\/mellycox.de\/leichte-sprache\/am-sudholz\/\" data-type=\"page\" data-id=\"158\">Am Sudholz (Schildesche)<\/a><\/h2>\n\n\n\n<p class=\"has-wpfse-schwarz-color has-text-color has-link-color wp-elements-1033015848210375184d6081089d40de\">Das Team Am Sudholz geh\u00f6rt nicht zum Bielefelder Modell.<br>Das Geb\u00e4ude bekommen wir von der Freien Scholle.<\/p>\n\n\n\n<p class=\"has-wpfse-schwarz-color has-text-color has-link-color wp-elements-61d44869c0a7bddb9e0d63a577eab730\">Hier leben Menschen in einer Wohngruppe.<br>Alle helfen und unterst\u00fctzen sich gegenseitig.<\/p>\n\n\n\n<p class=\"has-wpfse-schwarz-color has-text-color has-link-color wp-elements-c27cd41f81d1fcaa19ae134e4c1ca2e2\">Unser Team vor Ort ist klein.<br>Die Menschen hier brauchen mehr Pflege.<br>Deshalb sind wir rund um die Uhr da \u2013 24 Stunden am Tag.<br>So ist immer jemand f\u00fcr Sie da.<\/p>\n\n\n\n<div class=\"wp-block-buttons is-layout-flex wp-block-buttons-is-layout-flex\">\n<div class=\"wp-block-button\"><a class=\"wp-block-button__link has-wpfse-grey-color has-wpfse-blau-logo-background-color has-text-color has-background has-link-color wp-element-button\" href=\"https:\/\/mellycox.de\/leichte-sprache\/am-sudholz\/\">mehr Informationen<\/a><\/div>\n<\/div>\n<\/div>\n\n\n\n<div class=\"wp-block-group has-wpfse-grey-background-color has-background is-layout-constrained wp-block-group-is-layout-constrained\">\n<figure class=\"wp-block-image\"><a href=\"https:\/\/mellycox.de\/leichte-sprache\/braker-strasse\/\"><img loading=\"lazy\" decoding=\"async\" width=\"1024\" height=\"683\" src=\"https:\/\/mellycox.de\/leichte-sprache\/wp-content\/uploads\/sites\/2\/2026\/02\/MC_Standort-2-1024x683.webp\" alt=\"\" class=\"wp-image-128\" srcset=\"https:\/\/mellycox.de\/leichte-sprache\/wp-content\/uploads\/sites\/2\/2026\/02\/MC_Standort-2-1024x683.webp 1024w, https:\/\/mellycox.de\/leichte-sprache\/wp-content\/uploads\/sites\/2\/2026\/02\/MC_Standort-2-300x200.webp 300w, https:\/\/mellycox.de\/leichte-sprache\/wp-content\/uploads\/sites\/2\/2026\/02\/MC_Standort-2-768x512.webp 768w, https:\/\/mellycox.de\/leichte-sprache\/wp-content\/uploads\/sites\/2\/2026\/02\/MC_Standort-2-1536x1024.webp 1536w, https:\/\/mellycox.de\/leichte-sprache\/wp-content\/uploads\/sites\/2\/2026\/02\/MC_Standort-2.webp 2048w\" sizes=\"auto, (max-width: 1024px) 100vw, 1024px\" \/><\/a><\/figure>\n\n\n\n<h2 class=\"wp-block-heading has-wpfse-schwarz-color has-text-color has-link-color wp-elements-ccb65e0f4c8ce0f3f29ef7db19cd204d\"><a href=\"https:\/\/mellycox.de\/leichte-sprache\/brakhofstrasse\/\" data-type=\"page\" data-id=\"162\">Braker Stra\u00dfe (Brake)<\/a><\/h2>\n\n\n\n<p class=\"has-wpfse-schwarz-color has-text-color has-link-color wp-elements-b63aba2f30fd874c2839dd3768a5d02e\">Das Team in der Braker Stra\u00dfe geh\u00f6rt zum Bielefelder Modell.<br>Wir arbeiten hier eng mit der BGW zusammen.<\/p>\n\n\n\n<p class=\"has-wpfse-schwarz-color has-text-color has-link-color wp-elements-05e11080422b183e679e2d6a65c42ef3\">Es gibt 39 barrierefreie Wohnungen.<br>Die Wohnungen sind zwischen 47 und 72 Quadratmeter gro\u00df.<\/p>\n\n\n\n<p class=\"has-wpfse-schwarz-color has-text-color has-link-color wp-elements-5c807e8128632e101b0155ca98ee753c\">Zum Standort geh\u00f6rt ein Wohncaf\u00e9.<br>Hier kann man zusammen essen, Kaffee trinken und Freizeitangebote nutzen.<br>Das Wohncaf\u00e9 ist ein Treffpunkt f\u00fcr alle.<\/p>\n\n\n\n<p class=\"has-wpfse-schwarz-color has-text-color has-link-color wp-elements-884368c7fb42674d901bf01de39725ff\">Unser Standort ist im Stadtteil Brake.<\/p>\n\n\n\n<div class=\"wp-block-buttons is-layout-flex wp-block-buttons-is-layout-flex\">\n<div class=\"wp-block-button\"><a class=\"wp-block-button__link has-wpfse-grey-color has-wpfse-blau-logo-background-color has-text-color has-background has-link-color wp-element-button\" href=\"https:\/\/mellycox.de\/leichte-sprache\/braker-strasse\/\">mehr Informationen<\/a><\/div>\n<\/div>\n<\/div>\n\n\n\n<div class=\"wp-block-group has-wpfse-grey-background-color has-background is-layout-constrained wp-block-group-is-layout-constrained\">\n<figure class=\"wp-block-image\"><a href=\"https:\/\/mellycox.de\/leichte-sprache\/brakhofstrasse\/\"><img loading=\"lazy\" decoding=\"async\" width=\"1024\" height=\"683\" src=\"https:\/\/mellycox.de\/leichte-sprache\/wp-content\/uploads\/sites\/2\/2026\/02\/MC_Standort-13-1024x683.webp\" alt=\"\" class=\"wp-image-129\" srcset=\"https:\/\/mellycox.de\/leichte-sprache\/wp-content\/uploads\/sites\/2\/2026\/02\/MC_Standort-13-1024x683.webp 1024w, https:\/\/mellycox.de\/leichte-sprache\/wp-content\/uploads\/sites\/2\/2026\/02\/MC_Standort-13-300x200.webp 300w, https:\/\/mellycox.de\/leichte-sprache\/wp-content\/uploads\/sites\/2\/2026\/02\/MC_Standort-13-768x512.webp 768w, https:\/\/mellycox.de\/leichte-sprache\/wp-content\/uploads\/sites\/2\/2026\/02\/MC_Standort-13-1536x1024.webp 1536w, https:\/\/mellycox.de\/leichte-sprache\/wp-content\/uploads\/sites\/2\/2026\/02\/MC_Standort-13.webp 2048w\" sizes=\"auto, (max-width: 1024px) 100vw, 1024px\" \/><\/a><\/figure>\n\n\n\n<h2 class=\"wp-block-heading has-wpfse-schwarz-color has-text-color has-link-color wp-elements-0b834bb2fb2b72f3a584c5e53a0f0af5\"><a href=\"https:\/\/mellycox.de\/leichte-sprache\/brakhofstrasse\/\" data-type=\"page\" data-id=\"162\">Brakhofstra\u00dfe (Brake)<\/a><\/h2>\n\n\n\n<p class=\"has-wpfse-schwarz-color has-text-color has-link-color wp-elements-74ae4952d2e06baaa9a7736b9d1b3226\">Unser Standort in der Brakhofstra\u00dfe ist in Brake.<br>Er geh\u00f6rt aber nicht zum Bielefelder Modell.<\/p>\n\n\n\n<p class=\"has-wpfse-schwarz-color has-text-color has-link-color wp-elements-2ce965729395fe706b7530a63b179337\">Es gibt ein offenes Wohncaf\u00e9 f\u00fcr alle Bewohner und G\u00e4ste.<br>Hier kann man sich treffen, reden und gemeinsam etwas machen.<\/p>\n\n\n\n<p class=\"has-wpfse-schwarz-color has-text-color has-link-color wp-elements-ddfea0320817f1527e05f8b6107b6f92\">Unser Team ist engagiert und immer da.<br>Wir bieten eine 24-Stunden-Betreuung an.<br>So ist immer jemand f\u00fcr Sie da.<\/p>\n\n\n\n<div class=\"wp-block-buttons is-layout-flex wp-block-buttons-is-layout-flex\">\n<div class=\"wp-block-button\"><a class=\"wp-block-button__link has-wpfse-grey-color has-wpfse-blau-logo-background-color has-text-color has-background has-link-color wp-element-button\" href=\"https:\/\/mellycox.de\/leichte-sprache\/brakhofstrasse\/\">mehr Informationen<\/a><\/div>\n<\/div>\n<\/div>\n\n\n\n<div class=\"wp-block-group has-wpfse-grey-background-color has-background is-layout-constrained wp-block-group-is-layout-constrained\">\n<figure class=\"wp-block-image\"><a href=\"https:\/\/mellycox.de\/leichte-sprache\/heinrichstrasse\/\"><img loading=\"lazy\" decoding=\"async\" width=\"1024\" height=\"683\" src=\"https:\/\/mellycox.de\/leichte-sprache\/wp-content\/uploads\/sites\/2\/2026\/02\/MC_Standort-15-1024x683.webp\" alt=\"\" class=\"wp-image-133\" srcset=\"https:\/\/mellycox.de\/leichte-sprache\/wp-content\/uploads\/sites\/2\/2026\/02\/MC_Standort-15-1024x683.webp 1024w, https:\/\/mellycox.de\/leichte-sprache\/wp-content\/uploads\/sites\/2\/2026\/02\/MC_Standort-15-300x200.webp 300w, https:\/\/mellycox.de\/leichte-sprache\/wp-content\/uploads\/sites\/2\/2026\/02\/MC_Standort-15-768x512.webp 768w, https:\/\/mellycox.de\/leichte-sprache\/wp-content\/uploads\/sites\/2\/2026\/02\/MC_Standort-15-1536x1024.webp 1536w, https:\/\/mellycox.de\/leichte-sprache\/wp-content\/uploads\/sites\/2\/2026\/02\/MC_Standort-15.webp 2048w\" sizes=\"auto, (max-width: 1024px) 100vw, 1024px\" \/><\/a><\/figure>\n\n\n\n<h2 class=\"wp-block-heading has-wpfse-schwarz-color has-text-color has-link-color wp-elements-17ea788255ca35201dfdcd5daab21d69\"><a href=\"https:\/\/mellycox.de\/leichte-sprache\/heinrichstrasse\/\" data-type=\"page\" data-id=\"166\">Heinrichstra\u00dfe (Mitte)<\/a><\/h2>\n\n\n\n<p class=\"has-wpfse-schwarz-color has-text-color has-link-color wp-elements-2518d61e7f8f66689c12df389de56eac\">Das Team in der Heinrichstra\u00dfe geh\u00f6rt zum Bielefelder Modell.<br>Wir arbeiten hier mit der BGW zusammen.<\/p>\n\n\n\n<p class=\"has-wpfse-schwarz-color has-text-color has-link-color wp-elements-bc231f314cb98c90a20a68d4bbff1be1\">Es gibt 43 moderne Wohnungen.<br>Die Wohnungen sind zwischen 45 und 70 Quadratmeter gro\u00df.<\/p>\n\n\n\n<p class=\"has-wpfse-schwarz-color has-text-color has-link-color wp-elements-5458345371e1cc9e6ad2c8a412c6e6de\">Im Haus gibt es ein Wohncaf\u00e9.<br>Hier kann man essen, Nachbarn treffen und gemeinsam Zeit verbringen.<\/p>\n\n\n\n<p class=\"has-wpfse-schwarz-color has-text-color has-link-color wp-elements-fd878dde7572a9d9faed881bd052d8a9\">Wir bieten eine 24-Stunden-Betreuung an.<br>So ist immer jemand f\u00fcr Sie da.<\/p>\n\n\n\n<div class=\"wp-block-buttons is-layout-flex wp-block-buttons-is-layout-flex\">\n<div class=\"wp-block-button\"><a class=\"wp-block-button__link has-wpfse-grey-color has-wpfse-blau-logo-background-color has-text-color has-background has-link-color wp-element-button\" href=\"https:\/\/mellycox.de\/leichte-sprache\/heinrichstrasse\/\">mehr Informationen<\/a><\/div>\n<\/div>\n<\/div>\n\n\n\n<div class=\"wp-block-group has-wpfse-grey-background-color has-background is-layout-constrained wp-block-group-is-layout-constrained\">\n<figure class=\"wp-block-image\"><a href=\"https:\/\/mellycox.de\/leichte-sprache\/kammermuehlenweg\/\"><img loading=\"lazy\" decoding=\"async\" width=\"1024\" height=\"683\" src=\"https:\/\/mellycox.de\/leichte-sprache\/wp-content\/uploads\/sites\/2\/2026\/02\/MC_Standort-14-1024x683.webp\" alt=\"\" class=\"wp-image-131\" srcset=\"https:\/\/mellycox.de\/leichte-sprache\/wp-content\/uploads\/sites\/2\/2026\/02\/MC_Standort-14-1024x683.webp 1024w, https:\/\/mellycox.de\/leichte-sprache\/wp-content\/uploads\/sites\/2\/2026\/02\/MC_Standort-14-300x200.webp 300w, https:\/\/mellycox.de\/leichte-sprache\/wp-content\/uploads\/sites\/2\/2026\/02\/MC_Standort-14-768x512.webp 768w, https:\/\/mellycox.de\/leichte-sprache\/wp-content\/uploads\/sites\/2\/2026\/02\/MC_Standort-14-1536x1024.webp 1536w, https:\/\/mellycox.de\/leichte-sprache\/wp-content\/uploads\/sites\/2\/2026\/02\/MC_Standort-14.webp 2048w\" sizes=\"auto, (max-width: 1024px) 100vw, 1024px\" \/><\/a><\/figure>\n\n\n\n<h2 class=\"wp-block-heading has-wpfse-schwarz-color has-text-color has-link-color wp-elements-cfc854671b30189bf2d4056e64a65d55\"><a href=\"https:\/\/mellycox.de\/leichte-sprache\/kammermuehlenweg\/\" data-type=\"page\" data-id=\"168\">Kammerm\u00fchlenweg (Bielefeld Ost)<\/a><\/h2>\n\n\n\n<p class=\"has-wpfse-schwarz-color has-text-color has-link-color wp-elements-6e39034de0e93cb99a6ea3bb5718d672\">Unser Standort im Kammerm\u00fchlenweg geh\u00f6rt zum Bielefelder Modell.<br>Wir arbeiten hier mit der BGW zusammen.<\/p>\n\n\n\n<p class=\"has-wpfse-schwarz-color has-text-color has-link-color wp-elements-10c20a971dbbd6cad130a9e65bded490\">Es gibt 32 Wohnungen.<br>Die Wohnungen sind zwischen 47 und 70 Quadratmeter gro\u00df.<\/p>\n\n\n\n<p class=\"has-wpfse-schwarz-color has-text-color has-link-color wp-elements-65464685bebdf8336c4d57fd18260bc9\">Das Wohncaf\u00e9 ist der Mittelpunkt im Haus.<br>Hier werden regelm\u00e4\u00dfig frische Mahlzeiten gekocht.<br>Das Wohncaf\u00e9 ist auch ein Treffpunkt f\u00fcr alle Bewohner.<\/p>\n\n\n\n<div class=\"wp-block-buttons is-layout-flex wp-block-buttons-is-layout-flex\">\n<div class=\"wp-block-button\"><a class=\"wp-block-button__link has-wpfse-grey-color has-wpfse-blau-logo-background-color has-text-color has-background has-link-color wp-element-button\" href=\"https:\/\/mellycox.de\/leichte-sprache\/kammermuehlenweg\/\">mehr Informationen<\/a><\/div>\n<\/div>\n<\/div>\n\n\n\n<div class=\"wp-block-group has-wpfse-grey-background-color has-background is-layout-constrained wp-block-group-is-layout-constrained\">\n<figure class=\"wp-block-image\"><a href=\"https:\/\/mellycox.de\/leichte-sprache\/westerfeldstrasse\/\"><img loading=\"lazy\" decoding=\"async\" width=\"1024\" height=\"683\" src=\"https:\/\/mellycox.de\/leichte-sprache\/wp-content\/uploads\/sites\/2\/2026\/02\/MC_Standort-21-1024x683.webp\" alt=\"\" class=\"wp-image-132\" srcset=\"https:\/\/mellycox.de\/leichte-sprache\/wp-content\/uploads\/sites\/2\/2026\/02\/MC_Standort-21-1024x683.webp 1024w, https:\/\/mellycox.de\/leichte-sprache\/wp-content\/uploads\/sites\/2\/2026\/02\/MC_Standort-21-300x200.webp 300w, https:\/\/mellycox.de\/leichte-sprache\/wp-content\/uploads\/sites\/2\/2026\/02\/MC_Standort-21-768x512.webp 768w, https:\/\/mellycox.de\/leichte-sprache\/wp-content\/uploads\/sites\/2\/2026\/02\/MC_Standort-21-1536x1024.webp 1536w, https:\/\/mellycox.de\/leichte-sprache\/wp-content\/uploads\/sites\/2\/2026\/02\/MC_Standort-21.webp 2048w\" sizes=\"auto, (max-width: 1024px) 100vw, 1024px\" \/><\/a><\/figure>\n\n\n\n<h2 class=\"wp-block-heading has-wpfse-schwarz-color has-text-color has-link-color wp-elements-9a8c60d0648b3023dcc0a04900c32040\"><a href=\"https:\/\/mellycox.de\/leichte-sprache\/westerfeldstrasse\/\" data-type=\"page\" data-id=\"170\">Westerfeldstra\u00dfe (Gellershagen)<\/a><\/h2>\n\n\n\n<p class=\"has-wpfse-schwarz-color has-text-color has-link-color wp-elements-ed2ab5f549b3f5d320fd6191b8d77827\">Das Team in der Westerfeldstra\u00dfe geh\u00f6rt zum Bielefelder Modell.<br>Wir arbeiten hier mit der BGW zusammen.<\/p>\n\n\n\n<p class=\"has-wpfse-schwarz-color has-text-color has-link-color wp-elements-a5d1ce852cb0d34374a51e1721e8ac9f\">Es gibt 35 Wohnungen.<br>Die Wohnungen sind zwischen 47 und 74 Quadratmeter gro\u00df.<\/p>\n\n\n\n<p class=\"has-wpfse-schwarz-color has-text-color has-link-color wp-elements-c43d3f4451ae6d4b031c933333d66287\">Im Wohncaf\u00e9 kann man sich treffen, Kaffee trinken, Kuchen essen, spielen oder zusammen essen.<br>Das Wohncaf\u00e9 ist ein Treffpunkt f\u00fcr alle.<\/p>\n\n\n\n<p class=\"has-wpfse-schwarz-color has-text-color has-link-color wp-elements-fd878dde7572a9d9faed881bd052d8a9\">Wir bieten eine 24-Stunden-Betreuung an.<br>So ist immer jemand f\u00fcr Sie da.<\/p>\n\n\n\n<div class=\"wp-block-buttons is-layout-flex wp-block-buttons-is-layout-flex\">\n<div class=\"wp-block-button\"><a class=\"wp-block-button__link has-wpfse-grey-color has-wpfse-blau-logo-background-color has-text-color has-background has-link-color wp-element-button\" href=\"https:\/\/mellycox.de\/leichte-sprache\/westerfeldstrasse\/\">mehr Informationen<\/a><\/div>\n<\/div>\n<\/div>\n\n\n\n<div class=\"wp-block-group has-wpfse-grey-background-color has-background is-layout-constrained wp-block-group-is-layout-constrained\">\n<div class=\"wp-block-cover\"><img loading=\"lazy\" decoding=\"async\" width=\"1024\" height=\"683\" class=\"wp-block-cover__image-background wp-image-134 size-large\" alt=\"\" src=\"https:\/\/mellycox.de\/leichte-sprache\/wp-content\/uploads\/sites\/2\/2026\/02\/MC_Standort-6-1024x683.webp\" data-object-fit=\"cover\" srcset=\"https:\/\/mellycox.de\/leichte-sprache\/wp-content\/uploads\/sites\/2\/2026\/02\/MC_Standort-6-1024x683.webp 1024w, https:\/\/mellycox.de\/leichte-sprache\/wp-content\/uploads\/sites\/2\/2026\/02\/MC_Standort-6-300x200.webp 300w, https:\/\/mellycox.de\/leichte-sprache\/wp-content\/uploads\/sites\/2\/2026\/02\/MC_Standort-6-768x512.webp 768w, https:\/\/mellycox.de\/leichte-sprache\/wp-content\/uploads\/sites\/2\/2026\/02\/MC_Standort-6-1536x1024.webp 1536w, https:\/\/mellycox.de\/leichte-sprache\/wp-content\/uploads\/sites\/2\/2026\/02\/MC_Standort-6.webp 2048w\" sizes=\"auto, (max-width: 1024px) 100vw, 1024px\" \/><span aria-hidden=\"true\" class=\"wp-block-cover__background has-background-dim-0 has-background-dim\" style=\"background-color:#696f75\"><\/span><div class=\"wp-block-cover__inner-container is-layout-constrained wp-block-cover-is-layout-constrained\">\n<p class=\"has-text-align-center has-large-font-size\"><\/p>\n<\/div><\/div>\n\n\n\n<h2 class=\"wp-block-heading has-wpfse-schwarz-color has-text-color has-link-color wp-elements-0c3a0e8f020a54d2a65b87d8676172dc\">Dahlemer Stra\u00dfe (Dornberg)<\/h2>\n\n\n\n<p class=\"has-wpfse-schwarz-color has-text-color has-link-color wp-elements-2e283b187b47eb8682dbae7dee3cdf42\">Dieser St\u00fctzpunkt befndet sich in der Planung.<\/p>\n<\/div>\n<\/div>\n<\/div>\n\n\n\n<div style=\"height:100px\" aria-hidden=\"true\" class=\"wp-block-spacer\"><\/div>\n","protected":false},"excerpt":{"rendered":"<p>Unsere Pflegestandorte in Bielefeld Wir arbeiten in Teams mit verschiedenen Berufen.Wir sind direkt in Ihrem Stadtteil vor Ort.Wir arbeiten in Bielefelder Modellen und in Wohngemeinschaften. Sie bekommen Hilfe so, wie Sie es w\u00fcnschen.Wir verlangen keine Betreuungspauschale.Wir rechnen nur Leistungen ab, die wir wirklich erbracht haben. MellyCox ist in Bielefeld f\u00fcr Sie da.In diesen Stadtteilen sind [&hellip;]<\/p>\n","protected":false},"author":1,"featured_media":0,"parent":0,"menu_order":0,"comment_status":"closed","ping_status":"closed","template":"","meta":{"footnotes":""},"class_list":["post-19","page","type-page","status-publish","hentry"],"yoast_head":"<!-- This site is optimized with the Yoast SEO plugin v27.3 - https:\/\/yoast.com\/product\/yoast-seo-wordpress\/ -->\n<title>Standorte - MellyCox - Leichte Sprache<\/title>\n<meta name=\"robots\" content=\"index, follow, max-snippet:-1, max-image-preview:large, max-video-preview:-1\" \/>\n<link rel=\"canonical\" href=\"https:\/\/mellycox.de\/leichte-sprache\/standorte\/\" \/>\n<meta property=\"og:locale\" content=\"de_DE\" \/>\n<meta property=\"og:type\" content=\"article\" \/>\n<meta property=\"og:title\" content=\"Standorte - MellyCox - Leichte Sprache\" \/>\n<meta property=\"og:description\" content=\"Unsere Pflegestandorte in Bielefeld Wir arbeiten in Teams mit verschiedenen Berufen.Wir sind direkt in Ihrem Stadtteil vor Ort.Wir arbeiten in Bielefelder Modellen und in Wohngemeinschaften. Sie bekommen Hilfe so, wie Sie es w\u00fcnschen.Wir verlangen keine Betreuungspauschale.Wir rechnen nur Leistungen ab, die wir wirklich erbracht haben. MellyCox ist in Bielefeld f\u00fcr Sie da.In diesen Stadtteilen sind [&hellip;]\" \/>\n<meta property=\"og:url\" content=\"https:\/\/mellycox.de\/leichte-sprache\/standorte\/\" \/>\n<meta property=\"og:site_name\" content=\"MellyCox - Leichte Sprache\" \/>\n<meta property=\"article:modified_time\" content=\"2026-03-22T12:58:16+00:00\" \/>\n<meta property=\"og:image\" content=\"https:\/\/mellycox.de\/leichte-sprache\/wp-content\/uploads\/sites\/2\/2026\/02\/MC_Standort-16.webp\" \/>\n\t<meta property=\"og:image:width\" content=\"2048\" \/>\n\t<meta property=\"og:image:height\" content=\"1365\" \/>\n\t<meta property=\"og:image:type\" content=\"image\/webp\" \/>\n<meta name=\"twitter:card\" content=\"summary_large_image\" \/>\n<meta name=\"twitter:label1\" content=\"Gesch\u00e4tzte Lesezeit\" \/>\n\t<meta name=\"twitter:data1\" content=\"5\u00a0Minuten\" \/>\n<script type=\"application\/ld+json\" class=\"yoast-schema-graph\">{\"@context\":\"https:\\\/\\\/schema.org\",\"@graph\":[{\"@type\":\"WebPage\",\"@id\":\"https:\\\/\\\/mellycox.de\\\/leichte-sprache\\\/standorte\\\/\",\"url\":\"https:\\\/\\\/mellycox.de\\\/leichte-sprache\\\/standorte\\\/\",\"name\":\"Standorte - MellyCox - Leichte Sprache\",\"isPartOf\":{\"@id\":\"https:\\\/\\\/mellycox.de\\\/leichte-sprache\\\/#website\"},\"primaryImageOfPage\":{\"@id\":\"https:\\\/\\\/mellycox.de\\\/leichte-sprache\\\/standorte\\\/#primaryimage\"},\"image\":{\"@id\":\"https:\\\/\\\/mellycox.de\\\/leichte-sprache\\\/standorte\\\/#primaryimage\"},\"thumbnailUrl\":\"https:\\\/\\\/mellycox.de\\\/leichte-sprache\\\/wp-content\\\/uploads\\\/sites\\\/2\\\/2026\\\/02\\\/MC_Standort-16-1024x683.webp\",\"datePublished\":\"2025-09-18T14:27:06+00:00\",\"dateModified\":\"2026-03-22T12:58:16+00:00\",\"breadcrumb\":{\"@id\":\"https:\\\/\\\/mellycox.de\\\/leichte-sprache\\\/standorte\\\/#breadcrumb\"},\"inLanguage\":\"de\",\"potentialAction\":[{\"@type\":\"ReadAction\",\"target\":[\"https:\\\/\\\/mellycox.de\\\/leichte-sprache\\\/standorte\\\/\"]}]},{\"@type\":\"ImageObject\",\"inLanguage\":\"de\",\"@id\":\"https:\\\/\\\/mellycox.de\\\/leichte-sprache\\\/standorte\\\/#primaryimage\",\"url\":\"https:\\\/\\\/mellycox.de\\\/leichte-sprache\\\/wp-content\\\/uploads\\\/sites\\\/2\\\/2026\\\/02\\\/MC_Standort-16.webp\",\"contentUrl\":\"https:\\\/\\\/mellycox.de\\\/leichte-sprache\\\/wp-content\\\/uploads\\\/sites\\\/2\\\/2026\\\/02\\\/MC_Standort-16.webp\",\"width\":2048,\"height\":1365},{\"@type\":\"BreadcrumbList\",\"@id\":\"https:\\\/\\\/mellycox.de\\\/leichte-sprache\\\/standorte\\\/#breadcrumb\",\"itemListElement\":[{\"@type\":\"ListItem\",\"position\":1,\"name\":\"Start\",\"item\":\"https:\\\/\\\/mellycox.de\\\/leichte-sprache\\\/\"},{\"@type\":\"ListItem\",\"position\":2,\"name\":\"Standorte\"}]},{\"@type\":\"WebSite\",\"@id\":\"https:\\\/\\\/mellycox.de\\\/leichte-sprache\\\/#website\",\"url\":\"https:\\\/\\\/mellycox.de\\\/leichte-sprache\\\/\",\"name\":\"MellyCox - Leichte Sprache\",\"description\":\"\",\"publisher\":{\"@id\":\"https:\\\/\\\/mellycox.de\\\/leichte-sprache\\\/#organization\"},\"potentialAction\":[{\"@type\":\"SearchAction\",\"target\":{\"@type\":\"EntryPoint\",\"urlTemplate\":\"https:\\\/\\\/mellycox.de\\\/leichte-sprache\\\/?s={search_term_string}\"},\"query-input\":{\"@type\":\"PropertyValueSpecification\",\"valueRequired\":true,\"valueName\":\"search_term_string\"}}],\"inLanguage\":\"de\"},{\"@type\":\"Organization\",\"@id\":\"https:\\\/\\\/mellycox.de\\\/leichte-sprache\\\/#organization\",\"name\":\"MellyCox - Leichte Sprache\",\"url\":\"https:\\\/\\\/mellycox.de\\\/leichte-sprache\\\/\",\"logo\":{\"@type\":\"ImageObject\",\"inLanguage\":\"de\",\"@id\":\"https:\\\/\\\/mellycox.de\\\/leichte-sprache\\\/#\\\/schema\\\/logo\\\/image\\\/\",\"url\":\"https:\\\/\\\/mellycox.de\\\/leichte-sprache\\\/wp-content\\\/uploads\\\/sites\\\/2\\\/2025\\\/09\\\/mellycox_Logo_2025_quer-scaled.png\",\"contentUrl\":\"https:\\\/\\\/mellycox.de\\\/leichte-sprache\\\/wp-content\\\/uploads\\\/sites\\\/2\\\/2025\\\/09\\\/mellycox_Logo_2025_quer-scaled.png\",\"width\":2560,\"height\":729,\"caption\":\"MellyCox - Leichte Sprache\"},\"image\":{\"@id\":\"https:\\\/\\\/mellycox.de\\\/leichte-sprache\\\/#\\\/schema\\\/logo\\\/image\\\/\"}}]}<\/script>\n<!-- \/ Yoast SEO plugin. -->","yoast_head_json":{"title":"Standorte - MellyCox - Leichte Sprache","robots":{"index":"index","follow":"follow","max-snippet":"max-snippet:-1","max-image-preview":"max-image-preview:large","max-video-preview":"max-video-preview:-1"},"canonical":"https:\/\/mellycox.de\/leichte-sprache\/standorte\/","og_locale":"de_DE","og_type":"article","og_title":"Standorte - MellyCox - Leichte Sprache","og_description":"Unsere Pflegestandorte in Bielefeld Wir arbeiten in Teams mit verschiedenen Berufen.Wir sind direkt in Ihrem Stadtteil vor Ort.Wir arbeiten in Bielefelder Modellen und in Wohngemeinschaften. Sie bekommen Hilfe so, wie Sie es w\u00fcnschen.Wir verlangen keine Betreuungspauschale.Wir rechnen nur Leistungen ab, die wir wirklich erbracht haben. MellyCox ist in Bielefeld f\u00fcr Sie da.In diesen Stadtteilen sind [&hellip;]","og_url":"https:\/\/mellycox.de\/leichte-sprache\/standorte\/","og_site_name":"MellyCox - Leichte Sprache","article_modified_time":"2026-03-22T12:58:16+00:00","og_image":[{"width":2048,"height":1365,"url":"https:\/\/mellycox.de\/leichte-sprache\/wp-content\/uploads\/sites\/2\/2026\/02\/MC_Standort-16.webp","type":"image\/webp"}],"twitter_card":"summary_large_image","twitter_misc":{"Gesch\u00e4tzte Lesezeit":"5\u00a0Minuten"},"schema":{"@context":"https:\/\/schema.org","@graph":[{"@type":"WebPage","@id":"https:\/\/mellycox.de\/leichte-sprache\/standorte\/","url":"https:\/\/mellycox.de\/leichte-sprache\/standorte\/","name":"Standorte - MellyCox - Leichte Sprache","isPartOf":{"@id":"https:\/\/mellycox.de\/leichte-sprache\/#website"},"primaryImageOfPage":{"@id":"https:\/\/mellycox.de\/leichte-sprache\/standorte\/#primaryimage"},"image":{"@id":"https:\/\/mellycox.de\/leichte-sprache\/standorte\/#primaryimage"},"thumbnailUrl":"https:\/\/mellycox.de\/leichte-sprache\/wp-content\/uploads\/sites\/2\/2026\/02\/MC_Standort-16-1024x683.webp","datePublished":"2025-09-18T14:27:06+00:00","dateModified":"2026-03-22T12:58:16+00:00","breadcrumb":{"@id":"https:\/\/mellycox.de\/leichte-sprache\/standorte\/#breadcrumb"},"inLanguage":"de","potentialAction":[{"@type":"ReadAction","target":["https:\/\/mellycox.de\/leichte-sprache\/standorte\/"]}]},{"@type":"ImageObject","inLanguage":"de","@id":"https:\/\/mellycox.de\/leichte-sprache\/standorte\/#primaryimage","url":"https:\/\/mellycox.de\/leichte-sprache\/wp-content\/uploads\/sites\/2\/2026\/02\/MC_Standort-16.webp","contentUrl":"https:\/\/mellycox.de\/leichte-sprache\/wp-content\/uploads\/sites\/2\/2026\/02\/MC_Standort-16.webp","width":2048,"height":1365},{"@type":"BreadcrumbList","@id":"https:\/\/mellycox.de\/leichte-sprache\/standorte\/#breadcrumb","itemListElement":[{"@type":"ListItem","position":1,"name":"Start","item":"https:\/\/mellycox.de\/leichte-sprache\/"},{"@type":"ListItem","position":2,"name":"Standorte"}]},{"@type":"WebSite","@id":"https:\/\/mellycox.de\/leichte-sprache\/#website","url":"https:\/\/mellycox.de\/leichte-sprache\/","name":"MellyCox - Leichte Sprache","description":"","publisher":{"@id":"https:\/\/mellycox.de\/leichte-sprache\/#organization"},"potentialAction":[{"@type":"SearchAction","target":{"@type":"EntryPoint","urlTemplate":"https:\/\/mellycox.de\/leichte-sprache\/?s={search_term_string}"},"query-input":{"@type":"PropertyValueSpecification","valueRequired":true,"valueName":"search_term_string"}}],"inLanguage":"de"},{"@type":"Organization","@id":"https:\/\/mellycox.de\/leichte-sprache\/#organization","name":"MellyCox - Leichte Sprache","url":"https:\/\/mellycox.de\/leichte-sprache\/","logo":{"@type":"ImageObject","inLanguage":"de","@id":"https:\/\/mellycox.de\/leichte-sprache\/#\/schema\/logo\/image\/","url":"https:\/\/mellycox.de\/leichte-sprache\/wp-content\/uploads\/sites\/2\/2025\/09\/mellycox_Logo_2025_quer-scaled.png","contentUrl":"https:\/\/mellycox.de\/leichte-sprache\/wp-content\/uploads\/sites\/2\/2025\/09\/mellycox_Logo_2025_quer-scaled.png","width":2560,"height":729,"caption":"MellyCox - Leichte Sprache"},"image":{"@id":"https:\/\/mellycox.de\/leichte-sprache\/#\/schema\/logo\/image\/"}}]}},"_links":{"self":[{"href":"https:\/\/mellycox.de\/leichte-sprache\/wp-json\/wp\/v2\/pages\/19","targetHints":{"allow":["GET"]}}],"collection":[{"href":"https:\/\/mellycox.de\/leichte-sprache\/wp-json\/wp\/v2\/pages"}],"about":[{"href":"https:\/\/mellycox.de\/leichte-sprache\/wp-json\/wp\/v2\/types\/page"}],"author":[{"embeddable":true,"href":"https:\/\/mellycox.de\/leichte-sprache\/wp-json\/wp\/v2\/users\/1"}],"replies":[{"embeddable":true,"href":"https:\/\/mellycox.de\/leichte-sprache\/wp-json\/wp\/v2\/comments?post=19"}],"version-history":[{"count":12,"href":"https:\/\/mellycox.de\/leichte-sprache\/wp-json\/wp\/v2\/pages\/19\/revisions"}],"predecessor-version":[{"id":228,"href":"https:\/\/mellycox.de\/leichte-sprache\/wp-json\/wp\/v2\/pages\/19\/revisions\/228"}],"wp:attachment":[{"href":"https:\/\/mellycox.de\/leichte-sprache\/wp-json\/wp\/v2\/media?parent=19"}],"curies":[{"name":"wp","href":"https:\/\/api.w.org\/{rel}","templated":true}]}}