{"id":170,"date":"2026-02-17T18:42:33","date_gmt":"2026-02-17T17:42:33","guid":{"rendered":"https:\/\/mellycox.de\/leichte-sprache\/?page_id=170"},"modified":"2026-03-22T14:02:36","modified_gmt":"2026-03-22T13:02:36","slug":"westerfeldstrasse","status":"publish","type":"page","link":"https:\/\/mellycox.de\/leichte-sprache\/westerfeldstrasse\/","title":{"rendered":"Westerfeldstra\u00dfe"},"content":{"rendered":"\n<div style=\"height:100px\" aria-hidden=\"true\" class=\"wp-block-spacer\"><\/div>\n\n\n\n<div class=\"wp-block-columns is-layout-flex wp-container-core-columns-is-layout-9d6595d7 wp-block-columns-is-layout-flex\">\n<div class=\"wp-block-column is-layout-flow wp-block-column-is-layout-flow\">\n<div class=\"wp-block-cover\" style=\"min-height:70vh;aspect-ratio:unset;\"><img decoding=\"async\" class=\"wp-block-cover__image-background wp-image-554 size-full\" alt=\"\" src=\"https:\/\/mellycox.de\/wp-content\/uploads\/MC_Standort-21.webp\" data-object-fit=\"cover\"\/><span aria-hidden=\"true\" class=\"wp-block-cover__background has-background-dim-0 has-background-dim\" style=\"background-color:#757d72\"><\/span><div class=\"wp-block-cover__inner-container is-layout-constrained wp-block-cover-is-layout-constrained\">\n<p class=\"has-text-align-center has-large-font-size\"><\/p>\n<\/div><\/div>\n<\/div>\n\n\n\n<div class=\"wp-block-column is-layout-flow wp-block-column-is-layout-flow\">\n<div style=\"height:30px\" aria-hidden=\"true\" class=\"wp-block-spacer\"><\/div>\n\n\n\n<div class=\"wp-block-group is-nowrap is-layout-flex wp-container-core-group-is-layout-ad2f72ca wp-block-group-is-layout-flex\">\n<figure class=\"wp-block-image size-full is-resized\"><img decoding=\"async\" src=\"https:\/\/mellycox.de\/wp-content\/uploads\/wohnung.png\" alt=\"\" class=\"wp-image-264\" style=\"width:100px\"\/><\/figure>\n\n\n\n<div style=\"height:100px;width:0px\" aria-hidden=\"true\" class=\"wp-block-spacer wp-container-content-c0740251\"><\/div>\n\n\n\n<p>35 barrierefreie Wohnungen zwischen 47 bis 74 m\u00b2 <\/p>\n<\/div>\n\n\n\n<div class=\"wp-block-group is-nowrap is-layout-flex wp-container-core-group-is-layout-ad2f72ca wp-block-group-is-layout-flex\">\n<figure class=\"wp-block-image size-full is-resized\"><img decoding=\"async\" src=\"https:\/\/mellycox.de\/wp-content\/uploads\/24-stunden-betreuung.png\" alt=\"\" class=\"wp-image-259\" style=\"width:100px\"\/><\/figure>\n\n\n\n<div style=\"height:100px;width:0px\" aria-hidden=\"true\" class=\"wp-block-spacer wp-container-content-c0740251\"><\/div>\n\n\n\n<p>24\u2011Stunden\u2011Versorgungssicherheit<\/p>\n<\/div>\n\n\n\n<div class=\"wp-block-group is-nowrap is-layout-flex wp-container-core-group-is-layout-ad2f72ca wp-block-group-is-layout-flex\">\n<figure class=\"wp-block-image size-full is-resized\"><img decoding=\"async\" src=\"https:\/\/mellycox.de\/wp-content\/uploads\/wohncafe.png\" alt=\"\" class=\"wp-image-263\" style=\"width:100px\"\/><\/figure>\n\n\n\n<div style=\"height:100px;width:0px\" aria-hidden=\"true\" class=\"wp-block-spacer wp-container-content-c0740251\"><\/div>\n\n\n\n<p>Wohncaf\u00e9<\/p>\n<\/div>\n\n\n\n<div class=\"wp-block-group is-nowrap is-layout-flex wp-container-core-group-is-layout-ad2f72ca wp-block-group-is-layout-flex\">\n<figure class=\"wp-block-image size-full is-resized\"><img decoding=\"async\" src=\"https:\/\/mellycox.de\/wp-content\/uploads\/freizeitangebote.png\" alt=\"\" class=\"wp-image-260\" style=\"width:100px\"\/><\/figure>\n\n\n\n<div style=\"height:100px;width:0px\" aria-hidden=\"true\" class=\"wp-block-spacer wp-container-content-c0740251\"><\/div>\n\n\n\n<p>Freizeitangebote<\/p>\n<\/div>\n\n\n\n<div class=\"wp-block-group is-nowrap is-layout-flex wp-container-core-group-is-layout-ad2f72ca wp-block-group-is-layout-flex\">\n<figure class=\"wp-block-image size-full is-resized\"><img decoding=\"async\" src=\"https:\/\/mellycox.de\/wp-content\/uploads\/mahlzeiten.png\" alt=\"\" class=\"wp-image-261\" style=\"width:100px\"\/><\/figure>\n\n\n\n<div style=\"height:100px;width:0px\" aria-hidden=\"true\" class=\"wp-block-spacer wp-container-content-c0740251\"><\/div>\n\n\n\n<p>Zubereitung frische Mahlzeiten<\/p>\n<\/div>\n<\/div>\n<\/div>\n\n\n\n<div class=\"wp-block-group is-layout-constrained wp-block-group-is-layout-constrained\">\n<div style=\"height:100px\" aria-hidden=\"true\" class=\"wp-block-spacer\"><\/div>\n\n\n\n<h1 class=\"wp-block-heading\">Westerfeldstra\u00dfe<\/h1>\n\n\n\n<h2 class=\"wp-block-heading\">Bielefeld-Gellershagen<\/h2>\n\n\n\n<h2 class=\"wp-block-heading\">Wohnen an der Westerfeldstra\u00dfe ist barrierefrei, vernetzt und gut betreut.<\/h2>\n\n\n\n<p>Am Standort <strong>Westerfeldstra\u00dfe<\/strong> bieten wir <strong>24\u2011Stunden\u2011Versorgungssicherheit<\/strong> im Stadtteil <strong>Bielefeld\u2011Schildesche (Gellershagen)<\/strong>.<\/p>\n\n\n\n<p>Der Standort wird nach dem <strong>Bielefelder Modell<\/strong> umgesetzt.<br>Wir arbeiten dabei zusammen mit <strong>Gepflegt Wohnen e. V.<\/strong>, der <strong>Stadt Bielefeld<\/strong> und der <strong>BGW<\/strong>.<br>Sie wohnen selbstst\u00e4ndig.<br>Und Sie bekommen Unterst\u00fctzung, wenn Sie sie brauchen.<\/p>\n\n\n\n<p>Unsere <strong>24\u2011Stunden\u2011Pflege und Versorgungssicherheit<\/strong> bedeutet:<br>Es ist jederzeit jemand erreichbar.<br>Wir helfen bedarfsgerecht und professionell.<br>Unser Ziel ist ein m\u00f6glichst selbstbestimmtes Leben.<\/p>\n\n\n\n<h2 class=\"wp-block-heading\">Wohncaf\u00e9 \u2013 Treffpunkt f\u00fcr alle<\/h2>\n\n\n\n<p>Ein wichtiger Ort im Haus ist das <strong>gro\u00dfe Wohncaf\u00e9<\/strong>.<br>Es ist offen f\u00fcr Mieterinnen und Mieter und auch f\u00fcr Menschen aus dem Quartier.<br>Hier geht es um Gemeinschaft und Austausch.<\/p>\n\n\n\n<p>Im Wohncaf\u00e9 gibt es t\u00e4glich vier Mahlzeiten:<\/p>\n\n\n\n<ul class=\"wp-block-list\">\n<li>Fr\u00fchst\u00fcck<\/li>\n\n\n\n<li>Mittagessen<\/li>\n\n\n\n<li>Kaffee<\/li>\n\n\n\n<li>Abendessen<\/li>\n<\/ul>\n\n\n\n<p>G\u00e4ste k\u00f6nnen gegen einen kleinen Beitrag mitessen.<br>Ehrenamtliche bieten regelm\u00e4\u00dfig Besch\u00e4ftigung und Freizeitangebote an.<br>Das bringt Menschen zusammen und macht den Alltag sch\u00f6ner.<\/p>\n\n\n\n<h2 class=\"wp-block-heading\">Ambulante Pflege im Quartier<\/h2>\n\n\n\n<p>Wir versorgen nicht nur Mieter im Haus.<br>Wir helfen auch Menschen zu Hause in:<\/p>\n\n\n\n<ul class=\"wp-block-list\">\n<li>Schildesche<\/li>\n\n\n\n<li>Gellershagen<\/li>\n\n\n\n<li>Babenhausen<\/li>\n\n\n\n<li>Theesen<\/li>\n<\/ul>\n\n\n\n<h2 class=\"wp-block-heading\">Unser Angebot auf einen Blick<\/h2>\n\n\n\n<ul class=\"wp-block-list\">\n<li>24\u2011Stunden\u2011Versorgungssicherheit<\/li>\n\n\n\n<li>Grund- und Behandlungspflege<\/li>\n\n\n\n<li>Betreuungs- und Entlastungsleistungen<\/li>\n\n\n\n<li>Verhinderungspflege<\/li>\n\n\n\n<li>Mahlzeitenangebot<\/li>\n\n\n\n<li>Ambulante Pflege in angrenzenden Stadtteilen<\/li>\n<\/ul>\n\n\n\n<p>Der Standort <strong>Westerfeldstra\u00dfe<\/strong> steht f\u00fcr selbstbestimmtes Wohnen, verl\u00e4ssliche Unterst\u00fctzung und gelebte Nachbarschaft \u2013 offen und mitten im Quartier.<\/p>\n\n\n\n<div class=\"wp-block-buttons is-layout-flex wp-block-buttons-is-layout-flex\">\n<div class=\"wp-block-button\"><a class=\"wp-block-button__link has-wpfse-blau-logo-color has-wpfse-grey-background-color has-text-color has-background has-link-color wp-element-button\" href=\"https:\/\/mellycox.de\/leichte-sprache\/kontakt\/\">Jetzt beraten lassen<\/a><\/div>\n<\/div>\n\n\n\n<div style=\"height:100px\" aria-hidden=\"true\" class=\"wp-block-spacer\"><\/div>\n\n\n\n<figure class=\"wp-block-gallery has-nested-images columns-default is-cropped wp-block-gallery-1 is-layout-flex wp-block-gallery-is-layout-flex\">\n<figure class=\"wp-block-image size-large\"><img decoding=\"async\" data-id=\"554\" src=\"https:\/\/mellycox.de\/wp-content\/uploads\/MC_Standort-21-1024x683.webp\" alt=\"\" class=\"wp-image-554\"\/><\/figure>\n\n\n\n<figure class=\"wp-block-image size-large\"><img decoding=\"async\" data-id=\"553\" src=\"https:\/\/mellycox.de\/wp-content\/uploads\/MC_Standort-20-1024x683.webp\" alt=\"\" class=\"wp-image-553\"\/><\/figure>\n\n\n\n<figure class=\"wp-block-image size-large\"><img decoding=\"async\" data-id=\"549\" src=\"https:\/\/mellycox.de\/wp-content\/uploads\/MC_Standort-17-1024x683.webp\" alt=\"\" class=\"wp-image-549\"\/><\/figure>\n\n\n\n<figure class=\"wp-block-image size-large\"><img decoding=\"async\" data-id=\"550\" src=\"https:\/\/mellycox.de\/wp-content\/uploads\/MC_Standort-18-1024x683.webp\" alt=\"\" class=\"wp-image-550\"\/><\/figure>\n\n\n\n<figure class=\"wp-block-image size-large\"><img decoding=\"async\" data-id=\"601\" src=\"https:\/\/mellycox.de\/wp-content\/uploads\/Westerfeld-Spiele-1024x684.webp\" alt=\"\" class=\"wp-image-601\"\/><\/figure>\n<\/figure>\n\n\n\n<div style=\"height:100px\" aria-hidden=\"true\" class=\"wp-block-spacer\"><\/div>\n<\/div>\n","protected":false},"excerpt":{"rendered":"<p>35 barrierefreie Wohnungen zwischen 47 bis 74 m\u00b2 24\u2011Stunden\u2011Versorgungssicherheit Wohncaf\u00e9 Freizeitangebote Zubereitung frische Mahlzeiten Westerfeldstra\u00dfe Bielefeld-Gellershagen Wohnen an der Westerfeldstra\u00dfe ist barrierefrei, vernetzt und gut betreut. Am Standort Westerfeldstra\u00dfe bieten wir 24\u2011Stunden\u2011Versorgungssicherheit im Stadtteil Bielefeld\u2011Schildesche (Gellershagen). Der Standort wird nach dem Bielefelder Modell umgesetzt.Wir arbeiten dabei zusammen mit Gepflegt Wohnen e. V., der Stadt Bielefeld [&hellip;]<\/p>\n","protected":false},"author":1,"featured_media":0,"parent":0,"menu_order":0,"comment_status":"closed","ping_status":"closed","template":"","meta":{"footnotes":""},"class_list":["post-170","page","type-page","status-publish","hentry"],"yoast_head":"<!-- This site is optimized with the Yoast SEO plugin v27.3 - https:\/\/yoast.com\/product\/yoast-seo-wordpress\/ -->\n<title>Westerfeldstra\u00dfe - MellyCox - Leichte Sprache<\/title>\n<meta name=\"robots\" content=\"index, follow, max-snippet:-1, max-image-preview:large, max-video-preview:-1\" \/>\n<link rel=\"canonical\" href=\"https:\/\/mellycox.de\/leichte-sprache\/westerfeldstrasse\/\" \/>\n<meta property=\"og:locale\" content=\"de_DE\" \/>\n<meta property=\"og:type\" content=\"article\" \/>\n<meta property=\"og:title\" content=\"Westerfeldstra\u00dfe - MellyCox - Leichte Sprache\" \/>\n<meta property=\"og:description\" content=\"35 barrierefreie Wohnungen zwischen 47 bis 74 m\u00b2 24\u2011Stunden\u2011Versorgungssicherheit Wohncaf\u00e9 Freizeitangebote Zubereitung frische Mahlzeiten Westerfeldstra\u00dfe Bielefeld-Gellershagen Wohnen an der Westerfeldstra\u00dfe ist barrierefrei, vernetzt und gut betreut. Am Standort Westerfeldstra\u00dfe bieten wir 24\u2011Stunden\u2011Versorgungssicherheit im Stadtteil Bielefeld\u2011Schildesche (Gellershagen). Der Standort wird nach dem Bielefelder Modell umgesetzt.Wir arbeiten dabei zusammen mit Gepflegt Wohnen e. V., der Stadt Bielefeld [&hellip;]\" \/>\n<meta property=\"og:url\" content=\"https:\/\/mellycox.de\/leichte-sprache\/westerfeldstrasse\/\" \/>\n<meta property=\"og:site_name\" content=\"MellyCox - Leichte Sprache\" \/>\n<meta property=\"article:modified_time\" content=\"2026-03-22T13:02:36+00:00\" \/>\n<meta name=\"twitter:card\" content=\"summary_large_image\" \/>\n<meta name=\"twitter:label1\" content=\"Gesch\u00e4tzte Lesezeit\" \/>\n\t<meta name=\"twitter:data1\" content=\"4\u00a0Minuten\" \/>\n<script type=\"application\/ld+json\" class=\"yoast-schema-graph\">{\"@context\":\"https:\\\/\\\/schema.org\",\"@graph\":[{\"@type\":\"WebPage\",\"@id\":\"https:\\\/\\\/mellycox.de\\\/leichte-sprache\\\/westerfeldstrasse\\\/\",\"url\":\"https:\\\/\\\/mellycox.de\\\/leichte-sprache\\\/westerfeldstrasse\\\/\",\"name\":\"Westerfeldstra\u00dfe - MellyCox - Leichte Sprache\",\"isPartOf\":{\"@id\":\"https:\\\/\\\/mellycox.de\\\/leichte-sprache\\\/#website\"},\"primaryImageOfPage\":{\"@id\":\"https:\\\/\\\/mellycox.de\\\/leichte-sprache\\\/westerfeldstrasse\\\/#primaryimage\"},\"image\":{\"@id\":\"https:\\\/\\\/mellycox.de\\\/leichte-sprache\\\/westerfeldstrasse\\\/#primaryimage\"},\"thumbnailUrl\":\"https:\\\/\\\/mellycox.de\\\/wp-content\\\/uploads\\\/MC_Standort-21.webp\",\"datePublished\":\"2026-02-17T17:42:33+00:00\",\"dateModified\":\"2026-03-22T13:02:36+00:00\",\"breadcrumb\":{\"@id\":\"https:\\\/\\\/mellycox.de\\\/leichte-sprache\\\/westerfeldstrasse\\\/#breadcrumb\"},\"inLanguage\":\"de\",\"potentialAction\":[{\"@type\":\"ReadAction\",\"target\":[\"https:\\\/\\\/mellycox.de\\\/leichte-sprache\\\/westerfeldstrasse\\\/\"]}]},{\"@type\":\"ImageObject\",\"inLanguage\":\"de\",\"@id\":\"https:\\\/\\\/mellycox.de\\\/leichte-sprache\\\/westerfeldstrasse\\\/#primaryimage\",\"url\":\"https:\\\/\\\/mellycox.de\\\/wp-content\\\/uploads\\\/MC_Standort-21.webp\",\"contentUrl\":\"https:\\\/\\\/mellycox.de\\\/wp-content\\\/uploads\\\/MC_Standort-21.webp\"},{\"@type\":\"BreadcrumbList\",\"@id\":\"https:\\\/\\\/mellycox.de\\\/leichte-sprache\\\/westerfeldstrasse\\\/#breadcrumb\",\"itemListElement\":[{\"@type\":\"ListItem\",\"position\":1,\"name\":\"Start\",\"item\":\"https:\\\/\\\/mellycox.de\\\/leichte-sprache\\\/\"},{\"@type\":\"ListItem\",\"position\":2,\"name\":\"Westerfeldstra\u00dfe\"}]},{\"@type\":\"WebSite\",\"@id\":\"https:\\\/\\\/mellycox.de\\\/leichte-sprache\\\/#website\",\"url\":\"https:\\\/\\\/mellycox.de\\\/leichte-sprache\\\/\",\"name\":\"MellyCox - Leichte Sprache\",\"description\":\"\",\"publisher\":{\"@id\":\"https:\\\/\\\/mellycox.de\\\/leichte-sprache\\\/#organization\"},\"potentialAction\":[{\"@type\":\"SearchAction\",\"target\":{\"@type\":\"EntryPoint\",\"urlTemplate\":\"https:\\\/\\\/mellycox.de\\\/leichte-sprache\\\/?s={search_term_string}\"},\"query-input\":{\"@type\":\"PropertyValueSpecification\",\"valueRequired\":true,\"valueName\":\"search_term_string\"}}],\"inLanguage\":\"de\"},{\"@type\":\"Organization\",\"@id\":\"https:\\\/\\\/mellycox.de\\\/leichte-sprache\\\/#organization\",\"name\":\"MellyCox - Leichte Sprache\",\"url\":\"https:\\\/\\\/mellycox.de\\\/leichte-sprache\\\/\",\"logo\":{\"@type\":\"ImageObject\",\"inLanguage\":\"de\",\"@id\":\"https:\\\/\\\/mellycox.de\\\/leichte-sprache\\\/#\\\/schema\\\/logo\\\/image\\\/\",\"url\":\"https:\\\/\\\/mellycox.de\\\/leichte-sprache\\\/wp-content\\\/uploads\\\/sites\\\/2\\\/2025\\\/09\\\/mellycox_Logo_2025_quer-scaled.png\",\"contentUrl\":\"https:\\\/\\\/mellycox.de\\\/leichte-sprache\\\/wp-content\\\/uploads\\\/sites\\\/2\\\/2025\\\/09\\\/mellycox_Logo_2025_quer-scaled.png\",\"width\":2560,\"height\":729,\"caption\":\"MellyCox - Leichte Sprache\"},\"image\":{\"@id\":\"https:\\\/\\\/mellycox.de\\\/leichte-sprache\\\/#\\\/schema\\\/logo\\\/image\\\/\"}}]}<\/script>\n<!-- \/ Yoast SEO plugin. -->","yoast_head_json":{"title":"Westerfeldstra\u00dfe - MellyCox - Leichte Sprache","robots":{"index":"index","follow":"follow","max-snippet":"max-snippet:-1","max-image-preview":"max-image-preview:large","max-video-preview":"max-video-preview:-1"},"canonical":"https:\/\/mellycox.de\/leichte-sprache\/westerfeldstrasse\/","og_locale":"de_DE","og_type":"article","og_title":"Westerfeldstra\u00dfe - MellyCox - Leichte Sprache","og_description":"35 barrierefreie Wohnungen zwischen 47 bis 74 m\u00b2 24\u2011Stunden\u2011Versorgungssicherheit Wohncaf\u00e9 Freizeitangebote Zubereitung frische Mahlzeiten Westerfeldstra\u00dfe Bielefeld-Gellershagen Wohnen an der Westerfeldstra\u00dfe ist barrierefrei, vernetzt und gut betreut. Am Standort Westerfeldstra\u00dfe bieten wir 24\u2011Stunden\u2011Versorgungssicherheit im Stadtteil Bielefeld\u2011Schildesche (Gellershagen). Der Standort wird nach dem Bielefelder Modell umgesetzt.Wir arbeiten dabei zusammen mit Gepflegt Wohnen e. V., der Stadt Bielefeld [&hellip;]","og_url":"https:\/\/mellycox.de\/leichte-sprache\/westerfeldstrasse\/","og_site_name":"MellyCox - Leichte Sprache","article_modified_time":"2026-03-22T13:02:36+00:00","twitter_card":"summary_large_image","twitter_misc":{"Gesch\u00e4tzte Lesezeit":"4\u00a0Minuten"},"schema":{"@context":"https:\/\/schema.org","@graph":[{"@type":"WebPage","@id":"https:\/\/mellycox.de\/leichte-sprache\/westerfeldstrasse\/","url":"https:\/\/mellycox.de\/leichte-sprache\/westerfeldstrasse\/","name":"Westerfeldstra\u00dfe - MellyCox - Leichte Sprache","isPartOf":{"@id":"https:\/\/mellycox.de\/leichte-sprache\/#website"},"primaryImageOfPage":{"@id":"https:\/\/mellycox.de\/leichte-sprache\/westerfeldstrasse\/#primaryimage"},"image":{"@id":"https:\/\/mellycox.de\/leichte-sprache\/westerfeldstrasse\/#primaryimage"},"thumbnailUrl":"https:\/\/mellycox.de\/wp-content\/uploads\/MC_Standort-21.webp","datePublished":"2026-02-17T17:42:33+00:00","dateModified":"2026-03-22T13:02:36+00:00","breadcrumb":{"@id":"https:\/\/mellycox.de\/leichte-sprache\/westerfeldstrasse\/#breadcrumb"},"inLanguage":"de","potentialAction":[{"@type":"ReadAction","target":["https:\/\/mellycox.de\/leichte-sprache\/westerfeldstrasse\/"]}]},{"@type":"ImageObject","inLanguage":"de","@id":"https:\/\/mellycox.de\/leichte-sprache\/westerfeldstrasse\/#primaryimage","url":"https:\/\/mellycox.de\/wp-content\/uploads\/MC_Standort-21.webp","contentUrl":"https:\/\/mellycox.de\/wp-content\/uploads\/MC_Standort-21.webp"},{"@type":"BreadcrumbList","@id":"https:\/\/mellycox.de\/leichte-sprache\/westerfeldstrasse\/#breadcrumb","itemListElement":[{"@type":"ListItem","position":1,"name":"Start","item":"https:\/\/mellycox.de\/leichte-sprache\/"},{"@type":"ListItem","position":2,"name":"Westerfeldstra\u00dfe"}]},{"@type":"WebSite","@id":"https:\/\/mellycox.de\/leichte-sprache\/#website","url":"https:\/\/mellycox.de\/leichte-sprache\/","name":"MellyCox - Leichte Sprache","description":"","publisher":{"@id":"https:\/\/mellycox.de\/leichte-sprache\/#organization"},"potentialAction":[{"@type":"SearchAction","target":{"@type":"EntryPoint","urlTemplate":"https:\/\/mellycox.de\/leichte-sprache\/?s={search_term_string}"},"query-input":{"@type":"PropertyValueSpecification","valueRequired":true,"valueName":"search_term_string"}}],"inLanguage":"de"},{"@type":"Organization","@id":"https:\/\/mellycox.de\/leichte-sprache\/#organization","name":"MellyCox - Leichte Sprache","url":"https:\/\/mellycox.de\/leichte-sprache\/","logo":{"@type":"ImageObject","inLanguage":"de","@id":"https:\/\/mellycox.de\/leichte-sprache\/#\/schema\/logo\/image\/","url":"https:\/\/mellycox.de\/leichte-sprache\/wp-content\/uploads\/sites\/2\/2025\/09\/mellycox_Logo_2025_quer-scaled.png","contentUrl":"https:\/\/mellycox.de\/leichte-sprache\/wp-content\/uploads\/sites\/2\/2025\/09\/mellycox_Logo_2025_quer-scaled.png","width":2560,"height":729,"caption":"MellyCox - Leichte Sprache"},"image":{"@id":"https:\/\/mellycox.de\/leichte-sprache\/#\/schema\/logo\/image\/"}}]}},"_links":{"self":[{"href":"https:\/\/mellycox.de\/leichte-sprache\/wp-json\/wp\/v2\/pages\/170","targetHints":{"allow":["GET"]}}],"collection":[{"href":"https:\/\/mellycox.de\/leichte-sprache\/wp-json\/wp\/v2\/pages"}],"about":[{"href":"https:\/\/mellycox.de\/leichte-sprache\/wp-json\/wp\/v2\/types\/page"}],"author":[{"embeddable":true,"href":"https:\/\/mellycox.de\/leichte-sprache\/wp-json\/wp\/v2\/users\/1"}],"replies":[{"embeddable":true,"href":"https:\/\/mellycox.de\/leichte-sprache\/wp-json\/wp\/v2\/comments?post=170"}],"version-history":[{"count":4,"href":"https:\/\/mellycox.de\/leichte-sprache\/wp-json\/wp\/v2\/pages\/170\/revisions"}],"predecessor-version":[{"id":233,"href":"https:\/\/mellycox.de\/leichte-sprache\/wp-json\/wp\/v2\/pages\/170\/revisions\/233"}],"wp:attachment":[{"href":"https:\/\/mellycox.de\/leichte-sprache\/wp-json\/wp\/v2\/media?parent=170"}],"curies":[{"name":"wp","href":"https:\/\/api.w.org\/{rel}","templated":true}]}}