{"id":168,"date":"2026-02-17T18:41:13","date_gmt":"2026-02-17T17:41:13","guid":{"rendered":"https:\/\/mellycox.de\/leichte-sprache\/?page_id=168"},"modified":"2026-03-22T14:04:16","modified_gmt":"2026-03-22T13:04:16","slug":"kammermuehlenweg","status":"publish","type":"page","link":"https:\/\/mellycox.de\/leichte-sprache\/kammermuehlenweg\/","title":{"rendered":"Kammerm\u00fchlenweg"},"content":{"rendered":"\n<div style=\"height:100px\" aria-hidden=\"true\" class=\"wp-block-spacer\"><\/div>\n\n\n\n<div class=\"wp-block-columns is-layout-flex wp-container-core-columns-is-layout-9d6595d7 wp-block-columns-is-layout-flex\">\n<div class=\"wp-block-column is-layout-flow wp-block-column-is-layout-flow\">\n<div class=\"wp-block-cover is-light\" style=\"min-height:60vh;aspect-ratio:unset;\"><img decoding=\"async\" class=\"wp-block-cover__image-background wp-image-546 size-full\" alt=\"\" src=\"https:\/\/mellycox.de\/wp-content\/uploads\/MC_Standort-14.webp\" data-object-fit=\"cover\"\/><span aria-hidden=\"true\" class=\"wp-block-cover__background has-background-dim-0 has-background-dim\" style=\"background-color:#8495a0\"><\/span><div class=\"wp-block-cover__inner-container is-layout-constrained wp-block-cover-is-layout-constrained\">\n<p class=\"has-text-align-center has-large-font-size\"><\/p>\n<\/div><\/div>\n<\/div>\n\n\n\n<div class=\"wp-block-column is-layout-flow wp-block-column-is-layout-flow\">\n<div style=\"height:50px\" aria-hidden=\"true\" class=\"wp-block-spacer\"><\/div>\n\n\n\n<div class=\"wp-block-group is-nowrap is-layout-flex wp-container-core-group-is-layout-ad2f72ca wp-block-group-is-layout-flex\">\n<figure class=\"wp-block-image size-full is-resized\"><img decoding=\"async\" src=\"https:\/\/mellycox.de\/wp-content\/uploads\/wohnung.png\" alt=\"\" class=\"wp-image-264\" style=\"width:100px\"\/><\/figure>\n\n\n\n<div style=\"height:100px;width:0px\" aria-hidden=\"true\" class=\"wp-block-spacer wp-container-content-e1bb55cb\"><\/div>\n\n\n\n<p>32 barrierefreie Wohnungen zwischen 47 und 70 m\u00b2<\/p>\n<\/div>\n\n\n\n<div class=\"wp-block-group is-nowrap is-layout-flex wp-container-core-group-is-layout-ad2f72ca wp-block-group-is-layout-flex\">\n<figure class=\"wp-block-image size-full is-resized\"><img decoding=\"async\" src=\"https:\/\/mellycox.de\/wp-content\/uploads\/wohncafe.png\" alt=\"\" class=\"wp-image-263\" style=\"width:100px\"\/><\/figure>\n\n\n\n<div style=\"height:100px;width:0px\" aria-hidden=\"true\" class=\"wp-block-spacer wp-container-content-e1bb55cb\"><\/div>\n\n\n\n<p>Wohncaf\u00e9<\/p>\n<\/div>\n\n\n\n<div class=\"wp-block-group is-nowrap is-layout-flex wp-container-core-group-is-layout-ad2f72ca wp-block-group-is-layout-flex\">\n<figure class=\"wp-block-image size-full is-resized\"><img decoding=\"async\" src=\"https:\/\/mellycox.de\/wp-content\/uploads\/mahlzeiten.png\" alt=\"\" class=\"wp-image-261\" style=\"width:100px\"\/><\/figure>\n\n\n\n<div style=\"height:100px;width:0px\" aria-hidden=\"true\" class=\"wp-block-spacer wp-container-content-e1bb55cb\"><\/div>\n\n\n\n<p>Zubereitung frischer Mahlzeiten<\/p>\n<\/div>\n\n\n\n<div class=\"wp-block-group is-nowrap is-layout-flex wp-container-core-group-is-layout-ad2f72ca wp-block-group-is-layout-flex\">\n<figure class=\"wp-block-image size-large is-resized\"><img decoding=\"async\" src=\"https:\/\/mellycox.de\/wp-content\/uploads\/24-stunden-betreuung.png\" alt=\"\" style=\"width:100px\"\/><\/figure>\n\n\n\n<div style=\"height:100px;width:0px\" aria-hidden=\"true\" class=\"wp-block-spacer wp-container-content-e1bb55cb\"><\/div>\n\n\n\n<p>24-Stunden-Pflege und Versorgungssicherheit<\/p>\n<\/div>\n<\/div>\n<\/div>\n\n\n\n<div class=\"wp-block-group is-layout-constrained wp-block-group-is-layout-constrained\">\n<div style=\"height:100px\" aria-hidden=\"true\" class=\"wp-block-spacer\"><\/div>\n\n\n\n<h1 class=\"wp-block-heading\">Kammerm\u00fchlenweg<\/h1>\n\n\n\n<h2 class=\"wp-block-heading\">Bielefeld Ost<\/h2>\n\n\n\n<h2 class=\"wp-block-heading\">Wohnen am Kammerm\u00fchlenweg ist zentral, barrierefrei und gut versorgt.<\/h2>\n\n\n\n<p>Der Standort <strong>Kammerm\u00fchlenweg<\/strong> liegt im Bielefelder Osten, in <strong>Ru\u00dfheide<\/strong>.<br>Hier wohnen Sie modern und barrierefrei.<br>Alles ist gut erreichbar.<br>Bus und Bahn sind in der N\u00e4he.<br>So kommen Sie schnell in die Innenstadt und nach Heepen.<\/p>\n\n\n\n<p>Der Standort wird nach dem <strong>Bielefelder Modell<\/strong> umgesetzt.<br>Wir arbeiten zusammen mit der <strong>BGW<\/strong>, der <strong>Stadt Bielefeld<\/strong> und <strong>Gepflegt Wohnen e. V.<\/strong><br>Sie wohnen selbstst\u00e4ndig in Ihrer Wohnung.<br>Unser Pflegedienst unterst\u00fctzt Sie, wenn Sie Hilfe brauchen.<br>Die Unterst\u00fctzung passt zu Ihren Bed\u00fcrfnissen.<\/p>\n\n\n\n<h2 class=\"wp-block-heading\">Offenes Wohncaf\u00e9 \u2013 Treffpunkt im Quartier<\/h2>\n\n\n\n<p>Zum Standort geh\u00f6rt ein <strong>offenes Wohncaf\u00e9<\/strong>.<br>Es ist f\u00fcr Mieterinnen und Mieter und auch f\u00fcr Nachbarn offen.<br>Hier kann man sich treffen und austauschen.<\/p>\n\n\n\n<p>Im Wohncaf\u00e9 gibt es t\u00e4glich:<\/p>\n\n\n\n<ul class=\"wp-block-list\">\n<li>Mittagessen<\/li>\n\n\n\n<li>Kaffee<\/li>\n<\/ul>\n\n\n\n<p>Gegen einen kleinen Beitrag k\u00f6nnen Sie dort essen.<br>Es gibt auch Freizeit- und Begegnungsangebote.<br>Diese Angebote machen wir gemeinsam mit Ehrenamtlichen, der BGW, der Stadt Bielefeld und Gepflegt Wohnen e. V.<br>So wird das Wohncaf\u00e9 ein lebendiger Treffpunkt im Stadtteil.<\/p>\n\n\n\n<h2 class=\"wp-block-heading\">Ambulante Pflege in Ru\u00dfheide<\/h2>\n\n\n\n<p>Wir begleiten nicht nur die Mieter im Haus.<br>Wir versorgen auch Menschen zu Hause in <strong>Ru\u00dfheide<\/strong>.<br>So helfen wir, dass Menschen lange in ihrer gewohnten Umgebung leben k\u00f6nnen.<\/p>\n\n\n\n<h2 class=\"wp-block-heading\">Unser Angebot auf einen Blick<\/h2>\n\n\n\n<ul class=\"wp-block-list\">\n<li>24\u2011Stunden\u2011Versorgungssicherheit<\/li>\n\n\n\n<li>Grund- und Behandlungspflege<\/li>\n\n\n\n<li>Betreuungs- und Entlastungsleistungen<\/li>\n\n\n\n<li>Verhinderungspflege<\/li>\n\n\n\n<li>Mahlzeitenangebot<\/li>\n<\/ul>\n\n\n\n<p>Der Standort <strong>Kammerm\u00fchlenweg<\/strong> steht f\u00fcr modernes Wohnen, Gemeinschaft und verl\u00e4ssliche Unterst\u00fctzung \u2013 offen f\u00fcr das Quartier und nah am Menschen.<\/p>\n\n\n\n<div class=\"wp-block-buttons is-layout-flex wp-block-buttons-is-layout-flex\">\n<div class=\"wp-block-button\"><a class=\"wp-block-button__link has-wpfse-blau-logo-color has-wpfse-grey-background-color has-text-color has-background has-link-color wp-element-button\" href=\"https:\/\/mellycox.de\/leichte-sprache\/kontakt\/\">Jetzt beraten lasen<\/a><\/div>\n<\/div>\n\n\n\n<div style=\"height:100px\" aria-hidden=\"true\" class=\"wp-block-spacer\"><\/div>\n\n\n\n<div style=\"height:100px\" aria-hidden=\"true\" class=\"wp-block-spacer\"><\/div>\n<\/div>\n","protected":false},"excerpt":{"rendered":"<p>32 barrierefreie Wohnungen zwischen 47 und 70 m\u00b2 Wohncaf\u00e9 Zubereitung frischer Mahlzeiten 24-Stunden-Pflege und Versorgungssicherheit Kammerm\u00fchlenweg Bielefeld Ost Wohnen am Kammerm\u00fchlenweg ist zentral, barrierefrei und gut versorgt. Der Standort Kammerm\u00fchlenweg liegt im Bielefelder Osten, in Ru\u00dfheide.Hier wohnen Sie modern und barrierefrei.Alles ist gut erreichbar.Bus und Bahn sind in der N\u00e4he.So kommen Sie schnell in die [&hellip;]<\/p>\n","protected":false},"author":1,"featured_media":0,"parent":0,"menu_order":0,"comment_status":"closed","ping_status":"closed","template":"","meta":{"footnotes":""},"class_list":["post-168","page","type-page","status-publish","hentry"],"yoast_head":"<!-- This site is optimized with the Yoast SEO plugin v27.3 - https:\/\/yoast.com\/product\/yoast-seo-wordpress\/ -->\n<title>Kammerm\u00fchlenweg - MellyCox - Leichte Sprache<\/title>\n<meta name=\"robots\" content=\"index, follow, max-snippet:-1, max-image-preview:large, max-video-preview:-1\" \/>\n<link rel=\"canonical\" href=\"https:\/\/mellycox.de\/leichte-sprache\/kammermuehlenweg\/\" \/>\n<meta property=\"og:locale\" content=\"de_DE\" \/>\n<meta property=\"og:type\" content=\"article\" \/>\n<meta property=\"og:title\" content=\"Kammerm\u00fchlenweg - MellyCox - Leichte Sprache\" \/>\n<meta property=\"og:description\" content=\"32 barrierefreie Wohnungen zwischen 47 und 70 m\u00b2 Wohncaf\u00e9 Zubereitung frischer Mahlzeiten 24-Stunden-Pflege und Versorgungssicherheit Kammerm\u00fchlenweg Bielefeld Ost Wohnen am Kammerm\u00fchlenweg ist zentral, barrierefrei und gut versorgt. Der Standort Kammerm\u00fchlenweg liegt im Bielefelder Osten, in Ru\u00dfheide.Hier wohnen Sie modern und barrierefrei.Alles ist gut erreichbar.Bus und Bahn sind in der N\u00e4he.So kommen Sie schnell in die [&hellip;]\" \/>\n<meta property=\"og:url\" content=\"https:\/\/mellycox.de\/leichte-sprache\/kammermuehlenweg\/\" \/>\n<meta property=\"og:site_name\" content=\"MellyCox - Leichte Sprache\" \/>\n<meta property=\"article:modified_time\" content=\"2026-03-22T13:04:16+00:00\" \/>\n<meta name=\"twitter:card\" content=\"summary_large_image\" \/>\n<meta name=\"twitter:label1\" content=\"Gesch\u00e4tzte Lesezeit\" \/>\n\t<meta name=\"twitter:data1\" content=\"3\u00a0Minuten\" \/>\n<script type=\"application\/ld+json\" class=\"yoast-schema-graph\">{\"@context\":\"https:\\\/\\\/schema.org\",\"@graph\":[{\"@type\":\"WebPage\",\"@id\":\"https:\\\/\\\/mellycox.de\\\/leichte-sprache\\\/kammermuehlenweg\\\/\",\"url\":\"https:\\\/\\\/mellycox.de\\\/leichte-sprache\\\/kammermuehlenweg\\\/\",\"name\":\"Kammerm\u00fchlenweg - MellyCox - Leichte Sprache\",\"isPartOf\":{\"@id\":\"https:\\\/\\\/mellycox.de\\\/leichte-sprache\\\/#website\"},\"primaryImageOfPage\":{\"@id\":\"https:\\\/\\\/mellycox.de\\\/leichte-sprache\\\/kammermuehlenweg\\\/#primaryimage\"},\"image\":{\"@id\":\"https:\\\/\\\/mellycox.de\\\/leichte-sprache\\\/kammermuehlenweg\\\/#primaryimage\"},\"thumbnailUrl\":\"https:\\\/\\\/mellycox.de\\\/wp-content\\\/uploads\\\/MC_Standort-14.webp\",\"datePublished\":\"2026-02-17T17:41:13+00:00\",\"dateModified\":\"2026-03-22T13:04:16+00:00\",\"breadcrumb\":{\"@id\":\"https:\\\/\\\/mellycox.de\\\/leichte-sprache\\\/kammermuehlenweg\\\/#breadcrumb\"},\"inLanguage\":\"de\",\"potentialAction\":[{\"@type\":\"ReadAction\",\"target\":[\"https:\\\/\\\/mellycox.de\\\/leichte-sprache\\\/kammermuehlenweg\\\/\"]}]},{\"@type\":\"ImageObject\",\"inLanguage\":\"de\",\"@id\":\"https:\\\/\\\/mellycox.de\\\/leichte-sprache\\\/kammermuehlenweg\\\/#primaryimage\",\"url\":\"https:\\\/\\\/mellycox.de\\\/wp-content\\\/uploads\\\/MC_Standort-14.webp\",\"contentUrl\":\"https:\\\/\\\/mellycox.de\\\/wp-content\\\/uploads\\\/MC_Standort-14.webp\"},{\"@type\":\"BreadcrumbList\",\"@id\":\"https:\\\/\\\/mellycox.de\\\/leichte-sprache\\\/kammermuehlenweg\\\/#breadcrumb\",\"itemListElement\":[{\"@type\":\"ListItem\",\"position\":1,\"name\":\"Start\",\"item\":\"https:\\\/\\\/mellycox.de\\\/leichte-sprache\\\/\"},{\"@type\":\"ListItem\",\"position\":2,\"name\":\"Kammerm\u00fchlenweg\"}]},{\"@type\":\"WebSite\",\"@id\":\"https:\\\/\\\/mellycox.de\\\/leichte-sprache\\\/#website\",\"url\":\"https:\\\/\\\/mellycox.de\\\/leichte-sprache\\\/\",\"name\":\"MellyCox - Leichte Sprache\",\"description\":\"\",\"publisher\":{\"@id\":\"https:\\\/\\\/mellycox.de\\\/leichte-sprache\\\/#organization\"},\"potentialAction\":[{\"@type\":\"SearchAction\",\"target\":{\"@type\":\"EntryPoint\",\"urlTemplate\":\"https:\\\/\\\/mellycox.de\\\/leichte-sprache\\\/?s={search_term_string}\"},\"query-input\":{\"@type\":\"PropertyValueSpecification\",\"valueRequired\":true,\"valueName\":\"search_term_string\"}}],\"inLanguage\":\"de\"},{\"@type\":\"Organization\",\"@id\":\"https:\\\/\\\/mellycox.de\\\/leichte-sprache\\\/#organization\",\"name\":\"MellyCox - Leichte Sprache\",\"url\":\"https:\\\/\\\/mellycox.de\\\/leichte-sprache\\\/\",\"logo\":{\"@type\":\"ImageObject\",\"inLanguage\":\"de\",\"@id\":\"https:\\\/\\\/mellycox.de\\\/leichte-sprache\\\/#\\\/schema\\\/logo\\\/image\\\/\",\"url\":\"https:\\\/\\\/mellycox.de\\\/leichte-sprache\\\/wp-content\\\/uploads\\\/sites\\\/2\\\/2025\\\/09\\\/mellycox_Logo_2025_quer-scaled.png\",\"contentUrl\":\"https:\\\/\\\/mellycox.de\\\/leichte-sprache\\\/wp-content\\\/uploads\\\/sites\\\/2\\\/2025\\\/09\\\/mellycox_Logo_2025_quer-scaled.png\",\"width\":2560,\"height\":729,\"caption\":\"MellyCox - Leichte Sprache\"},\"image\":{\"@id\":\"https:\\\/\\\/mellycox.de\\\/leichte-sprache\\\/#\\\/schema\\\/logo\\\/image\\\/\"}}]}<\/script>\n<!-- \/ Yoast SEO plugin. -->","yoast_head_json":{"title":"Kammerm\u00fchlenweg - MellyCox - Leichte Sprache","robots":{"index":"index","follow":"follow","max-snippet":"max-snippet:-1","max-image-preview":"max-image-preview:large","max-video-preview":"max-video-preview:-1"},"canonical":"https:\/\/mellycox.de\/leichte-sprache\/kammermuehlenweg\/","og_locale":"de_DE","og_type":"article","og_title":"Kammerm\u00fchlenweg - MellyCox - Leichte Sprache","og_description":"32 barrierefreie Wohnungen zwischen 47 und 70 m\u00b2 Wohncaf\u00e9 Zubereitung frischer Mahlzeiten 24-Stunden-Pflege und Versorgungssicherheit Kammerm\u00fchlenweg Bielefeld Ost Wohnen am Kammerm\u00fchlenweg ist zentral, barrierefrei und gut versorgt. Der Standort Kammerm\u00fchlenweg liegt im Bielefelder Osten, in Ru\u00dfheide.Hier wohnen Sie modern und barrierefrei.Alles ist gut erreichbar.Bus und Bahn sind in der N\u00e4he.So kommen Sie schnell in die [&hellip;]","og_url":"https:\/\/mellycox.de\/leichte-sprache\/kammermuehlenweg\/","og_site_name":"MellyCox - Leichte Sprache","article_modified_time":"2026-03-22T13:04:16+00:00","twitter_card":"summary_large_image","twitter_misc":{"Gesch\u00e4tzte Lesezeit":"3\u00a0Minuten"},"schema":{"@context":"https:\/\/schema.org","@graph":[{"@type":"WebPage","@id":"https:\/\/mellycox.de\/leichte-sprache\/kammermuehlenweg\/","url":"https:\/\/mellycox.de\/leichte-sprache\/kammermuehlenweg\/","name":"Kammerm\u00fchlenweg - MellyCox - Leichte Sprache","isPartOf":{"@id":"https:\/\/mellycox.de\/leichte-sprache\/#website"},"primaryImageOfPage":{"@id":"https:\/\/mellycox.de\/leichte-sprache\/kammermuehlenweg\/#primaryimage"},"image":{"@id":"https:\/\/mellycox.de\/leichte-sprache\/kammermuehlenweg\/#primaryimage"},"thumbnailUrl":"https:\/\/mellycox.de\/wp-content\/uploads\/MC_Standort-14.webp","datePublished":"2026-02-17T17:41:13+00:00","dateModified":"2026-03-22T13:04:16+00:00","breadcrumb":{"@id":"https:\/\/mellycox.de\/leichte-sprache\/kammermuehlenweg\/#breadcrumb"},"inLanguage":"de","potentialAction":[{"@type":"ReadAction","target":["https:\/\/mellycox.de\/leichte-sprache\/kammermuehlenweg\/"]}]},{"@type":"ImageObject","inLanguage":"de","@id":"https:\/\/mellycox.de\/leichte-sprache\/kammermuehlenweg\/#primaryimage","url":"https:\/\/mellycox.de\/wp-content\/uploads\/MC_Standort-14.webp","contentUrl":"https:\/\/mellycox.de\/wp-content\/uploads\/MC_Standort-14.webp"},{"@type":"BreadcrumbList","@id":"https:\/\/mellycox.de\/leichte-sprache\/kammermuehlenweg\/#breadcrumb","itemListElement":[{"@type":"ListItem","position":1,"name":"Start","item":"https:\/\/mellycox.de\/leichte-sprache\/"},{"@type":"ListItem","position":2,"name":"Kammerm\u00fchlenweg"}]},{"@type":"WebSite","@id":"https:\/\/mellycox.de\/leichte-sprache\/#website","url":"https:\/\/mellycox.de\/leichte-sprache\/","name":"MellyCox - Leichte Sprache","description":"","publisher":{"@id":"https:\/\/mellycox.de\/leichte-sprache\/#organization"},"potentialAction":[{"@type":"SearchAction","target":{"@type":"EntryPoint","urlTemplate":"https:\/\/mellycox.de\/leichte-sprache\/?s={search_term_string}"},"query-input":{"@type":"PropertyValueSpecification","valueRequired":true,"valueName":"search_term_string"}}],"inLanguage":"de"},{"@type":"Organization","@id":"https:\/\/mellycox.de\/leichte-sprache\/#organization","name":"MellyCox - Leichte Sprache","url":"https:\/\/mellycox.de\/leichte-sprache\/","logo":{"@type":"ImageObject","inLanguage":"de","@id":"https:\/\/mellycox.de\/leichte-sprache\/#\/schema\/logo\/image\/","url":"https:\/\/mellycox.de\/leichte-sprache\/wp-content\/uploads\/sites\/2\/2025\/09\/mellycox_Logo_2025_quer-scaled.png","contentUrl":"https:\/\/mellycox.de\/leichte-sprache\/wp-content\/uploads\/sites\/2\/2025\/09\/mellycox_Logo_2025_quer-scaled.png","width":2560,"height":729,"caption":"MellyCox - Leichte Sprache"},"image":{"@id":"https:\/\/mellycox.de\/leichte-sprache\/#\/schema\/logo\/image\/"}}]}},"_links":{"self":[{"href":"https:\/\/mellycox.de\/leichte-sprache\/wp-json\/wp\/v2\/pages\/168","targetHints":{"allow":["GET"]}}],"collection":[{"href":"https:\/\/mellycox.de\/leichte-sprache\/wp-json\/wp\/v2\/pages"}],"about":[{"href":"https:\/\/mellycox.de\/leichte-sprache\/wp-json\/wp\/v2\/types\/page"}],"author":[{"embeddable":true,"href":"https:\/\/mellycox.de\/leichte-sprache\/wp-json\/wp\/v2\/users\/1"}],"replies":[{"embeddable":true,"href":"https:\/\/mellycox.de\/leichte-sprache\/wp-json\/wp\/v2\/comments?post=168"}],"version-history":[{"count":4,"href":"https:\/\/mellycox.de\/leichte-sprache\/wp-json\/wp\/v2\/pages\/168\/revisions"}],"predecessor-version":[{"id":235,"href":"https:\/\/mellycox.de\/leichte-sprache\/wp-json\/wp\/v2\/pages\/168\/revisions\/235"}],"wp:attachment":[{"href":"https:\/\/mellycox.de\/leichte-sprache\/wp-json\/wp\/v2\/media?parent=168"}],"curies":[{"name":"wp","href":"https:\/\/api.w.org\/{rel}","templated":true}]}}