{"id":160,"date":"2026-02-17T18:36:44","date_gmt":"2026-02-17T17:36:44","guid":{"rendered":"https:\/\/mellycox.de\/leichte-sprache\/?page_id=160"},"modified":"2026-03-22T14:02:03","modified_gmt":"2026-03-22T13:02:03","slug":"braker-strasse","status":"publish","type":"page","link":"https:\/\/mellycox.de\/leichte-sprache\/braker-strasse\/","title":{"rendered":"Braker Stra\u00dfe"},"content":{"rendered":"\n<div style=\"height:100px\" aria-hidden=\"true\" class=\"wp-block-spacer\"><\/div>\n\n\n\n<div class=\"wp-block-columns is-layout-flex wp-container-core-columns-is-layout-9d6595d7 wp-block-columns-is-layout-flex\">\n<div class=\"wp-block-column is-layout-flow wp-block-column-is-layout-flow\">\n<div class=\"wp-block-cover is-light\" style=\"min-height:60vh;aspect-ratio:unset;\"><img decoding=\"async\" class=\"wp-block-cover__image-background wp-image-551 size-full\" alt=\"\" src=\"https:\/\/mellycox.de\/wp-content\/uploads\/MC_Standort.webp\" data-object-fit=\"cover\"\/><span aria-hidden=\"true\" class=\"wp-block-cover__background has-background-dim-0 has-background-dim\" style=\"background-color:#8a8f95\"><\/span><div class=\"wp-block-cover__inner-container is-layout-constrained wp-block-cover-is-layout-constrained\">\n<p class=\"has-text-align-center has-large-font-size\"><\/p>\n<\/div><\/div>\n<\/div>\n\n\n\n<div class=\"wp-block-column is-layout-flow wp-block-column-is-layout-flow\">\n<div style=\"height:50px\" aria-hidden=\"true\" class=\"wp-block-spacer\"><\/div>\n\n\n\n<div class=\"wp-block-group is-nowrap is-layout-flex wp-container-core-group-is-layout-ad2f72ca wp-block-group-is-layout-flex\">\n<figure class=\"wp-block-image size-full is-resized\"><img decoding=\"async\" src=\"https:\/\/mellycox.de\/wp-content\/uploads\/wohnung.png\" alt=\"\" class=\"wp-image-264\" style=\"width:100px\"\/><\/figure>\n\n\n\n<div style=\"height:100px;width:0px\" aria-hidden=\"true\" class=\"wp-block-spacer wp-container-content-e1bb55cb\"><\/div>\n\n\n\n<p>39 barrierefreie Wohnungen<br>von 47 bis 72 m\u00b2 Gr\u00f6\u00dfe<\/p>\n<\/div>\n\n\n\n<div class=\"wp-block-group is-nowrap is-layout-flex wp-container-core-group-is-layout-ad2f72ca wp-block-group-is-layout-flex\">\n<figure class=\"wp-block-image size-full is-resized\"><img decoding=\"async\" src=\"https:\/\/mellycox.de\/wp-content\/uploads\/24-stunden-betreuung.png\" alt=\"\" class=\"wp-image-259\" style=\"width:100px\"\/><\/figure>\n\n\n\n<div style=\"height:100px;width:0px\" aria-hidden=\"true\" class=\"wp-block-spacer wp-container-content-e1bb55cb\"><\/div>\n\n\n\n<p>24-Stunden-Versorgungssicherheit<\/p>\n<\/div>\n\n\n\n<div class=\"wp-block-group is-nowrap is-layout-flex wp-container-core-group-is-layout-ad2f72ca wp-block-group-is-layout-flex\">\n<figure class=\"wp-block-image size-full is-resized\"><img decoding=\"async\" src=\"https:\/\/mellycox.de\/wp-content\/uploads\/wohncafe.png\" alt=\"\" class=\"wp-image-263\" style=\"width:100px\"\/><\/figure>\n\n\n\n<div style=\"height:100px;width:0px\" aria-hidden=\"true\" class=\"wp-block-spacer wp-container-content-e1bb55cb\"><\/div>\n\n\n\n<p>Wohncaf\u00e9<\/p>\n<\/div>\n\n\n\n<div class=\"wp-block-group is-nowrap is-layout-flex wp-container-core-group-is-layout-ad2f72ca wp-block-group-is-layout-flex\">\n<figure class=\"wp-block-image size-full is-resized\"><img decoding=\"async\" src=\"https:\/\/mellycox.de\/wp-content\/uploads\/freizeitangebote.png\" alt=\"\" class=\"wp-image-260\" style=\"width:100px\"\/><\/figure>\n\n\n\n<div style=\"height:100px;width:0px\" aria-hidden=\"true\" class=\"wp-block-spacer wp-container-content-e1bb55cb\"><\/div>\n\n\n\n<p>Freizeitangebote<\/p>\n<\/div>\n<\/div>\n<\/div>\n\n\n\n<div class=\"wp-block-group is-layout-constrained wp-block-group-is-layout-constrained\">\n<div style=\"height:100px\" aria-hidden=\"true\" class=\"wp-block-spacer\"><\/div>\n\n\n\n<h1 class=\"wp-block-heading\">Braker Stra\u00dfe<\/h1>\n\n\n\n<h2 class=\"wp-block-heading\">Bielefeld-Brake<\/h2>\n\n\n\n<h3 class=\"wp-block-heading\">Wohnen an der Braker Stra\u00dfe ist modern, zentral und gut begleitet.<\/h3>\n\n\n\n<p>Der Standort <strong>Braker Stra\u00dfe<\/strong> bietet modernes, barrierefreies Wohnen im Stadtteil <strong>Brake<\/strong>.<br>Die Wohnungen werden von der <strong>BGW<\/strong> vermietet.<br>Das Geb\u00e4ude liegt zentral an der <strong>Braker Kirche<\/strong>.<br>Bus und Bahn sind gut erreichbar. So kommen Sie schnell in den Ortskern, nach Schildesche, zum Obersee und in die Innenstadt.<\/p>\n\n\n\n<p>Das Angebot l\u00e4uft nach dem <strong>Bielefelder Modell<\/strong>.<br>Wir arbeiten dabei zusammen mit der <strong>BGW<\/strong>, der <strong>Stadt Bielefeld<\/strong> und <strong>Gepflegt Wohnen e. V.<\/strong><br>Sie wohnen selbstst\u00e4ndig in Ihrer Wohnung.<br>Gleichzeitig bekommen Sie Unterst\u00fctzung, wenn Sie sie brauchen.<\/p>\n\n\n\n<p>Wir bieten eine <strong>24-Stunden-Versorgungssicherheit<\/strong>.<br>Unser Team ist jederzeit vor Ort erreichbar.<br>Wir helfen bedarfsgerecht und professionell.<br>Unser Ziel: Selbstst\u00e4ndigkeit erhalten und Lebensqualit\u00e4t st\u00e4rken.<\/p>\n\n\n\n<h2 class=\"wp-block-heading\">Wohncaf\u00e9 \u2013 Treffpunkt f\u00fcr alle<\/h2>\n\n\n\n<p>Zum Standort geh\u00f6rt ein gro\u00dfes <strong>Wohncaf\u00e9<\/strong>.<br>Es ist offen f\u00fcr Mieterinnen und Mieter, G\u00e4ste und die Nachbarschaft.<\/p>\n\n\n\n<p>Im Wohncaf\u00e9 gibt es Angebote durch Ehrenamtliche:<\/p>\n\n\n\n<ul class=\"wp-block-list\">\n<li><strong>Montag bis Freitag:<\/strong>\u00a0frisch gekochtes Mittagessen<\/li>\n\n\n\n<li><strong>3-mal pro Woche:<\/strong>\u00a0gemeinsames Fr\u00fchst\u00fcck<\/li>\n<\/ul>\n\n\n\n<p>G\u00e4ste aus dem Quartier k\u00f6nnen gegen einen kleinen Beitrag mitessen.<br>Das Wohncaf\u00e9 bringt Menschen zusammen und f\u00f6rdert Kontakte im Stadtteil.<\/p>\n\n\n\n<h2 class=\"wp-block-heading\">Ambulante Pflege im Umfeld<\/h2>\n\n\n\n<p>Wir versorgen auch Menschen zu Hause in:<\/p>\n\n\n\n<ul class=\"wp-block-list\">\n<li>Brake<\/li>\n\n\n\n<li>Baumheide<\/li>\n\n\n\n<li>Vilsendorf<\/li>\n<\/ul>\n\n\n\n<p>So gibt es Unterst\u00fctzung im Haus und im Quartier.<\/p>\n\n\n\n<h2 class=\"wp-block-heading\">Unser Angebot auf einen Blick<\/h2>\n\n\n\n<ul class=\"wp-block-list\">\n<li>24-Stunden-Versorgungssicherheit<\/li>\n\n\n\n<li>Grund- und Behandlungspflege<\/li>\n\n\n\n<li>Betreuungs- und Entlastungsleistungen<\/li>\n\n\n\n<li>Verhinderungspflege<\/li>\n\n\n\n<li>Mahlzeitenangebot im Wohncaf\u00e9<\/li>\n\n\n\n<li>Ambulante Pflege in Brake, Baumheide und Vilsendorf<\/li>\n<\/ul>\n\n\n\n<p>Der Standort <strong>Braker Stra\u00dfe<\/strong> steht f\u00fcr modernes Wohnen, verl\u00e4ssliche Begleitung und ein offenes Miteinander \u2013 mitten in Brake.<\/p>\n\n\n\n<div class=\"wp-block-buttons is-layout-flex wp-block-buttons-is-layout-flex\">\n<div class=\"wp-block-button\"><a class=\"wp-block-button__link has-wpfse-blau-logo-color has-wpfse-grey-background-color has-text-color has-background has-link-color wp-element-button\" href=\"https:\/\/mellycox.de\/leichte-sprache\/kontakt\/\">Jetzt beraten lassen<\/a><\/div>\n<\/div>\n\n\n\n<div style=\"height:100px\" aria-hidden=\"true\" class=\"wp-block-spacer\"><\/div>\n\n\n\n<figure class=\"wp-block-gallery has-nested-images columns-default is-cropped wp-block-gallery-1 is-layout-flex wp-block-gallery-is-layout-flex\">\n<figure class=\"wp-block-image size-large\"><img decoding=\"async\" data-id=\"551\" src=\"https:\/\/mellycox.de\/wp-content\/uploads\/MC_Standort-1024x683.webp\" alt=\"\" class=\"wp-image-551\"\/><\/figure>\n\n\n\n<figure class=\"wp-block-image size-large\"><img decoding=\"async\" data-id=\"542\" src=\"https:\/\/mellycox.de\/wp-content\/uploads\/MC_Standort-10-1024x683.webp\" alt=\"\" class=\"wp-image-542\"\/><\/figure>\n\n\n\n<figure class=\"wp-block-image size-large\"><img decoding=\"async\" data-id=\"539\" src=\"https:\/\/mellycox.de\/wp-content\/uploads\/MC_Standort-7-1024x683.webp\" alt=\"\" class=\"wp-image-539\"\/><\/figure>\n\n\n\n<figure class=\"wp-block-image size-large\"><img decoding=\"async\" data-id=\"538\" src=\"https:\/\/mellycox.de\/wp-content\/uploads\/MC_Standort-6-1024x683.webp\" alt=\"\" class=\"wp-image-538\"\/><\/figure>\n\n\n\n<figure class=\"wp-block-image size-large\"><img decoding=\"async\" data-id=\"540\" src=\"https:\/\/mellycox.de\/wp-content\/uploads\/MC_Standort-8-1024x683.webp\" alt=\"\" class=\"wp-image-540\"\/><\/figure>\n\n\n\n<figure class=\"wp-block-image size-large\"><img decoding=\"async\" data-id=\"537\" src=\"https:\/\/mellycox.de\/wp-content\/uploads\/MC_Standort-5-1024x683.webp\" alt=\"\" class=\"wp-image-537\"\/><\/figure>\n\n\n\n<figure class=\"wp-block-image size-large\"><img decoding=\"async\" data-id=\"536\" src=\"https:\/\/mellycox.de\/wp-content\/uploads\/MC_Standort-4-1024x683.webp\" alt=\"\" class=\"wp-image-536\"\/><\/figure>\n\n\n\n<figure class=\"wp-block-image size-large\"><img decoding=\"async\" data-id=\"541\" src=\"https:\/\/mellycox.de\/wp-content\/uploads\/MC_Standort-9-1024x683.webp\" alt=\"\" class=\"wp-image-541\"\/><\/figure>\n\n\n\n<figure class=\"wp-block-image size-large\"><img decoding=\"async\" data-id=\"543\" src=\"https:\/\/mellycox.de\/wp-content\/uploads\/MC_Standort-11-1024x683.webp\" alt=\"\" class=\"wp-image-543\"\/><\/figure>\n<\/figure>\n\n\n\n<div style=\"height:100px\" aria-hidden=\"true\" class=\"wp-block-spacer\"><\/div>\n<\/div>\n","protected":false},"excerpt":{"rendered":"<p>39 barrierefreie Wohnungenvon 47 bis 72 m\u00b2 Gr\u00f6\u00dfe 24-Stunden-Versorgungssicherheit Wohncaf\u00e9 Freizeitangebote Braker Stra\u00dfe Bielefeld-Brake Wohnen an der Braker Stra\u00dfe ist modern, zentral und gut begleitet. Der Standort Braker Stra\u00dfe bietet modernes, barrierefreies Wohnen im Stadtteil Brake.Die Wohnungen werden von der BGW vermietet.Das Geb\u00e4ude liegt zentral an der Braker Kirche.Bus und Bahn sind gut erreichbar. So [&hellip;]<\/p>\n","protected":false},"author":1,"featured_media":0,"parent":0,"menu_order":0,"comment_status":"closed","ping_status":"closed","template":"","meta":{"footnotes":""},"class_list":["post-160","page","type-page","status-publish","hentry"],"yoast_head":"<!-- This site is optimized with the Yoast SEO plugin v27.3 - https:\/\/yoast.com\/product\/yoast-seo-wordpress\/ -->\n<title>Braker Stra\u00dfe - MellyCox - Leichte Sprache<\/title>\n<meta name=\"robots\" content=\"index, follow, max-snippet:-1, max-image-preview:large, max-video-preview:-1\" \/>\n<link rel=\"canonical\" href=\"https:\/\/mellycox.de\/leichte-sprache\/braker-strasse\/\" \/>\n<meta property=\"og:locale\" content=\"de_DE\" \/>\n<meta property=\"og:type\" content=\"article\" \/>\n<meta property=\"og:title\" content=\"Braker Stra\u00dfe - MellyCox - Leichte Sprache\" \/>\n<meta property=\"og:description\" content=\"39 barrierefreie Wohnungenvon 47 bis 72 m\u00b2 Gr\u00f6\u00dfe 24-Stunden-Versorgungssicherheit Wohncaf\u00e9 Freizeitangebote Braker Stra\u00dfe Bielefeld-Brake Wohnen an der Braker Stra\u00dfe ist modern, zentral und gut begleitet. Der Standort Braker Stra\u00dfe bietet modernes, barrierefreies Wohnen im Stadtteil Brake.Die Wohnungen werden von der BGW vermietet.Das Geb\u00e4ude liegt zentral an der Braker Kirche.Bus und Bahn sind gut erreichbar. So [&hellip;]\" \/>\n<meta property=\"og:url\" content=\"https:\/\/mellycox.de\/leichte-sprache\/braker-strasse\/\" \/>\n<meta property=\"og:site_name\" content=\"MellyCox - Leichte Sprache\" \/>\n<meta property=\"article:modified_time\" content=\"2026-03-22T13:02:03+00:00\" \/>\n<meta name=\"twitter:card\" content=\"summary_large_image\" \/>\n<meta name=\"twitter:label1\" content=\"Gesch\u00e4tzte Lesezeit\" \/>\n\t<meta name=\"twitter:data1\" content=\"5\u00a0Minuten\" \/>\n<script type=\"application\/ld+json\" class=\"yoast-schema-graph\">{\"@context\":\"https:\\\/\\\/schema.org\",\"@graph\":[{\"@type\":\"WebPage\",\"@id\":\"https:\\\/\\\/mellycox.de\\\/leichte-sprache\\\/braker-strasse\\\/\",\"url\":\"https:\\\/\\\/mellycox.de\\\/leichte-sprache\\\/braker-strasse\\\/\",\"name\":\"Braker Stra\u00dfe - MellyCox - Leichte Sprache\",\"isPartOf\":{\"@id\":\"https:\\\/\\\/mellycox.de\\\/leichte-sprache\\\/#website\"},\"primaryImageOfPage\":{\"@id\":\"https:\\\/\\\/mellycox.de\\\/leichte-sprache\\\/braker-strasse\\\/#primaryimage\"},\"image\":{\"@id\":\"https:\\\/\\\/mellycox.de\\\/leichte-sprache\\\/braker-strasse\\\/#primaryimage\"},\"thumbnailUrl\":\"https:\\\/\\\/mellycox.de\\\/wp-content\\\/uploads\\\/MC_Standort.webp\",\"datePublished\":\"2026-02-17T17:36:44+00:00\",\"dateModified\":\"2026-03-22T13:02:03+00:00\",\"breadcrumb\":{\"@id\":\"https:\\\/\\\/mellycox.de\\\/leichte-sprache\\\/braker-strasse\\\/#breadcrumb\"},\"inLanguage\":\"de\",\"potentialAction\":[{\"@type\":\"ReadAction\",\"target\":[\"https:\\\/\\\/mellycox.de\\\/leichte-sprache\\\/braker-strasse\\\/\"]}]},{\"@type\":\"ImageObject\",\"inLanguage\":\"de\",\"@id\":\"https:\\\/\\\/mellycox.de\\\/leichte-sprache\\\/braker-strasse\\\/#primaryimage\",\"url\":\"https:\\\/\\\/mellycox.de\\\/wp-content\\\/uploads\\\/MC_Standort.webp\",\"contentUrl\":\"https:\\\/\\\/mellycox.de\\\/wp-content\\\/uploads\\\/MC_Standort.webp\"},{\"@type\":\"BreadcrumbList\",\"@id\":\"https:\\\/\\\/mellycox.de\\\/leichte-sprache\\\/braker-strasse\\\/#breadcrumb\",\"itemListElement\":[{\"@type\":\"ListItem\",\"position\":1,\"name\":\"Start\",\"item\":\"https:\\\/\\\/mellycox.de\\\/leichte-sprache\\\/\"},{\"@type\":\"ListItem\",\"position\":2,\"name\":\"Braker Stra\u00dfe\"}]},{\"@type\":\"WebSite\",\"@id\":\"https:\\\/\\\/mellycox.de\\\/leichte-sprache\\\/#website\",\"url\":\"https:\\\/\\\/mellycox.de\\\/leichte-sprache\\\/\",\"name\":\"MellyCox - Leichte Sprache\",\"description\":\"\",\"publisher\":{\"@id\":\"https:\\\/\\\/mellycox.de\\\/leichte-sprache\\\/#organization\"},\"potentialAction\":[{\"@type\":\"SearchAction\",\"target\":{\"@type\":\"EntryPoint\",\"urlTemplate\":\"https:\\\/\\\/mellycox.de\\\/leichte-sprache\\\/?s={search_term_string}\"},\"query-input\":{\"@type\":\"PropertyValueSpecification\",\"valueRequired\":true,\"valueName\":\"search_term_string\"}}],\"inLanguage\":\"de\"},{\"@type\":\"Organization\",\"@id\":\"https:\\\/\\\/mellycox.de\\\/leichte-sprache\\\/#organization\",\"name\":\"MellyCox - Leichte Sprache\",\"url\":\"https:\\\/\\\/mellycox.de\\\/leichte-sprache\\\/\",\"logo\":{\"@type\":\"ImageObject\",\"inLanguage\":\"de\",\"@id\":\"https:\\\/\\\/mellycox.de\\\/leichte-sprache\\\/#\\\/schema\\\/logo\\\/image\\\/\",\"url\":\"https:\\\/\\\/mellycox.de\\\/leichte-sprache\\\/wp-content\\\/uploads\\\/sites\\\/2\\\/2025\\\/09\\\/mellycox_Logo_2025_quer-scaled.png\",\"contentUrl\":\"https:\\\/\\\/mellycox.de\\\/leichte-sprache\\\/wp-content\\\/uploads\\\/sites\\\/2\\\/2025\\\/09\\\/mellycox_Logo_2025_quer-scaled.png\",\"width\":2560,\"height\":729,\"caption\":\"MellyCox - Leichte Sprache\"},\"image\":{\"@id\":\"https:\\\/\\\/mellycox.de\\\/leichte-sprache\\\/#\\\/schema\\\/logo\\\/image\\\/\"}}]}<\/script>\n<!-- \/ Yoast SEO plugin. -->","yoast_head_json":{"title":"Braker Stra\u00dfe - MellyCox - Leichte Sprache","robots":{"index":"index","follow":"follow","max-snippet":"max-snippet:-1","max-image-preview":"max-image-preview:large","max-video-preview":"max-video-preview:-1"},"canonical":"https:\/\/mellycox.de\/leichte-sprache\/braker-strasse\/","og_locale":"de_DE","og_type":"article","og_title":"Braker Stra\u00dfe - MellyCox - Leichte Sprache","og_description":"39 barrierefreie Wohnungenvon 47 bis 72 m\u00b2 Gr\u00f6\u00dfe 24-Stunden-Versorgungssicherheit Wohncaf\u00e9 Freizeitangebote Braker Stra\u00dfe Bielefeld-Brake Wohnen an der Braker Stra\u00dfe ist modern, zentral und gut begleitet. Der Standort Braker Stra\u00dfe bietet modernes, barrierefreies Wohnen im Stadtteil Brake.Die Wohnungen werden von der BGW vermietet.Das Geb\u00e4ude liegt zentral an der Braker Kirche.Bus und Bahn sind gut erreichbar. So [&hellip;]","og_url":"https:\/\/mellycox.de\/leichte-sprache\/braker-strasse\/","og_site_name":"MellyCox - Leichte Sprache","article_modified_time":"2026-03-22T13:02:03+00:00","twitter_card":"summary_large_image","twitter_misc":{"Gesch\u00e4tzte Lesezeit":"5\u00a0Minuten"},"schema":{"@context":"https:\/\/schema.org","@graph":[{"@type":"WebPage","@id":"https:\/\/mellycox.de\/leichte-sprache\/braker-strasse\/","url":"https:\/\/mellycox.de\/leichte-sprache\/braker-strasse\/","name":"Braker Stra\u00dfe - MellyCox - Leichte Sprache","isPartOf":{"@id":"https:\/\/mellycox.de\/leichte-sprache\/#website"},"primaryImageOfPage":{"@id":"https:\/\/mellycox.de\/leichte-sprache\/braker-strasse\/#primaryimage"},"image":{"@id":"https:\/\/mellycox.de\/leichte-sprache\/braker-strasse\/#primaryimage"},"thumbnailUrl":"https:\/\/mellycox.de\/wp-content\/uploads\/MC_Standort.webp","datePublished":"2026-02-17T17:36:44+00:00","dateModified":"2026-03-22T13:02:03+00:00","breadcrumb":{"@id":"https:\/\/mellycox.de\/leichte-sprache\/braker-strasse\/#breadcrumb"},"inLanguage":"de","potentialAction":[{"@type":"ReadAction","target":["https:\/\/mellycox.de\/leichte-sprache\/braker-strasse\/"]}]},{"@type":"ImageObject","inLanguage":"de","@id":"https:\/\/mellycox.de\/leichte-sprache\/braker-strasse\/#primaryimage","url":"https:\/\/mellycox.de\/wp-content\/uploads\/MC_Standort.webp","contentUrl":"https:\/\/mellycox.de\/wp-content\/uploads\/MC_Standort.webp"},{"@type":"BreadcrumbList","@id":"https:\/\/mellycox.de\/leichte-sprache\/braker-strasse\/#breadcrumb","itemListElement":[{"@type":"ListItem","position":1,"name":"Start","item":"https:\/\/mellycox.de\/leichte-sprache\/"},{"@type":"ListItem","position":2,"name":"Braker Stra\u00dfe"}]},{"@type":"WebSite","@id":"https:\/\/mellycox.de\/leichte-sprache\/#website","url":"https:\/\/mellycox.de\/leichte-sprache\/","name":"MellyCox - Leichte Sprache","description":"","publisher":{"@id":"https:\/\/mellycox.de\/leichte-sprache\/#organization"},"potentialAction":[{"@type":"SearchAction","target":{"@type":"EntryPoint","urlTemplate":"https:\/\/mellycox.de\/leichte-sprache\/?s={search_term_string}"},"query-input":{"@type":"PropertyValueSpecification","valueRequired":true,"valueName":"search_term_string"}}],"inLanguage":"de"},{"@type":"Organization","@id":"https:\/\/mellycox.de\/leichte-sprache\/#organization","name":"MellyCox - Leichte Sprache","url":"https:\/\/mellycox.de\/leichte-sprache\/","logo":{"@type":"ImageObject","inLanguage":"de","@id":"https:\/\/mellycox.de\/leichte-sprache\/#\/schema\/logo\/image\/","url":"https:\/\/mellycox.de\/leichte-sprache\/wp-content\/uploads\/sites\/2\/2025\/09\/mellycox_Logo_2025_quer-scaled.png","contentUrl":"https:\/\/mellycox.de\/leichte-sprache\/wp-content\/uploads\/sites\/2\/2025\/09\/mellycox_Logo_2025_quer-scaled.png","width":2560,"height":729,"caption":"MellyCox - Leichte Sprache"},"image":{"@id":"https:\/\/mellycox.de\/leichte-sprache\/#\/schema\/logo\/image\/"}}]}},"_links":{"self":[{"href":"https:\/\/mellycox.de\/leichte-sprache\/wp-json\/wp\/v2\/pages\/160","targetHints":{"allow":["GET"]}}],"collection":[{"href":"https:\/\/mellycox.de\/leichte-sprache\/wp-json\/wp\/v2\/pages"}],"about":[{"href":"https:\/\/mellycox.de\/leichte-sprache\/wp-json\/wp\/v2\/types\/page"}],"author":[{"embeddable":true,"href":"https:\/\/mellycox.de\/leichte-sprache\/wp-json\/wp\/v2\/users\/1"}],"replies":[{"embeddable":true,"href":"https:\/\/mellycox.de\/leichte-sprache\/wp-json\/wp\/v2\/comments?post=160"}],"version-history":[{"count":3,"href":"https:\/\/mellycox.de\/leichte-sprache\/wp-json\/wp\/v2\/pages\/160\/revisions"}],"predecessor-version":[{"id":232,"href":"https:\/\/mellycox.de\/leichte-sprache\/wp-json\/wp\/v2\/pages\/160\/revisions\/232"}],"wp:attachment":[{"href":"https:\/\/mellycox.de\/leichte-sprache\/wp-json\/wp\/v2\/media?parent=160"}],"curies":[{"name":"wp","href":"https:\/\/api.w.org\/{rel}","templated":true}]}}